{"id":45,"date":"2023-12-22T09:21:41","date_gmt":"2023-12-22T09:21:41","guid":{"rendered":"https:\/\/www.fingracen.com\/?page_id=45"},"modified":"2024-05-27T09:30:08","modified_gmt":"2024-05-27T07:30:08","slug":"blog","status":"publish","type":"page","link":"https:\/\/www.fingracen.com\/ca\/blog\/","title":{"rendered":"Blog"},"content":{"rendered":"<div style=\"height:100px\" aria-hidden=\"true\" class=\"wp-block-spacer\"><\/div>\n\n\n<style>.kb-posts-id-45_bd663e-d9 .kb-post-list-item{display:grid;}<\/style><ul class=\"wp-block-kadence-posts kb-posts kadence-posts-list kb-posts-id-45_bd663e-d9 content-wrap grid-cols kb-posts-style-boxed grid-sm-col-2 grid-lg-col-3 item-image-style-above\"><li class=\"kb-post-list-item\">\n\t<article class=\"entry content-bg loop-entry post-2691 post type-post status-publish format-standard has-post-thumbnail hentry category-uncategorized\">\n\t\t\t\t<a aria-hidden=\"true\" tabindex=\"-1\" role=\"presentation\" class=\"post-thumbnail kadence-thumbnail-ratio-2-3\" href=\"https:\/\/www.fingracen.com\/ca\/alquiler-vs-compra-que-es-mejor-segun-tu-situacion-financiera\/\" aria-label=\"Alquiler vs. compra: \u00bfQu\u00e9 es mejor seg\u00fan tu situaci\u00f3n financiera?\">\n\t\t\t<div class=\"post-thumbnail-inner\">\n\t\t\t\t<img loading=\"lazy\" decoding=\"async\" width=\"768\" height=\"543\" src=\"https:\/\/www.fingracen.com\/wp-content\/uploads\/2025\/02\/immobiliaria-a-Sabadell-2-768x543.jpg\" class=\"attachment-medium_large size-medium_large wp-post-image\" alt=\"Alquiler vs. compra: \u00bfQu\u00e9 es mejor seg\u00fan tu situaci\u00f3n financiera?\" srcset=\"https:\/\/www.fingracen.com\/wp-content\/uploads\/2025\/02\/immobiliaria-a-Sabadell-2-768x543.jpg 768w, https:\/\/www.fingracen.com\/wp-content\/uploads\/2025\/02\/immobiliaria-a-Sabadell-2-300x212.jpg 300w, https:\/\/www.fingracen.com\/wp-content\/uploads\/2025\/02\/immobiliaria-a-Sabadell-2-1024x724.jpg 1024w, https:\/\/www.fingracen.com\/wp-content\/uploads\/2025\/02\/immobiliaria-a-Sabadell-2-1536x1086.jpg 1536w, https:\/\/www.fingracen.com\/wp-content\/uploads\/2025\/02\/immobiliaria-a-Sabadell-2-18x12.jpg 18w, https:\/\/www.fingracen.com\/wp-content\/uploads\/2025\/02\/immobiliaria-a-Sabadell-2.jpg 2000w\" sizes=\"auto, (max-width: 768px) 100vw, 768px\" \/>\t\t\t<\/div>\n\t\t<\/a><!-- .post-thumbnail -->\n\t\t\t\t<div class=\"entry-content-wrap\">\n\t\t\t<header class=\"entry-header\">\n\t\t<div class=\"entry-taxonomies\">\n\t\t<span class=\"category-links term-links category-style-normal\">\n\t\t\t<a href=\"https:\/\/www.fingracen.com\/ca\/category\/uncategorized\/\" class=\"category-link-uncategorized\" rel=\"tag\">Uncategorized<\/a>\t\t<\/span>\n\t<\/div><!-- .entry-taxonomies -->\n\t<h3 class=\"entry-title\"><a href=\"https:\/\/www.fingracen.com\/ca\/alquiler-vs-compra-que-es-mejor-segun-tu-situacion-financiera\/\" rel=\"bookmark\">Alquiler vs. compra: \u00bfQu\u00e9 es mejor seg\u00fan tu situaci\u00f3n financiera?<\/a><\/h3>\t<div class=\"entry-meta entry-meta-divider-dot\">\n\t\t\t\t<span class=\"posted-on\">\n\t\t\t\t<time class=\"entry-date published\" datetime=\"2025-02-26T11:45:28+01:00\">26 de febrer de 2025<\/time><time class=\"updated\" datetime=\"2025-02-26T11:47:07+01:00\">26 de febrer de 2025<\/time>\t\t\t<\/span>\n\t\t\t\t<\/div><!-- .entry-meta -->\n\t<\/header><!-- .entry-header -->\n\t<div class=\"entry-summary\">\n\t\t<p>Analizamos las ventajas y desventajas de alquilar o comprar una vivienda para ayudarte a tomar la mejor decisi\u00f3n seg\u00fan tu estabilidad econ\u00f3mica La elecci\u00f3n entre alquilar o comprar una vivienda&#8230;<\/p>\n\t<\/div><!-- .entry-summary -->\n\t<footer class=\"entry-footer\">\n\t\t\t<div class=\"entry-actions\">\n\t\t\t<p class=\"more-link-wrap\">\n\t\t\t\t<a href=\"https:\/\/www.fingracen.com\/ca\/alquiler-vs-compra-que-es-mejor-segun-tu-situacion-financiera\/\" class=\"post-more-link\">\n\t\t\t\t\tRead More<span class=\"screen-reader-text\"> Alquiler vs. compra: \u00bfQu\u00e9 es mejor seg\u00fan tu situaci\u00f3n financiera?<\/span><span class=\"kadence-svg-iconset svg-baseline\"><svg aria-hidden=\"true\" class=\"kadence-svg-icon kadence-arrow-right-alt-svg\" fill=\"currentColor\" version=\"1.1\" xmlns=\"http:\/\/www.w3.org\/2000\/svg\" width=\"27\" height=\"28\" viewbox=\"0 0 27 28\"><title>Continue<\/title><path d=\"M27 13.953c0 0.141-0.063 0.281-0.156 0.375l-6 5.531c-0.156 0.141-0.359 0.172-0.547 0.094-0.172-0.078-0.297-0.25-0.297-0.453v-3.5h-19.5c-0.281 0-0.5-0.219-0.5-0.5v-3c0-0.281 0.219-0.5 0.5-0.5h19.5v-3.5c0-0.203 0.109-0.375 0.297-0.453s0.391-0.047 0.547 0.078l6 5.469c0.094 0.094 0.156 0.219 0.156 0.359v0z\"><\/path>\n\t\t\t<\/svg><\/span>\t\t\t\t<\/a>\n\t\t\t<\/p>\n\t\t<\/div><!-- .entry-actions -->\n\t\t<\/footer><!-- .entry-footer -->\t\t<\/div>\n\t<\/article>\n<\/li>\n<li class=\"kb-post-list-item\">\n\t<article class=\"entry content-bg loop-entry post-2683 post type-post status-publish format-standard has-post-thumbnail hentry category-comprar-casa-sabadell\">\n\t\t\t\t<a aria-hidden=\"true\" tabindex=\"-1\" role=\"presentation\" class=\"post-thumbnail kadence-thumbnail-ratio-2-3\" href=\"https:\/\/www.fingracen.com\/ca\/gastos-ocultos-al-comprar-una-vivienda-y-como-prepararte\/\" aria-label=\"Gastos ocultos al comprar una vivienda y c\u00f3mo prepararte\">\n\t\t\t<div class=\"post-thumbnail-inner\">\n\t\t\t\t<img loading=\"lazy\" decoding=\"async\" width=\"768\" height=\"543\" src=\"https:\/\/www.fingracen.com\/wp-content\/uploads\/2025\/02\/comprar-casa-sabadell-3-768x543.jpg\" class=\"attachment-medium_large size-medium_large wp-post-image\" alt=\"Gastos ocultos al comprar una vivienda y c\u00f3mo prepararte\" srcset=\"https:\/\/www.fingracen.com\/wp-content\/uploads\/2025\/02\/comprar-casa-sabadell-3-768x543.jpg 768w, https:\/\/www.fingracen.com\/wp-content\/uploads\/2025\/02\/comprar-casa-sabadell-3-300x212.jpg 300w, https:\/\/www.fingracen.com\/wp-content\/uploads\/2025\/02\/comprar-casa-sabadell-3-1024x724.jpg 1024w, https:\/\/www.fingracen.com\/wp-content\/uploads\/2025\/02\/comprar-casa-sabadell-3-1536x1086.jpg 1536w, https:\/\/www.fingracen.com\/wp-content\/uploads\/2025\/02\/comprar-casa-sabadell-3-18x12.jpg 18w, https:\/\/www.fingracen.com\/wp-content\/uploads\/2025\/02\/comprar-casa-sabadell-3.jpg 2000w\" sizes=\"auto, (max-width: 768px) 100vw, 768px\" \/>\t\t\t<\/div>\n\t\t<\/a><!-- .post-thumbnail -->\n\t\t\t\t<div class=\"entry-content-wrap\">\n\t\t\t<header class=\"entry-header\">\n\t\t<div class=\"entry-taxonomies\">\n\t\t<span class=\"category-links term-links category-style-normal\">\n\t\t\t<a href=\"https:\/\/www.fingracen.com\/ca\/category\/comprar-casa-sabadell\/\" class=\"category-link-comprar-casa-sabadell\" rel=\"tag\">comprar casa sabadell<\/a>\t\t<\/span>\n\t<\/div><!-- .entry-taxonomies -->\n\t<h3 class=\"entry-title\"><a href=\"https:\/\/www.fingracen.com\/ca\/gastos-ocultos-al-comprar-una-vivienda-y-como-prepararte\/\" rel=\"bookmark\">Gastos ocultos al comprar una vivienda y c\u00f3mo prepararte<\/a><\/h3>\t<div class=\"entry-meta entry-meta-divider-dot\">\n\t\t\t\t<span class=\"posted-on\">\n\t\t\t\t<time class=\"entry-date published\" datetime=\"2025-02-26T11:31:57+01:00\">26 de febrer de 2025<\/time><time class=\"updated\" datetime=\"2025-02-26T11:39:30+01:00\">26 de febrer de 2025<\/time>\t\t\t<\/span>\n\t\t\t\t<\/div><!-- .entry-meta -->\n\t<\/header><!-- .entry-header -->\n\t<div class=\"entry-summary\">\n\t\t<p>Descubre los costos adicionales que pueden surgir al comprar una vivienda y aprende a gestionarlos de manera inteligente para evitar imprevistos financieros Comprar una vivienda es una de las decisiones&#8230;<\/p>\n\t<\/div><!-- .entry-summary -->\n\t<footer class=\"entry-footer\">\n\t\t\t<div class=\"entry-actions\">\n\t\t\t<p class=\"more-link-wrap\">\n\t\t\t\t<a href=\"https:\/\/www.fingracen.com\/ca\/gastos-ocultos-al-comprar-una-vivienda-y-como-prepararte\/\" class=\"post-more-link\">\n\t\t\t\t\tRead More<span class=\"screen-reader-text\"> Gastos ocultos al comprar una vivienda y c\u00f3mo prepararte<\/span><span class=\"kadence-svg-iconset svg-baseline\"><svg aria-hidden=\"true\" class=\"kadence-svg-icon kadence-arrow-right-alt-svg\" fill=\"currentColor\" version=\"1.1\" xmlns=\"http:\/\/www.w3.org\/2000\/svg\" width=\"27\" height=\"28\" viewbox=\"0 0 27 28\"><title>Continue<\/title><path d=\"M27 13.953c0 0.141-0.063 0.281-0.156 0.375l-6 5.531c-0.156 0.141-0.359 0.172-0.547 0.094-0.172-0.078-0.297-0.25-0.297-0.453v-3.5h-19.5c-0.281 0-0.5-0.219-0.5-0.5v-3c0-0.281 0.219-0.5 0.5-0.5h19.5v-3.5c0-0.203 0.109-0.375 0.297-0.453s0.391-0.047 0.547 0.078l6 5.469c0.094 0.094 0.156 0.219 0.156 0.359v0z\"><\/path>\n\t\t\t<\/svg><\/span>\t\t\t\t<\/a>\n\t\t\t<\/p>\n\t\t<\/div><!-- .entry-actions -->\n\t\t<\/footer><!-- .entry-footer -->\t\t<\/div>\n\t<\/article>\n<\/li>\n<li class=\"kb-post-list-item\">\n\t<article class=\"entry content-bg loop-entry post-2662 post type-post status-publish format-standard has-post-thumbnail hentry category-vender-piso-sabadell tag-vender-piso-sabadell\">\n\t\t\t\t<a aria-hidden=\"true\" tabindex=\"-1\" role=\"presentation\" class=\"post-thumbnail kadence-thumbnail-ratio-2-3\" href=\"https:\/\/www.fingracen.com\/ca\/que-impuestos-debes-pagar-al-vender-tu-piso\/\" aria-label=\"\u00bfQu\u00e9 impuestos debes pagar al vender tu piso?\">\n\t\t\t<div class=\"post-thumbnail-inner\">\n\t\t\t\t<img loading=\"lazy\" decoding=\"async\" width=\"768\" height=\"543\" src=\"https:\/\/www.fingracen.com\/wp-content\/uploads\/2025\/01\/vender-piso-sabadell-4-768x543.jpg\" class=\"attachment-medium_large size-medium_large wp-post-image\" alt=\"\u00bfQu\u00e9 impuestos debes pagar al vender tu piso?\" srcset=\"https:\/\/www.fingracen.com\/wp-content\/uploads\/2025\/01\/vender-piso-sabadell-4-768x543.jpg 768w, https:\/\/www.fingracen.com\/wp-content\/uploads\/2025\/01\/vender-piso-sabadell-4-300x212.jpg 300w, https:\/\/www.fingracen.com\/wp-content\/uploads\/2025\/01\/vender-piso-sabadell-4-1024x724.jpg 1024w, https:\/\/www.fingracen.com\/wp-content\/uploads\/2025\/01\/vender-piso-sabadell-4-1536x1086.jpg 1536w, https:\/\/www.fingracen.com\/wp-content\/uploads\/2025\/01\/vender-piso-sabadell-4-18x12.jpg 18w, https:\/\/www.fingracen.com\/wp-content\/uploads\/2025\/01\/vender-piso-sabadell-4.jpg 2000w\" sizes=\"auto, (max-width: 768px) 100vw, 768px\" \/>\t\t\t<\/div>\n\t\t<\/a><!-- .post-thumbnail -->\n\t\t\t\t<div class=\"entry-content-wrap\">\n\t\t\t<header class=\"entry-header\">\n\t\t<div class=\"entry-taxonomies\">\n\t\t<span class=\"category-links term-links category-style-normal\">\n\t\t\t<a href=\"https:\/\/www.fingracen.com\/ca\/category\/vender-piso-sabadell\/\" class=\"category-link-vender-piso-sabadell\" rel=\"tag\">vendre pis Sabadell<\/a>\t\t<\/span>\n\t<\/div><!-- .entry-taxonomies -->\n\t<h3 class=\"entry-title\"><a href=\"https:\/\/www.fingracen.com\/ca\/que-impuestos-debes-pagar-al-vender-tu-piso\/\" rel=\"bookmark\">\u00bfQu\u00e9 impuestos debes pagar al vender tu piso?<\/a><\/h3>\t<div class=\"entry-meta entry-meta-divider-dot\">\n\t\t\t\t<span class=\"posted-on\">\n\t\t\t\t<time class=\"entry-date published\" datetime=\"2025-01-30T11:51:13+01:00\">30 de gener de 2025<\/time><time class=\"updated\" datetime=\"2025-01-30T11:52:27+01:00\">30 de gener de 2025<\/time>\t\t\t<\/span>\n\t\t\t\t<\/div><!-- .entry-meta -->\n\t<\/header><!-- .entry-header -->\n\t<div class=\"entry-summary\">\n\t\t<p>Todo lo que necesitas saber sobre los tributos en la venta de una propiedad Cuando decides vender tu piso en Sabadell, adem\u00e1s de gestionar la transacci\u00f3n y encontrar un comprador,&#8230;<\/p>\n\t<\/div><!-- .entry-summary -->\n\t<footer class=\"entry-footer\">\n\t\t\t<div class=\"entry-actions\">\n\t\t\t<p class=\"more-link-wrap\">\n\t\t\t\t<a href=\"https:\/\/www.fingracen.com\/ca\/que-impuestos-debes-pagar-al-vender-tu-piso\/\" class=\"post-more-link\">\n\t\t\t\t\tRead More<span class=\"screen-reader-text\"> \u00bfQu\u00e9 impuestos debes pagar al vender tu piso?<\/span><span class=\"kadence-svg-iconset svg-baseline\"><svg aria-hidden=\"true\" class=\"kadence-svg-icon kadence-arrow-right-alt-svg\" fill=\"currentColor\" version=\"1.1\" xmlns=\"http:\/\/www.w3.org\/2000\/svg\" width=\"27\" height=\"28\" viewbox=\"0 0 27 28\"><title>Continue<\/title><path d=\"M27 13.953c0 0.141-0.063 0.281-0.156 0.375l-6 5.531c-0.156 0.141-0.359 0.172-0.547 0.094-0.172-0.078-0.297-0.25-0.297-0.453v-3.5h-19.5c-0.281 0-0.5-0.219-0.5-0.5v-3c0-0.281 0.219-0.5 0.5-0.5h19.5v-3.5c0-0.203 0.109-0.375 0.297-0.453s0.391-0.047 0.547 0.078l6 5.469c0.094 0.094 0.156 0.219 0.156 0.359v0z\"><\/path>\n\t\t\t<\/svg><\/span>\t\t\t\t<\/a>\n\t\t\t<\/p>\n\t\t<\/div><!-- .entry-actions -->\n\t\t<\/footer><!-- .entry-footer -->\t\t<\/div>\n\t<\/article>\n<\/li>\n<li class=\"kb-post-list-item\">\n\t<article class=\"entry content-bg loop-entry post-2654 post type-post status-publish format-standard has-post-thumbnail hentry category-alquiler-piso-sabadell tag-piso-en-alquiler-en-sabadell\">\n\t\t\t\t<a aria-hidden=\"true\" tabindex=\"-1\" role=\"presentation\" class=\"post-thumbnail kadence-thumbnail-ratio-2-3\" href=\"https:\/\/www.fingracen.com\/ca\/vale-la-pena-comprar-una-vivienda-para-alquilar\/\" aria-label=\"\u00bfVale la pena comprar una vivienda para alquilar?\">\n\t\t\t<div class=\"post-thumbnail-inner\">\n\t\t\t\t<img loading=\"lazy\" decoding=\"async\" width=\"768\" height=\"543\" src=\"https:\/\/www.fingracen.com\/wp-content\/uploads\/2025\/01\/piso-en-alquiler-en-Sabadell-2-768x543.jpg\" class=\"attachment-medium_large size-medium_large wp-post-image\" alt=\"\u00bfVale la pena comprar una vivienda para alquilar?\" srcset=\"https:\/\/www.fingracen.com\/wp-content\/uploads\/2025\/01\/piso-en-alquiler-en-Sabadell-2-768x543.jpg 768w, https:\/\/www.fingracen.com\/wp-content\/uploads\/2025\/01\/piso-en-alquiler-en-Sabadell-2-300x212.jpg 300w, https:\/\/www.fingracen.com\/wp-content\/uploads\/2025\/01\/piso-en-alquiler-en-Sabadell-2-1024x724.jpg 1024w, https:\/\/www.fingracen.com\/wp-content\/uploads\/2025\/01\/piso-en-alquiler-en-Sabadell-2-1536x1086.jpg 1536w, https:\/\/www.fingracen.com\/wp-content\/uploads\/2025\/01\/piso-en-alquiler-en-Sabadell-2-18x12.jpg 18w, https:\/\/www.fingracen.com\/wp-content\/uploads\/2025\/01\/piso-en-alquiler-en-Sabadell-2.jpg 2000w\" sizes=\"auto, (max-width: 768px) 100vw, 768px\" \/>\t\t\t<\/div>\n\t\t<\/a><!-- .post-thumbnail -->\n\t\t\t\t<div class=\"entry-content-wrap\">\n\t\t\t<header class=\"entry-header\">\n\t\t<div class=\"entry-taxonomies\">\n\t\t<span class=\"category-links term-links category-style-normal\">\n\t\t\t<a href=\"https:\/\/www.fingracen.com\/ca\/category\/alquiler-piso-sabadell\/\" class=\"category-link-alquiler-piso-sabadell\" rel=\"tag\">lloguer pis Sabadell<\/a>\t\t<\/span>\n\t<\/div><!-- .entry-taxonomies -->\n\t<h3 class=\"entry-title\"><a href=\"https:\/\/www.fingracen.com\/ca\/vale-la-pena-comprar-una-vivienda-para-alquilar\/\" rel=\"bookmark\">\u00bfVale la pena comprar una vivienda para alquilar?<\/a><\/h3>\t<div class=\"entry-meta entry-meta-divider-dot\">\n\t\t\t\t<span class=\"posted-on\">\n\t\t\t\t<time class=\"entry-date published\" datetime=\"2025-01-10T11:08:00+01:00\">10 de gener de 2025<\/time><time class=\"updated\" datetime=\"2025-01-30T11:33:33+01:00\">30 de gener de 2025<\/time>\t\t\t<\/span>\n\t\t\t\t<\/div><!-- .entry-meta -->\n\t<\/header><!-- .entry-header -->\n\t<div class=\"entry-summary\">\n\t\t<p>Ventajas, desventajas y consejos para invertir en bienes ra\u00edces con el prop\u00f3sito de alquilar La compra de una vivienda con el objetivo de alquilarla ofrece la posibilidad de generar ingresos&#8230;<\/p>\n\t<\/div><!-- .entry-summary -->\n\t<footer class=\"entry-footer\">\n\t\t\t<div class=\"entry-actions\">\n\t\t\t<p class=\"more-link-wrap\">\n\t\t\t\t<a href=\"https:\/\/www.fingracen.com\/ca\/vale-la-pena-comprar-una-vivienda-para-alquilar\/\" class=\"post-more-link\">\n\t\t\t\t\tRead More<span class=\"screen-reader-text\"> \u00bfVale la pena comprar una vivienda para alquilar?<\/span><span class=\"kadence-svg-iconset svg-baseline\"><svg aria-hidden=\"true\" class=\"kadence-svg-icon kadence-arrow-right-alt-svg\" fill=\"currentColor\" version=\"1.1\" xmlns=\"http:\/\/www.w3.org\/2000\/svg\" width=\"27\" height=\"28\" viewbox=\"0 0 27 28\"><title>Continue<\/title><path d=\"M27 13.953c0 0.141-0.063 0.281-0.156 0.375l-6 5.531c-0.156 0.141-0.359 0.172-0.547 0.094-0.172-0.078-0.297-0.25-0.297-0.453v-3.5h-19.5c-0.281 0-0.5-0.219-0.5-0.5v-3c0-0.281 0.219-0.5 0.5-0.5h19.5v-3.5c0-0.203 0.109-0.375 0.297-0.453s0.391-0.047 0.547 0.078l6 5.469c0.094 0.094 0.156 0.219 0.156 0.359v0z\"><\/path>\n\t\t\t<\/svg><\/span>\t\t\t\t<\/a>\n\t\t\t<\/p>\n\t\t<\/div><!-- .entry-actions -->\n\t\t<\/footer><!-- .entry-footer -->\t\t<\/div>\n\t<\/article>\n<\/li>\n<li class=\"kb-post-list-item\">\n\t<article class=\"entry content-bg loop-entry post-2625 post type-post status-publish format-standard has-post-thumbnail hentry category-alquiler-casa-sabadell tag-alquiler-de-casa-en-sabadell\">\n\t\t\t\t<a aria-hidden=\"true\" tabindex=\"-1\" role=\"presentation\" class=\"post-thumbnail kadence-thumbnail-ratio-2-3\" href=\"https:\/\/www.fingracen.com\/ca\/alquiler-de-casa-en-sabadell-como-preparar-tu-propiedad-para-atraer-inquilinos-de-calidad\/\" aria-label=\"Alquiler de casa en Sabadell: c\u00f3mo preparar tu propiedad para atraer inquilinos de calidad\">\n\t\t\t<div class=\"post-thumbnail-inner\">\n\t\t\t\t<img loading=\"lazy\" decoding=\"async\" width=\"768\" height=\"543\" src=\"https:\/\/www.fingracen.com\/wp-content\/uploads\/2024\/12\/alquiler-de-casa-en-Sabadell-2-768x543.jpg\" class=\"attachment-medium_large size-medium_large wp-post-image\" alt=\"alquiler de casa en Sabadell\" srcset=\"https:\/\/www.fingracen.com\/wp-content\/uploads\/2024\/12\/alquiler-de-casa-en-Sabadell-2-768x543.jpg 768w, https:\/\/www.fingracen.com\/wp-content\/uploads\/2024\/12\/alquiler-de-casa-en-Sabadell-2-300x212.jpg 300w, https:\/\/www.fingracen.com\/wp-content\/uploads\/2024\/12\/alquiler-de-casa-en-Sabadell-2-1024x724.jpg 1024w, https:\/\/www.fingracen.com\/wp-content\/uploads\/2024\/12\/alquiler-de-casa-en-Sabadell-2-1536x1086.jpg 1536w, https:\/\/www.fingracen.com\/wp-content\/uploads\/2024\/12\/alquiler-de-casa-en-Sabadell-2-18x12.jpg 18w, https:\/\/www.fingracen.com\/wp-content\/uploads\/2024\/12\/alquiler-de-casa-en-Sabadell-2.jpg 2000w\" sizes=\"auto, (max-width: 768px) 100vw, 768px\" \/>\t\t\t<\/div>\n\t\t<\/a><!-- .post-thumbnail -->\n\t\t\t\t<div class=\"entry-content-wrap\">\n\t\t\t<header class=\"entry-header\">\n\t\t<div class=\"entry-taxonomies\">\n\t\t<span class=\"category-links term-links category-style-normal\">\n\t\t\t<a href=\"https:\/\/www.fingracen.com\/ca\/category\/alquiler-casa-sabadell\/\" class=\"category-link-alquiler-casa-sabadell\" rel=\"tag\">alquiler casa Sabadell<\/a>\t\t<\/span>\n\t<\/div><!-- .entry-taxonomies -->\n\t<h3 class=\"entry-title\"><a href=\"https:\/\/www.fingracen.com\/ca\/alquiler-de-casa-en-sabadell-como-preparar-tu-propiedad-para-atraer-inquilinos-de-calidad\/\" rel=\"bookmark\">Alquiler de casa en Sabadell: c\u00f3mo preparar tu propiedad para atraer inquilinos de calidad<\/a><\/h3>\t<div class=\"entry-meta entry-meta-divider-dot\">\n\t\t\t\t<span class=\"posted-on\">\n\t\t\t\t<time class=\"entry-date published\" datetime=\"2024-12-23T09:00:00+01:00\">23 de desembre de 2024<\/time><time class=\"updated\" datetime=\"2024-12-20T09:17:25+01:00\">20 de desembre de 2024<\/time>\t\t\t<\/span>\n\t\t\t\t<\/div><!-- .entry-meta -->\n\t<\/header><!-- .entry-header -->\n\t<div class=\"entry-summary\">\n\t\t<p>Descubre estrategias pr\u00e1cticas para optimizar tu propiedad en Sabadell y atraer a inquilinos solventes y fiables El mercado inmobiliario en Sabadell est\u00e1 marcado por un importante desequilibrio entre la oferta&#8230;<\/p>\n\t<\/div><!-- .entry-summary -->\n\t<footer class=\"entry-footer\">\n\t\t\t<div class=\"entry-actions\">\n\t\t\t<p class=\"more-link-wrap\">\n\t\t\t\t<a href=\"https:\/\/www.fingracen.com\/ca\/alquiler-de-casa-en-sabadell-como-preparar-tu-propiedad-para-atraer-inquilinos-de-calidad\/\" class=\"post-more-link\">\n\t\t\t\t\tRead More<span class=\"screen-reader-text\"> Alquiler de casa en Sabadell: c\u00f3mo preparar tu propiedad para atraer inquilinos de calidad<\/span><span class=\"kadence-svg-iconset svg-baseline\"><svg aria-hidden=\"true\" class=\"kadence-svg-icon kadence-arrow-right-alt-svg\" fill=\"currentColor\" version=\"1.1\" xmlns=\"http:\/\/www.w3.org\/2000\/svg\" width=\"27\" height=\"28\" viewbox=\"0 0 27 28\"><title>Continue<\/title><path d=\"M27 13.953c0 0.141-0.063 0.281-0.156 0.375l-6 5.531c-0.156 0.141-0.359 0.172-0.547 0.094-0.172-0.078-0.297-0.25-0.297-0.453v-3.5h-19.5c-0.281 0-0.5-0.219-0.5-0.5v-3c0-0.281 0.219-0.5 0.5-0.5h19.5v-3.5c0-0.203 0.109-0.375 0.297-0.453s0.391-0.047 0.547 0.078l6 5.469c0.094 0.094 0.156 0.219 0.156 0.359v0z\"><\/path>\n\t\t\t<\/svg><\/span>\t\t\t\t<\/a>\n\t\t\t<\/p>\n\t\t<\/div><!-- .entry-actions -->\n\t\t<\/footer><!-- .entry-footer -->\t\t<\/div>\n\t<\/article>\n<\/li>\n<li class=\"kb-post-list-item\">\n\t<article class=\"entry content-bg loop-entry post-2614 post type-post status-publish format-standard has-post-thumbnail hentry category-agencia-inmobiliaria-sabadell tag-agencia-inmobiliaria-en-sabadell\">\n\t\t\t\t<a aria-hidden=\"true\" tabindex=\"-1\" role=\"presentation\" class=\"post-thumbnail kadence-thumbnail-ratio-2-3\" href=\"https:\/\/www.fingracen.com\/ca\/el-mercado-inmobiliario-sigue-en-auge-senales-positivas-y-nuevas-oportunidades\/\" aria-label=\"El mercado inmobiliario sigue en auge: se\u00f1ales positivas y nuevas oportunidades\">\n\t\t\t<div class=\"post-thumbnail-inner\">\n\t\t\t\t<img loading=\"lazy\" decoding=\"async\" width=\"768\" height=\"543\" src=\"https:\/\/www.fingracen.com\/wp-content\/uploads\/2024\/12\/agencia-inmobiliaria-en-Sabadell-2-768x543.jpg\" class=\"attachment-medium_large size-medium_large wp-post-image\" alt=\"El mercado inmobiliario sigue en auge: se\u00f1ales positivas y nuevas oportunidades\" srcset=\"https:\/\/www.fingracen.com\/wp-content\/uploads\/2024\/12\/agencia-inmobiliaria-en-Sabadell-2-768x543.jpg 768w, https:\/\/www.fingracen.com\/wp-content\/uploads\/2024\/12\/agencia-inmobiliaria-en-Sabadell-2-300x212.jpg 300w, https:\/\/www.fingracen.com\/wp-content\/uploads\/2024\/12\/agencia-inmobiliaria-en-Sabadell-2-1024x724.jpg 1024w, https:\/\/www.fingracen.com\/wp-content\/uploads\/2024\/12\/agencia-inmobiliaria-en-Sabadell-2-1536x1086.jpg 1536w, https:\/\/www.fingracen.com\/wp-content\/uploads\/2024\/12\/agencia-inmobiliaria-en-Sabadell-2-18x12.jpg 18w, https:\/\/www.fingracen.com\/wp-content\/uploads\/2024\/12\/agencia-inmobiliaria-en-Sabadell-2.jpg 2000w\" sizes=\"auto, (max-width: 768px) 100vw, 768px\" \/>\t\t\t<\/div>\n\t\t<\/a><!-- .post-thumbnail -->\n\t\t\t\t<div class=\"entry-content-wrap\">\n\t\t\t<header class=\"entry-header\">\n\t\t<div class=\"entry-taxonomies\">\n\t\t<span class=\"category-links term-links category-style-normal\">\n\t\t\t<a href=\"https:\/\/www.fingracen.com\/ca\/category\/agencia-inmobiliaria-sabadell\/\" class=\"category-link-agencia-inmobiliaria-sabadell\" rel=\"tag\">ag\u00e8ncia immobili\u00e0ria Sabadell<\/a>\t\t<\/span>\n\t<\/div><!-- .entry-taxonomies -->\n\t<h3 class=\"entry-title\"><a href=\"https:\/\/www.fingracen.com\/ca\/el-mercado-inmobiliario-sigue-en-auge-senales-positivas-y-nuevas-oportunidades\/\" rel=\"bookmark\">El mercado inmobiliario sigue en auge: se\u00f1ales positivas y nuevas oportunidades<\/a><\/h3>\t<div class=\"entry-meta entry-meta-divider-dot\">\n\t\t\t\t<span class=\"posted-on\">\n\t\t\t\t<time class=\"entry-date published\" datetime=\"2024-12-12T09:38:02+01:00\">12 de desembre de 2024<\/time><time class=\"updated\" datetime=\"2024-12-12T10:19:58+01:00\">12 de desembre de 2024<\/time>\t\t\t<\/span>\n\t\t\t\t<\/div><!-- .entry-meta -->\n\t<\/header><!-- .entry-header -->\n\t<div class=\"entry-summary\">\n\t\t<p>El sector de la vivienda en Espa\u00f1a se mantiene din\u00e1mico, ofreciendo un escenario de crecimiento y estabilidad para compradores y profesionales El mercado inmobiliario espa\u00f1ol contin\u00faa consolid\u00e1ndose como un pilar&#8230;<\/p>\n\t<\/div><!-- .entry-summary -->\n\t<footer class=\"entry-footer\">\n\t\t\t<div class=\"entry-actions\">\n\t\t\t<p class=\"more-link-wrap\">\n\t\t\t\t<a href=\"https:\/\/www.fingracen.com\/ca\/el-mercado-inmobiliario-sigue-en-auge-senales-positivas-y-nuevas-oportunidades\/\" class=\"post-more-link\">\n\t\t\t\t\tRead More<span class=\"screen-reader-text\"> El mercado inmobiliario sigue en auge: se\u00f1ales positivas y nuevas oportunidades<\/span><span class=\"kadence-svg-iconset svg-baseline\"><svg aria-hidden=\"true\" class=\"kadence-svg-icon kadence-arrow-right-alt-svg\" fill=\"currentColor\" version=\"1.1\" xmlns=\"http:\/\/www.w3.org\/2000\/svg\" width=\"27\" height=\"28\" viewbox=\"0 0 27 28\"><title>Continue<\/title><path d=\"M27 13.953c0 0.141-0.063 0.281-0.156 0.375l-6 5.531c-0.156 0.141-0.359 0.172-0.547 0.094-0.172-0.078-0.297-0.25-0.297-0.453v-3.5h-19.5c-0.281 0-0.5-0.219-0.5-0.5v-3c0-0.281 0.219-0.5 0.5-0.5h19.5v-3.5c0-0.203 0.109-0.375 0.297-0.453s0.391-0.047 0.547 0.078l6 5.469c0.094 0.094 0.156 0.219 0.156 0.359v0z\"><\/path>\n\t\t\t<\/svg><\/span>\t\t\t\t<\/a>\n\t\t\t<\/p>\n\t\t<\/div><!-- .entry-actions -->\n\t\t<\/footer><!-- .entry-footer -->\t\t<\/div>\n\t<\/article>\n<\/li>\n<li class=\"kb-post-list-item\">\n\t<article class=\"entry content-bg loop-entry post-2592 post type-post status-publish format-standard has-post-thumbnail hentry category-uncategorized\">\n\t\t\t\t<a aria-hidden=\"true\" tabindex=\"-1\" role=\"presentation\" class=\"post-thumbnail kadence-thumbnail-ratio-2-3\" href=\"https:\/\/www.fingracen.com\/ca\/como-establecer-el-precio-para-vender-tu-casa-rapidamente-y-al-mejor-valor\/\" aria-label=\"C\u00f3mo establecer el precio para vender tu casa r\u00e1pidamente y al mejor valor\">\n\t\t\t<div class=\"post-thumbnail-inner\">\n\t\t\t\t<img loading=\"lazy\" decoding=\"async\" width=\"768\" height=\"543\" src=\"https:\/\/www.fingracen.com\/wp-content\/uploads\/2024\/11\/vender-casa-4-768x543.jpg\" class=\"attachment-medium_large size-medium_large wp-post-image\" alt=\"C\u00f3mo establecer el precio para vender tu casa r\u00e1pidamente y al mejor valor\" srcset=\"https:\/\/www.fingracen.com\/wp-content\/uploads\/2024\/11\/vender-casa-4-768x543.jpg 768w, https:\/\/www.fingracen.com\/wp-content\/uploads\/2024\/11\/vender-casa-4-300x212.jpg 300w, https:\/\/www.fingracen.com\/wp-content\/uploads\/2024\/11\/vender-casa-4-1024x724.jpg 1024w, https:\/\/www.fingracen.com\/wp-content\/uploads\/2024\/11\/vender-casa-4-1536x1086.jpg 1536w, https:\/\/www.fingracen.com\/wp-content\/uploads\/2024\/11\/vender-casa-4-18x12.jpg 18w, https:\/\/www.fingracen.com\/wp-content\/uploads\/2024\/11\/vender-casa-4.jpg 2000w\" sizes=\"auto, (max-width: 768px) 100vw, 768px\" \/>\t\t\t<\/div>\n\t\t<\/a><!-- .post-thumbnail -->\n\t\t\t\t<div class=\"entry-content-wrap\">\n\t\t\t<header class=\"entry-header\">\n\t\t<div class=\"entry-taxonomies\">\n\t\t<span class=\"category-links term-links category-style-normal\">\n\t\t\t<a href=\"https:\/\/www.fingracen.com\/ca\/category\/uncategorized\/\" class=\"category-link-uncategorized\" rel=\"tag\">Uncategorized<\/a>\t\t<\/span>\n\t<\/div><!-- .entry-taxonomies -->\n\t<h3 class=\"entry-title\"><a href=\"https:\/\/www.fingracen.com\/ca\/como-establecer-el-precio-para-vender-tu-casa-rapidamente-y-al-mejor-valor\/\" rel=\"bookmark\">C\u00f3mo establecer el precio para vender tu casa r\u00e1pidamente y al mejor valor<\/a><\/h3>\t<div class=\"entry-meta entry-meta-divider-dot\">\n\t\t\t\t<span class=\"posted-on\">\n\t\t\t\t<time class=\"entry-date published\" datetime=\"2024-11-27T12:52:12+01:00\">27 de novembre de 2024<\/time><time class=\"updated\" datetime=\"2024-11-27T12:55:40+01:00\">27 de novembre de 2024<\/time>\t\t\t<\/span>\n\t\t\t\t<\/div><!-- .entry-meta -->\n\t<\/header><!-- .entry-header -->\n\t<div class=\"entry-summary\">\n\t\t<p>Claves para establecer un precio justo y competitivo al vender tu casa Vender una casa es un proceso que requiere una planificaci\u00f3n cuidadosa, y uno de los aspectos m\u00e1s cruciales&#8230;<\/p>\n\t<\/div><!-- .entry-summary -->\n\t<footer class=\"entry-footer\">\n\t\t\t<div class=\"entry-actions\">\n\t\t\t<p class=\"more-link-wrap\">\n\t\t\t\t<a href=\"https:\/\/www.fingracen.com\/ca\/como-establecer-el-precio-para-vender-tu-casa-rapidamente-y-al-mejor-valor\/\" class=\"post-more-link\">\n\t\t\t\t\tRead More<span class=\"screen-reader-text\"> C\u00f3mo establecer el precio para vender tu casa r\u00e1pidamente y al mejor valor<\/span><span class=\"kadence-svg-iconset svg-baseline\"><svg aria-hidden=\"true\" class=\"kadence-svg-icon kadence-arrow-right-alt-svg\" fill=\"currentColor\" version=\"1.1\" xmlns=\"http:\/\/www.w3.org\/2000\/svg\" width=\"27\" height=\"28\" viewbox=\"0 0 27 28\"><title>Continue<\/title><path d=\"M27 13.953c0 0.141-0.063 0.281-0.156 0.375l-6 5.531c-0.156 0.141-0.359 0.172-0.547 0.094-0.172-0.078-0.297-0.25-0.297-0.453v-3.5h-19.5c-0.281 0-0.5-0.219-0.5-0.5v-3c0-0.281 0.219-0.5 0.5-0.5h19.5v-3.5c0-0.203 0.109-0.375 0.297-0.453s0.391-0.047 0.547 0.078l6 5.469c0.094 0.094 0.156 0.219 0.156 0.359v0z\"><\/path>\n\t\t\t<\/svg><\/span>\t\t\t\t<\/a>\n\t\t\t<\/p>\n\t\t<\/div><!-- .entry-actions -->\n\t\t<\/footer><!-- .entry-footer -->\t\t<\/div>\n\t<\/article>\n<\/li>\n<li class=\"kb-post-list-item\">\n\t<article class=\"entry content-bg loop-entry post-2580 post type-post status-publish format-standard has-post-thumbnail hentry category-comprar-piso-sabadell tag-comprar-piso-en-sabadell\">\n\t\t\t\t<a aria-hidden=\"true\" tabindex=\"-1\" role=\"presentation\" class=\"post-thumbnail kadence-thumbnail-ratio-2-3\" href=\"https:\/\/www.fingracen.com\/ca\/es-buen-momento-para-invertir-en-la-compra-de-un-piso-analisis-de-una-inversion-a-medio-y-largo-plazo\/\" aria-label=\"\u00bfEs buen momento para invertir en la compra de un piso? An\u00e1lisis de una inversi\u00f3n a medio y largo plazo\">\n\t\t\t<div class=\"post-thumbnail-inner\">\n\t\t\t\t<img loading=\"lazy\" decoding=\"async\" width=\"768\" height=\"512\" src=\"https:\/\/www.fingracen.com\/wp-content\/uploads\/2024\/11\/comprar-piso-en-sabadell-3-768x512.jpg\" class=\"attachment-medium_large size-medium_large wp-post-image\" alt=\"\u00bfEs buen momento para invertir en la compra de un piso? An\u00e1lisis de una inversi\u00f3n a medio y largo plazo\" srcset=\"https:\/\/www.fingracen.com\/wp-content\/uploads\/2024\/11\/comprar-piso-en-sabadell-3-768x512.jpg 768w, https:\/\/www.fingracen.com\/wp-content\/uploads\/2024\/11\/comprar-piso-en-sabadell-3-300x200.jpg 300w, https:\/\/www.fingracen.com\/wp-content\/uploads\/2024\/11\/comprar-piso-en-sabadell-3-18x12.jpg 18w, https:\/\/www.fingracen.com\/wp-content\/uploads\/2024\/11\/comprar-piso-en-sabadell-3.jpg 900w\" sizes=\"auto, (max-width: 768px) 100vw, 768px\" \/>\t\t\t<\/div>\n\t\t<\/a><!-- .post-thumbnail -->\n\t\t\t\t<div class=\"entry-content-wrap\">\n\t\t\t<header class=\"entry-header\">\n\t\t<div class=\"entry-taxonomies\">\n\t\t<span class=\"category-links term-links category-style-normal\">\n\t\t\t<a href=\"https:\/\/www.fingracen.com\/ca\/category\/comprar-piso-sabadell\/\" class=\"category-link-comprar-piso-sabadell\" rel=\"tag\">comprar pis Sabadell<\/a>\t\t<\/span>\n\t<\/div><!-- .entry-taxonomies -->\n\t<h3 class=\"entry-title\"><a href=\"https:\/\/www.fingracen.com\/ca\/es-buen-momento-para-invertir-en-la-compra-de-un-piso-analisis-de-una-inversion-a-medio-y-largo-plazo\/\" rel=\"bookmark\">\u00bfEs buen momento para invertir en la compra de un piso? An\u00e1lisis de una inversi\u00f3n a medio y largo plazo<\/a><\/h3>\t<div class=\"entry-meta entry-meta-divider-dot\">\n\t\t\t\t<span class=\"posted-on\">\n\t\t\t\t<time class=\"entry-date published\" datetime=\"2024-11-12T12:36:40+01:00\">12 de novembre de 2024<\/time><time class=\"updated\" datetime=\"2024-11-12T12:36:41+01:00\">12 de novembre de 2024<\/time>\t\t\t<\/span>\n\t\t\t\t<\/div><!-- .entry-meta -->\n\t<\/header><!-- .entry-header -->\n\t<div class=\"entry-summary\">\n\t\t<p>Factores clave, riesgos y beneficios de invertir en una propiedad inmobiliaria Invertir en bienes ra\u00edces, c\u00f3mo comprar un piso en Sabadell, ha sido tradicionalmente una de las opciones m\u00e1s valoradas&#8230;<\/p>\n\t<\/div><!-- .entry-summary -->\n\t<footer class=\"entry-footer\">\n\t\t\t<div class=\"entry-actions\">\n\t\t\t<p class=\"more-link-wrap\">\n\t\t\t\t<a href=\"https:\/\/www.fingracen.com\/ca\/es-buen-momento-para-invertir-en-la-compra-de-un-piso-analisis-de-una-inversion-a-medio-y-largo-plazo\/\" class=\"post-more-link\">\n\t\t\t\t\tRead More<span class=\"screen-reader-text\"> \u00bfEs buen momento para invertir en la compra de un piso? An\u00e1lisis de una inversi\u00f3n a medio y largo plazo<\/span><span class=\"kadence-svg-iconset svg-baseline\"><svg aria-hidden=\"true\" class=\"kadence-svg-icon kadence-arrow-right-alt-svg\" fill=\"currentColor\" version=\"1.1\" xmlns=\"http:\/\/www.w3.org\/2000\/svg\" width=\"27\" height=\"28\" viewbox=\"0 0 27 28\"><title>Continue<\/title><path d=\"M27 13.953c0 0.141-0.063 0.281-0.156 0.375l-6 5.531c-0.156 0.141-0.359 0.172-0.547 0.094-0.172-0.078-0.297-0.25-0.297-0.453v-3.5h-19.5c-0.281 0-0.5-0.219-0.5-0.5v-3c0-0.281 0.219-0.5 0.5-0.5h19.5v-3.5c0-0.203 0.109-0.375 0.297-0.453s0.391-0.047 0.547 0.078l6 5.469c0.094 0.094 0.156 0.219 0.156 0.359v0z\"><\/path>\n\t\t\t<\/svg><\/span>\t\t\t\t<\/a>\n\t\t\t<\/p>\n\t\t<\/div><!-- .entry-actions -->\n\t\t<\/footer><!-- .entry-footer -->\t\t<\/div>\n\t<\/article>\n<\/li>\n<li class=\"kb-post-list-item\">\n\t<article class=\"entry content-bg loop-entry post-2573 post type-post status-publish format-standard has-post-thumbnail hentry category-alquiler-piso-sabadell tag-alquiler-de-pisos-en-sabadell\">\n\t\t\t\t<a aria-hidden=\"true\" tabindex=\"-1\" role=\"presentation\" class=\"post-thumbnail kadence-thumbnail-ratio-2-3\" href=\"https:\/\/www.fingracen.com\/ca\/lo-que-debes-saber-sobre-el-alquiler-de-pisos\/\" aria-label=\"Lo que debes saber sobre el alquiler de pisos\">\n\t\t\t<div class=\"post-thumbnail-inner\">\n\t\t\t\t<img loading=\"lazy\" decoding=\"async\" width=\"768\" height=\"543\" src=\"https:\/\/www.fingracen.com\/wp-content\/uploads\/2024\/10\/alquiler-de-pisos-en-Sabadell-768x543.jpg\" class=\"attachment-medium_large size-medium_large wp-post-image\" alt=\"Lo que debes saber sobre el alquiler de pisos\" srcset=\"https:\/\/www.fingracen.com\/wp-content\/uploads\/2024\/10\/alquiler-de-pisos-en-Sabadell-768x543.jpg 768w, https:\/\/www.fingracen.com\/wp-content\/uploads\/2024\/10\/alquiler-de-pisos-en-Sabadell-300x212.jpg 300w, https:\/\/www.fingracen.com\/wp-content\/uploads\/2024\/10\/alquiler-de-pisos-en-Sabadell-1024x724.jpg 1024w, https:\/\/www.fingracen.com\/wp-content\/uploads\/2024\/10\/alquiler-de-pisos-en-Sabadell-1536x1086.jpg 1536w, https:\/\/www.fingracen.com\/wp-content\/uploads\/2024\/10\/alquiler-de-pisos-en-Sabadell-18x12.jpg 18w, https:\/\/www.fingracen.com\/wp-content\/uploads\/2024\/10\/alquiler-de-pisos-en-Sabadell.jpg 2000w\" sizes=\"auto, (max-width: 768px) 100vw, 768px\" \/>\t\t\t<\/div>\n\t\t<\/a><!-- .post-thumbnail -->\n\t\t\t\t<div class=\"entry-content-wrap\">\n\t\t\t<header class=\"entry-header\">\n\t\t<div class=\"entry-taxonomies\">\n\t\t<span class=\"category-links term-links category-style-normal\">\n\t\t\t<a href=\"https:\/\/www.fingracen.com\/ca\/category\/alquiler-piso-sabadell\/\" class=\"category-link-alquiler-piso-sabadell\" rel=\"tag\">lloguer pis Sabadell<\/a>\t\t<\/span>\n\t<\/div><!-- .entry-taxonomies -->\n\t<h3 class=\"entry-title\"><a href=\"https:\/\/www.fingracen.com\/ca\/lo-que-debes-saber-sobre-el-alquiler-de-pisos\/\" rel=\"bookmark\">Lo que debes saber sobre el alquiler de pisos<\/a><\/h3>\t<div class=\"entry-meta entry-meta-divider-dot\">\n\t\t\t\t<span class=\"posted-on\">\n\t\t\t\t<time class=\"entry-date published\" datetime=\"2024-10-29T13:19:23+01:00\">29 d&#039;octubre de 2024<\/time><time class=\"updated\" datetime=\"2024-10-29T13:19:24+01:00\">29 d&#039;octubre de 2024<\/time>\t\t\t<\/span>\n\t\t\t\t<\/div><!-- .entry-meta -->\n\t<\/header><!-- .entry-header -->\n\t<div class=\"entry-summary\">\n\t\t<p>Alquiler de pisos en Sabadell: estrategias que te ayudar\u00e1n El alquiler de pisos en Sabadell es una opci\u00f3n popular para muchas personas que buscan una vivienda c\u00f3moda y accesible. Sin&#8230;<\/p>\n\t<\/div><!-- .entry-summary -->\n\t<footer class=\"entry-footer\">\n\t\t\t<div class=\"entry-actions\">\n\t\t\t<p class=\"more-link-wrap\">\n\t\t\t\t<a href=\"https:\/\/www.fingracen.com\/ca\/lo-que-debes-saber-sobre-el-alquiler-de-pisos\/\" class=\"post-more-link\">\n\t\t\t\t\tRead More<span class=\"screen-reader-text\"> Lo que debes saber sobre el alquiler de pisos<\/span><span class=\"kadence-svg-iconset svg-baseline\"><svg aria-hidden=\"true\" class=\"kadence-svg-icon kadence-arrow-right-alt-svg\" fill=\"currentColor\" version=\"1.1\" xmlns=\"http:\/\/www.w3.org\/2000\/svg\" width=\"27\" height=\"28\" viewbox=\"0 0 27 28\"><title>Continue<\/title><path d=\"M27 13.953c0 0.141-0.063 0.281-0.156 0.375l-6 5.531c-0.156 0.141-0.359 0.172-0.547 0.094-0.172-0.078-0.297-0.25-0.297-0.453v-3.5h-19.5c-0.281 0-0.5-0.219-0.5-0.5v-3c0-0.281 0.219-0.5 0.5-0.5h19.5v-3.5c0-0.203 0.109-0.375 0.297-0.453s0.391-0.047 0.547 0.078l6 5.469c0.094 0.094 0.156 0.219 0.156 0.359v0z\"><\/path>\n\t\t\t<\/svg><\/span>\t\t\t\t<\/a>\n\t\t\t<\/p>\n\t\t<\/div><!-- .entry-actions -->\n\t\t<\/footer><!-- .entry-footer -->\t\t<\/div>\n\t<\/article>\n<\/li>\n<li class=\"kb-post-list-item\">\n\t<article class=\"entry content-bg loop-entry post-2561 post type-post status-publish format-standard has-post-thumbnail hentry category-uncategorized\">\n\t\t\t\t<a aria-hidden=\"true\" tabindex=\"-1\" role=\"presentation\" class=\"post-thumbnail kadence-thumbnail-ratio-2-3\" href=\"https:\/\/www.fingracen.com\/ca\/que-debe-tener-un-buen-piso-de-alquiler-en-sabadell-centre\/\" aria-label=\"\u00bfQu\u00e9 debe tener un buen piso de alquiler en Sabadell Centre?\">\n\t\t\t<div class=\"post-thumbnail-inner\">\n\t\t\t\t<img loading=\"lazy\" decoding=\"async\" width=\"768\" height=\"543\" src=\"https:\/\/www.fingracen.com\/wp-content\/uploads\/2024\/10\/piso-de-alquiler-en-Sabadell-Centre-768x543.jpg\" class=\"attachment-medium_large size-medium_large wp-post-image\" alt=\"\u00bfQu\u00e9 debe tener un buen piso de alquiler en Sabadell Centre?\" srcset=\"https:\/\/www.fingracen.com\/wp-content\/uploads\/2024\/10\/piso-de-alquiler-en-Sabadell-Centre-768x543.jpg 768w, https:\/\/www.fingracen.com\/wp-content\/uploads\/2024\/10\/piso-de-alquiler-en-Sabadell-Centre-300x212.jpg 300w, https:\/\/www.fingracen.com\/wp-content\/uploads\/2024\/10\/piso-de-alquiler-en-Sabadell-Centre-1024x724.jpg 1024w, https:\/\/www.fingracen.com\/wp-content\/uploads\/2024\/10\/piso-de-alquiler-en-Sabadell-Centre-1536x1086.jpg 1536w, https:\/\/www.fingracen.com\/wp-content\/uploads\/2024\/10\/piso-de-alquiler-en-Sabadell-Centre-18x12.jpg 18w, https:\/\/www.fingracen.com\/wp-content\/uploads\/2024\/10\/piso-de-alquiler-en-Sabadell-Centre.jpg 2000w\" sizes=\"auto, (max-width: 768px) 100vw, 768px\" \/>\t\t\t<\/div>\n\t\t<\/a><!-- .post-thumbnail -->\n\t\t\t\t<div class=\"entry-content-wrap\">\n\t\t\t<header class=\"entry-header\">\n\t\t<div class=\"entry-taxonomies\">\n\t\t<span class=\"category-links term-links category-style-normal\">\n\t\t\t<a href=\"https:\/\/www.fingracen.com\/ca\/category\/uncategorized\/\" class=\"category-link-uncategorized\" rel=\"tag\">Uncategorized<\/a>\t\t<\/span>\n\t<\/div><!-- .entry-taxonomies -->\n\t<h3 class=\"entry-title\"><a href=\"https:\/\/www.fingracen.com\/ca\/que-debe-tener-un-buen-piso-de-alquiler-en-sabadell-centre\/\" rel=\"bookmark\">\u00bfQu\u00e9 debe tener un buen piso de alquiler en Sabadell Centre?<\/a><\/h3>\t<div class=\"entry-meta entry-meta-divider-dot\">\n\t\t\t\t<span class=\"posted-on\">\n\t\t\t\t<time class=\"entry-date published\" datetime=\"2024-10-28T08:53:09+01:00\">28 d&#039;octubre de 2024<\/time><time class=\"updated\" datetime=\"2024-10-28T08:53:10+01:00\">28 d&#039;octubre de 2024<\/time>\t\t\t<\/span>\n\t\t\t\t<\/div><!-- .entry-meta -->\n\t<\/header><!-- .entry-header -->\n\t<div class=\"entry-summary\">\n\t\t<p>Piso de alquiler en Sabadell Centre: encuentra tu espacio ideal Encontrar el piso de alquiler en Sabadell Centre perfecto puede parecer una tarea desafiante, pero saber qu\u00e9 elementos considerar puede&#8230;<\/p>\n\t<\/div><!-- .entry-summary -->\n\t<footer class=\"entry-footer\">\n\t\t\t<div class=\"entry-actions\">\n\t\t\t<p class=\"more-link-wrap\">\n\t\t\t\t<a href=\"https:\/\/www.fingracen.com\/ca\/que-debe-tener-un-buen-piso-de-alquiler-en-sabadell-centre\/\" class=\"post-more-link\">\n\t\t\t\t\tRead More<span class=\"screen-reader-text\"> \u00bfQu\u00e9 debe tener un buen piso de alquiler en Sabadell Centre?<\/span><span class=\"kadence-svg-iconset svg-baseline\"><svg aria-hidden=\"true\" class=\"kadence-svg-icon kadence-arrow-right-alt-svg\" fill=\"currentColor\" version=\"1.1\" xmlns=\"http:\/\/www.w3.org\/2000\/svg\" width=\"27\" height=\"28\" viewbox=\"0 0 27 28\"><title>Continue<\/title><path d=\"M27 13.953c0 0.141-0.063 0.281-0.156 0.375l-6 5.531c-0.156 0.141-0.359 0.172-0.547 0.094-0.172-0.078-0.297-0.25-0.297-0.453v-3.5h-19.5c-0.281 0-0.5-0.219-0.5-0.5v-3c0-0.281 0.219-0.5 0.5-0.5h19.5v-3.5c0-0.203 0.109-0.375 0.297-0.453s0.391-0.047 0.547 0.078l6 5.469c0.094 0.094 0.156 0.219 0.156 0.359v0z\"><\/path>\n\t\t\t<\/svg><\/span>\t\t\t\t<\/a>\n\t\t\t<\/p>\n\t\t<\/div><!-- .entry-actions -->\n\t\t<\/footer><!-- .entry-footer -->\t\t<\/div>\n\t<\/article>\n<\/li>\n<li class=\"kb-post-list-item\">\n\t<article class=\"entry content-bg loop-entry post-2567 post type-post status-publish format-standard has-post-thumbnail hentry category-alquiler-piso-sabadell tag-piso-en-alquiler-en-sabadell\">\n\t\t\t\t<a aria-hidden=\"true\" tabindex=\"-1\" role=\"presentation\" class=\"post-thumbnail kadence-thumbnail-ratio-2-3\" href=\"https:\/\/www.fingracen.com\/ca\/la-importancia-de-la-primera-impresion-como-hacer-resaltar-tu-piso-en-alquiler\/\" aria-label=\"La importancia de la primera impresi\u00f3n: C\u00f3mo hacer resaltar tu piso en alquiler\">\n\t\t\t<div class=\"post-thumbnail-inner\">\n\t\t\t\t<img loading=\"lazy\" decoding=\"async\" width=\"768\" height=\"543\" src=\"https:\/\/www.fingracen.com\/wp-content\/uploads\/2024\/10\/piso-en-alquiler-en-Sabadell-768x543.jpg\" class=\"attachment-medium_large size-medium_large wp-post-image\" alt=\"La importancia de la primera impresi\u00f3n: C\u00f3mo hacer resaltar tu piso en alquiler\" srcset=\"https:\/\/www.fingracen.com\/wp-content\/uploads\/2024\/10\/piso-en-alquiler-en-Sabadell-768x543.jpg 768w, https:\/\/www.fingracen.com\/wp-content\/uploads\/2024\/10\/piso-en-alquiler-en-Sabadell-300x212.jpg 300w, https:\/\/www.fingracen.com\/wp-content\/uploads\/2024\/10\/piso-en-alquiler-en-Sabadell-1024x724.jpg 1024w, https:\/\/www.fingracen.com\/wp-content\/uploads\/2024\/10\/piso-en-alquiler-en-Sabadell-1536x1086.jpg 1536w, https:\/\/www.fingracen.com\/wp-content\/uploads\/2024\/10\/piso-en-alquiler-en-Sabadell-18x12.jpg 18w, https:\/\/www.fingracen.com\/wp-content\/uploads\/2024\/10\/piso-en-alquiler-en-Sabadell.jpg 2000w\" sizes=\"auto, (max-width: 768px) 100vw, 768px\" \/>\t\t\t<\/div>\n\t\t<\/a><!-- .post-thumbnail -->\n\t\t\t\t<div class=\"entry-content-wrap\">\n\t\t\t<header class=\"entry-header\">\n\t\t<div class=\"entry-taxonomies\">\n\t\t<span class=\"category-links term-links category-style-normal\">\n\t\t\t<a href=\"https:\/\/www.fingracen.com\/ca\/category\/alquiler-piso-sabadell\/\" class=\"category-link-alquiler-piso-sabadell\" rel=\"tag\">lloguer pis Sabadell<\/a>\t\t<\/span>\n\t<\/div><!-- .entry-taxonomies -->\n\t<h3 class=\"entry-title\"><a href=\"https:\/\/www.fingracen.com\/ca\/la-importancia-de-la-primera-impresion-como-hacer-resaltar-tu-piso-en-alquiler\/\" rel=\"bookmark\">La importancia de la primera impresi\u00f3n: C\u00f3mo hacer resaltar tu piso en alquiler<\/a><\/h3>\t<div class=\"entry-meta entry-meta-divider-dot\">\n\t\t\t\t<span class=\"posted-on\">\n\t\t\t\t<time class=\"entry-date published\" datetime=\"2024-10-25T12:10:43+02:00\">25 d&#039;octubre de 2024<\/time><time class=\"updated\" datetime=\"2024-10-29T12:43:52+01:00\">29 d&#039;octubre de 2024<\/time>\t\t\t<\/span>\n\t\t\t\t<\/div><!-- .entry-meta -->\n\t<\/header><!-- .entry-header -->\n\t<div class=\"entry-summary\">\n\t\t<p>Piso en alquiler en Sabadell: los detalles Alquilar un piso en Sabadell puede ser una experiencia emocionante, pero tambi\u00e9n desafiante. Con una oferta variada y competida en el mercado, es&#8230;<\/p>\n\t<\/div><!-- .entry-summary -->\n\t<footer class=\"entry-footer\">\n\t\t\t<div class=\"entry-actions\">\n\t\t\t<p class=\"more-link-wrap\">\n\t\t\t\t<a href=\"https:\/\/www.fingracen.com\/ca\/la-importancia-de-la-primera-impresion-como-hacer-resaltar-tu-piso-en-alquiler\/\" class=\"post-more-link\">\n\t\t\t\t\tRead More<span class=\"screen-reader-text\"> La importancia de la primera impresi\u00f3n: C\u00f3mo hacer resaltar tu piso en alquiler<\/span><span class=\"kadence-svg-iconset svg-baseline\"><svg aria-hidden=\"true\" class=\"kadence-svg-icon kadence-arrow-right-alt-svg\" fill=\"currentColor\" version=\"1.1\" xmlns=\"http:\/\/www.w3.org\/2000\/svg\" width=\"27\" height=\"28\" viewbox=\"0 0 27 28\"><title>Continue<\/title><path d=\"M27 13.953c0 0.141-0.063 0.281-0.156 0.375l-6 5.531c-0.156 0.141-0.359 0.172-0.547 0.094-0.172-0.078-0.297-0.25-0.297-0.453v-3.5h-19.5c-0.281 0-0.5-0.219-0.5-0.5v-3c0-0.281 0.219-0.5 0.5-0.5h19.5v-3.5c0-0.203 0.109-0.375 0.297-0.453s0.391-0.047 0.547 0.078l6 5.469c0.094 0.094 0.156 0.219 0.156 0.359v0z\"><\/path>\n\t\t\t<\/svg><\/span>\t\t\t\t<\/a>\n\t\t\t<\/p>\n\t\t<\/div><!-- .entry-actions -->\n\t\t<\/footer><!-- .entry-footer -->\t\t<\/div>\n\t<\/article>\n<\/li>\n<li class=\"kb-post-list-item\">\n\t<article class=\"entry content-bg loop-entry post-2555 post type-post status-publish format-standard has-post-thumbnail hentry category-inmobiliaria-sabadell tag-inmobiliaria-en-sabadell\">\n\t\t\t\t<a aria-hidden=\"true\" tabindex=\"-1\" role=\"presentation\" class=\"post-thumbnail kadence-thumbnail-ratio-2-3\" href=\"https:\/\/www.fingracen.com\/ca\/por-que-contratar-a-una-inmobiliaria-para-el-alquiler-de-tu-piso-es-la-mejor-opcion\/\" aria-label=\"Por qu\u00e9 contratar a una inmobiliaria para el alquiler de tu piso es la mejor opci\u00f3n\">\n\t\t\t<div class=\"post-thumbnail-inner\">\n\t\t\t\t<img loading=\"lazy\" decoding=\"async\" width=\"768\" height=\"543\" src=\"https:\/\/www.fingracen.com\/wp-content\/uploads\/2024\/10\/inmobiliaria-en-Sabadell-768x543.jpg\" class=\"attachment-medium_large size-medium_large wp-post-image\" alt=\"Por qu\u00e9 contratar a una inmobiliaria para el alquiler de tu piso es la mejor opci\u00f3n\" srcset=\"https:\/\/www.fingracen.com\/wp-content\/uploads\/2024\/10\/inmobiliaria-en-Sabadell-768x543.jpg 768w, https:\/\/www.fingracen.com\/wp-content\/uploads\/2024\/10\/inmobiliaria-en-Sabadell-300x212.jpg 300w, https:\/\/www.fingracen.com\/wp-content\/uploads\/2024\/10\/inmobiliaria-en-Sabadell-1024x724.jpg 1024w, https:\/\/www.fingracen.com\/wp-content\/uploads\/2024\/10\/inmobiliaria-en-Sabadell-1536x1086.jpg 1536w, https:\/\/www.fingracen.com\/wp-content\/uploads\/2024\/10\/inmobiliaria-en-Sabadell-18x12.jpg 18w, https:\/\/www.fingracen.com\/wp-content\/uploads\/2024\/10\/inmobiliaria-en-Sabadell.jpg 2000w\" sizes=\"auto, (max-width: 768px) 100vw, 768px\" \/>\t\t\t<\/div>\n\t\t<\/a><!-- .post-thumbnail -->\n\t\t\t\t<div class=\"entry-content-wrap\">\n\t\t\t<header class=\"entry-header\">\n\t\t<div class=\"entry-taxonomies\">\n\t\t<span class=\"category-links term-links category-style-normal\">\n\t\t\t<a href=\"https:\/\/www.fingracen.com\/ca\/category\/inmobiliaria-sabadell\/\" class=\"category-link-inmobiliaria-sabadell\" rel=\"tag\">immobili\u00e0ria Sabadell<\/a>\t\t<\/span>\n\t<\/div><!-- .entry-taxonomies -->\n\t<h3 class=\"entry-title\"><a href=\"https:\/\/www.fingracen.com\/ca\/por-que-contratar-a-una-inmobiliaria-para-el-alquiler-de-tu-piso-es-la-mejor-opcion\/\" rel=\"bookmark\">Por qu\u00e9 contratar a una inmobiliaria para el alquiler de tu piso es la mejor opci\u00f3n<\/a><\/h3>\t<div class=\"entry-meta entry-meta-divider-dot\">\n\t\t\t\t<span class=\"posted-on\">\n\t\t\t\t<time class=\"entry-date published\" datetime=\"2024-10-07T17:34:47+02:00\">7 d&#039;octubre de 2024<\/time><time class=\"updated\" datetime=\"2024-10-07T17:34:48+02:00\">7 d&#039;octubre de 2024<\/time>\t\t\t<\/span>\n\t\t\t\t<\/div><!-- .entry-meta -->\n\t<\/header><!-- .entry-header -->\n\t<div class=\"entry-summary\">\n\t\t<p>Inmobiliaria en Sabadell: tu mejor socio Cuando se trata de alquilar un piso, muchos propietarios y arrendatarios se enfrentan a numerosos retos. Desde fijar el precio adecuado hasta gestionar los&#8230;<\/p>\n\t<\/div><!-- .entry-summary -->\n\t<footer class=\"entry-footer\">\n\t\t\t<div class=\"entry-actions\">\n\t\t\t<p class=\"more-link-wrap\">\n\t\t\t\t<a href=\"https:\/\/www.fingracen.com\/ca\/por-que-contratar-a-una-inmobiliaria-para-el-alquiler-de-tu-piso-es-la-mejor-opcion\/\" class=\"post-more-link\">\n\t\t\t\t\tRead More<span class=\"screen-reader-text\"> Por qu\u00e9 contratar a una inmobiliaria para el alquiler de tu piso es la mejor opci\u00f3n<\/span><span class=\"kadence-svg-iconset svg-baseline\"><svg aria-hidden=\"true\" class=\"kadence-svg-icon kadence-arrow-right-alt-svg\" fill=\"currentColor\" version=\"1.1\" xmlns=\"http:\/\/www.w3.org\/2000\/svg\" width=\"27\" height=\"28\" viewbox=\"0 0 27 28\"><title>Continue<\/title><path d=\"M27 13.953c0 0.141-0.063 0.281-0.156 0.375l-6 5.531c-0.156 0.141-0.359 0.172-0.547 0.094-0.172-0.078-0.297-0.25-0.297-0.453v-3.5h-19.5c-0.281 0-0.5-0.219-0.5-0.5v-3c0-0.281 0.219-0.5 0.5-0.5h19.5v-3.5c0-0.203 0.109-0.375 0.297-0.453s0.391-0.047 0.547 0.078l6 5.469c0.094 0.094 0.156 0.219 0.156 0.359v0z\"><\/path>\n\t\t\t<\/svg><\/span>\t\t\t\t<\/a>\n\t\t\t<\/p>\n\t\t<\/div><!-- .entry-actions -->\n\t\t<\/footer><!-- .entry-footer -->\t\t<\/div>\n\t<\/article>\n<\/li>\n<li class=\"kb-post-list-item\">\n\t<article class=\"entry content-bg loop-entry post-2543 post type-post status-publish format-standard has-post-thumbnail hentry category-uncategorized\">\n\t\t\t\t<a aria-hidden=\"true\" tabindex=\"-1\" role=\"presentation\" class=\"post-thumbnail kadence-thumbnail-ratio-2-3\" href=\"https:\/\/www.fingracen.com\/ca\/destaca-en-el-mercado-los-beneficios-del-marketing-personalizado-que-realiza-una-inmobiliaria\/\" aria-label=\"Destaca en el mercado: los beneficios del marketing personalizado que realiza una inmobiliaria\">\n\t\t\t<div class=\"post-thumbnail-inner\">\n\t\t\t\t<img loading=\"lazy\" decoding=\"async\" width=\"768\" height=\"543\" src=\"https:\/\/www.fingracen.com\/wp-content\/uploads\/2024\/09\/inmobiliaria-sabadell-768x543.jpg\" class=\"attachment-medium_large size-medium_large wp-post-image\" alt=\"Destaca en el mercado: los beneficios del marketing personalizado que realiza una inmobiliaria\" srcset=\"https:\/\/www.fingracen.com\/wp-content\/uploads\/2024\/09\/inmobiliaria-sabadell-768x543.jpg 768w, https:\/\/www.fingracen.com\/wp-content\/uploads\/2024\/09\/inmobiliaria-sabadell-300x212.jpg 300w, https:\/\/www.fingracen.com\/wp-content\/uploads\/2024\/09\/inmobiliaria-sabadell-1024x724.jpg 1024w, https:\/\/www.fingracen.com\/wp-content\/uploads\/2024\/09\/inmobiliaria-sabadell-1536x1086.jpg 1536w, https:\/\/www.fingracen.com\/wp-content\/uploads\/2024\/09\/inmobiliaria-sabadell-18x12.jpg 18w, https:\/\/www.fingracen.com\/wp-content\/uploads\/2024\/09\/inmobiliaria-sabadell.jpg 2000w\" sizes=\"auto, (max-width: 768px) 100vw, 768px\" \/>\t\t\t<\/div>\n\t\t<\/a><!-- .post-thumbnail -->\n\t\t\t\t<div class=\"entry-content-wrap\">\n\t\t\t<header class=\"entry-header\">\n\t\t<div class=\"entry-taxonomies\">\n\t\t<span class=\"category-links term-links category-style-normal\">\n\t\t\t<a href=\"https:\/\/www.fingracen.com\/ca\/category\/uncategorized\/\" class=\"category-link-uncategorized\" rel=\"tag\">Uncategorized<\/a>\t\t<\/span>\n\t<\/div><!-- .entry-taxonomies -->\n\t<h3 class=\"entry-title\"><a href=\"https:\/\/www.fingracen.com\/ca\/destaca-en-el-mercado-los-beneficios-del-marketing-personalizado-que-realiza-una-inmobiliaria\/\" rel=\"bookmark\">Destaca en el mercado: los beneficios del marketing personalizado que realiza una inmobiliaria<\/a><\/h3>\t<div class=\"entry-meta entry-meta-divider-dot\">\n\t\t\t\t<span class=\"posted-on\">\n\t\t\t\t<time class=\"entry-date published\" datetime=\"2024-09-17T08:11:32+02:00\">17 de setembre de 2024<\/time><time class=\"updated\" datetime=\"2024-09-17T08:11:33+02:00\">17 de setembre de 2024<\/time>\t\t\t<\/span>\n\t\t\t\t<\/div><!-- .entry-meta -->\n\t<\/header><!-- .entry-header -->\n\t<div class=\"entry-summary\">\n\t\t<p>Inmobiliaria en Sabadell: estrategias a tu favor En el competitivo mundo inmobiliario, destacar y captar la atenci\u00f3n de posibles compradores o inquilinos puede ser un desaf\u00edo. Aqu\u00ed es donde el&#8230;<\/p>\n\t<\/div><!-- .entry-summary -->\n\t<footer class=\"entry-footer\">\n\t\t\t<div class=\"entry-actions\">\n\t\t\t<p class=\"more-link-wrap\">\n\t\t\t\t<a href=\"https:\/\/www.fingracen.com\/ca\/destaca-en-el-mercado-los-beneficios-del-marketing-personalizado-que-realiza-una-inmobiliaria\/\" class=\"post-more-link\">\n\t\t\t\t\tRead More<span class=\"screen-reader-text\"> Destaca en el mercado: los beneficios del marketing personalizado que realiza una inmobiliaria<\/span><span class=\"kadence-svg-iconset svg-baseline\"><svg aria-hidden=\"true\" class=\"kadence-svg-icon kadence-arrow-right-alt-svg\" fill=\"currentColor\" version=\"1.1\" xmlns=\"http:\/\/www.w3.org\/2000\/svg\" width=\"27\" height=\"28\" viewbox=\"0 0 27 28\"><title>Continue<\/title><path d=\"M27 13.953c0 0.141-0.063 0.281-0.156 0.375l-6 5.531c-0.156 0.141-0.359 0.172-0.547 0.094-0.172-0.078-0.297-0.25-0.297-0.453v-3.5h-19.5c-0.281 0-0.5-0.219-0.5-0.5v-3c0-0.281 0.219-0.5 0.5-0.5h19.5v-3.5c0-0.203 0.109-0.375 0.297-0.453s0.391-0.047 0.547 0.078l6 5.469c0.094 0.094 0.156 0.219 0.156 0.359v0z\"><\/path>\n\t\t\t<\/svg><\/span>\t\t\t\t<\/a>\n\t\t\t<\/p>\n\t\t<\/div><!-- .entry-actions -->\n\t\t<\/footer><!-- .entry-footer -->\t\t<\/div>\n\t<\/article>\n<\/li>\n<li class=\"kb-post-list-item\">\n\t<article class=\"entry content-bg loop-entry post-2535 post type-post status-publish format-standard has-post-thumbnail hentry category-alquiler-casa-sabadell category-uncategorized tag-alquiler-casa-sabadell\">\n\t\t\t\t<a aria-hidden=\"true\" tabindex=\"-1\" role=\"presentation\" class=\"post-thumbnail kadence-thumbnail-ratio-2-3\" href=\"https:\/\/www.fingracen.com\/ca\/alquiler-de-casa-encuentra-tu-hogar-ideal-con-la-ayuda-de-nuestros-profesionales\/\" aria-label=\"Alquiler de casa: encuentra tu hogar ideal con la ayuda de nuestros profesionales\">\n\t\t\t<div class=\"post-thumbnail-inner\">\n\t\t\t\t<img loading=\"lazy\" decoding=\"async\" width=\"768\" height=\"543\" src=\"https:\/\/www.fingracen.com\/wp-content\/uploads\/2024\/09\/Alquiler-de-casa-en-Sabadell-768x543.jpg\" class=\"attachment-medium_large size-medium_large wp-post-image\" alt=\"Alquiler de casa: encuentra tu hogar ideal con la ayuda de nuestros profesionales\" srcset=\"https:\/\/www.fingracen.com\/wp-content\/uploads\/2024\/09\/Alquiler-de-casa-en-Sabadell-768x543.jpg 768w, https:\/\/www.fingracen.com\/wp-content\/uploads\/2024\/09\/Alquiler-de-casa-en-Sabadell-300x212.jpg 300w, https:\/\/www.fingracen.com\/wp-content\/uploads\/2024\/09\/Alquiler-de-casa-en-Sabadell-1024x724.jpg 1024w, https:\/\/www.fingracen.com\/wp-content\/uploads\/2024\/09\/Alquiler-de-casa-en-Sabadell-1536x1086.jpg 1536w, https:\/\/www.fingracen.com\/wp-content\/uploads\/2024\/09\/Alquiler-de-casa-en-Sabadell-18x12.jpg 18w, https:\/\/www.fingracen.com\/wp-content\/uploads\/2024\/09\/Alquiler-de-casa-en-Sabadell.jpg 2000w\" sizes=\"auto, (max-width: 768px) 100vw, 768px\" \/>\t\t\t<\/div>\n\t\t<\/a><!-- .post-thumbnail -->\n\t\t\t\t<div class=\"entry-content-wrap\">\n\t\t\t<header class=\"entry-header\">\n\t\t<div class=\"entry-taxonomies\">\n\t\t<span class=\"category-links term-links category-style-normal\">\n\t\t\t<a href=\"https:\/\/www.fingracen.com\/ca\/category\/alquiler-casa-sabadell\/\" class=\"category-link-alquiler-casa-sabadell\" rel=\"tag\">alquiler casa Sabadell<\/a> | <a href=\"https:\/\/www.fingracen.com\/ca\/category\/uncategorized\/\" class=\"category-link-uncategorized\" rel=\"tag\">Uncategorized<\/a>\t\t<\/span>\n\t<\/div><!-- .entry-taxonomies -->\n\t<h3 class=\"entry-title\"><a href=\"https:\/\/www.fingracen.com\/ca\/alquiler-de-casa-encuentra-tu-hogar-ideal-con-la-ayuda-de-nuestros-profesionales\/\" rel=\"bookmark\">Alquiler de casa: encuentra tu hogar ideal con la ayuda de nuestros profesionales<\/a><\/h3>\t<div class=\"entry-meta entry-meta-divider-dot\">\n\t\t\t\t<span class=\"posted-on\">\n\t\t\t\t<time class=\"entry-date published\" datetime=\"2024-09-13T12:05:09+02:00\">13 de setembre de 2024<\/time><time class=\"updated\" datetime=\"2024-09-17T08:04:50+02:00\">17 de setembre de 2024<\/time>\t\t\t<\/span>\n\t\t\t\t<\/div><!-- .entry-meta -->\n\t<\/header><!-- .entry-header -->\n\t<div class=\"entry-summary\">\n\t\t<p>Alquiler de casa en Sabadell: C\u00f3mo te ayudan los profesionales de Finques Gr\u00e0cia Centre El alquiler de casa en Sabadell es una opci\u00f3n popular para quienes buscan una vivienda c\u00f3moda&#8230;<\/p>\n\t<\/div><!-- .entry-summary -->\n\t<footer class=\"entry-footer\">\n\t\t\t<div class=\"entry-actions\">\n\t\t\t<p class=\"more-link-wrap\">\n\t\t\t\t<a href=\"https:\/\/www.fingracen.com\/ca\/alquiler-de-casa-encuentra-tu-hogar-ideal-con-la-ayuda-de-nuestros-profesionales\/\" class=\"post-more-link\">\n\t\t\t\t\tRead More<span class=\"screen-reader-text\"> Alquiler de casa: encuentra tu hogar ideal con la ayuda de nuestros profesionales<\/span><span class=\"kadence-svg-iconset svg-baseline\"><svg aria-hidden=\"true\" class=\"kadence-svg-icon kadence-arrow-right-alt-svg\" fill=\"currentColor\" version=\"1.1\" xmlns=\"http:\/\/www.w3.org\/2000\/svg\" width=\"27\" height=\"28\" viewbox=\"0 0 27 28\"><title>Continue<\/title><path d=\"M27 13.953c0 0.141-0.063 0.281-0.156 0.375l-6 5.531c-0.156 0.141-0.359 0.172-0.547 0.094-0.172-0.078-0.297-0.25-0.297-0.453v-3.5h-19.5c-0.281 0-0.5-0.219-0.5-0.5v-3c0-0.281 0.219-0.5 0.5-0.5h19.5v-3.5c0-0.203 0.109-0.375 0.297-0.453s0.391-0.047 0.547 0.078l6 5.469c0.094 0.094 0.156 0.219 0.156 0.359v0z\"><\/path>\n\t\t\t<\/svg><\/span>\t\t\t\t<\/a>\n\t\t\t<\/p>\n\t\t<\/div><!-- .entry-actions -->\n\t\t<\/footer><!-- .entry-footer -->\t\t<\/div>\n\t<\/article>\n<\/li>\n<li class=\"kb-post-list-item\">\n\t<article class=\"entry content-bg loop-entry post-2528 post type-post status-publish format-standard has-post-thumbnail hentry category-alquiler-piso-sabadell tag-comprar-piso-en-sabadell\">\n\t\t\t\t<a aria-hidden=\"true\" tabindex=\"-1\" role=\"presentation\" class=\"post-thumbnail kadence-thumbnail-ratio-2-3\" href=\"https:\/\/www.fingracen.com\/ca\/paso-a-paso-conoce-el-proceso-de-comprar-un-piso\/\" aria-label=\"Paso a paso: conoce el proceso de comprar un piso\">\n\t\t\t<div class=\"post-thumbnail-inner\">\n\t\t\t\t<img loading=\"lazy\" decoding=\"async\" width=\"768\" height=\"543\" src=\"https:\/\/www.fingracen.com\/wp-content\/uploads\/2024\/09\/Comprar-un-piso-en-Sabadell-1-768x543.jpg\" class=\"attachment-medium_large size-medium_large wp-post-image\" alt=\"Paso a paso: conoce el proceso de comprar un piso\" srcset=\"https:\/\/www.fingracen.com\/wp-content\/uploads\/2024\/09\/Comprar-un-piso-en-Sabadell-1-768x543.jpg 768w, https:\/\/www.fingracen.com\/wp-content\/uploads\/2024\/09\/Comprar-un-piso-en-Sabadell-1-300x212.jpg 300w, https:\/\/www.fingracen.com\/wp-content\/uploads\/2024\/09\/Comprar-un-piso-en-Sabadell-1-1024x724.jpg 1024w, https:\/\/www.fingracen.com\/wp-content\/uploads\/2024\/09\/Comprar-un-piso-en-Sabadell-1-1536x1086.jpg 1536w, https:\/\/www.fingracen.com\/wp-content\/uploads\/2024\/09\/Comprar-un-piso-en-Sabadell-1-18x12.jpg 18w, https:\/\/www.fingracen.com\/wp-content\/uploads\/2024\/09\/Comprar-un-piso-en-Sabadell-1.jpg 2000w\" sizes=\"auto, (max-width: 768px) 100vw, 768px\" \/>\t\t\t<\/div>\n\t\t<\/a><!-- .post-thumbnail -->\n\t\t\t\t<div class=\"entry-content-wrap\">\n\t\t\t<header class=\"entry-header\">\n\t\t<div class=\"entry-taxonomies\">\n\t\t<span class=\"category-links term-links category-style-normal\">\n\t\t\t<a href=\"https:\/\/www.fingracen.com\/ca\/category\/alquiler-piso-sabadell\/\" class=\"category-link-alquiler-piso-sabadell\" rel=\"tag\">lloguer pis Sabadell<\/a>\t\t<\/span>\n\t<\/div><!-- .entry-taxonomies -->\n\t<h3 class=\"entry-title\"><a href=\"https:\/\/www.fingracen.com\/ca\/paso-a-paso-conoce-el-proceso-de-comprar-un-piso\/\" rel=\"bookmark\">Paso a paso: conoce el proceso de comprar un piso<\/a><\/h3>\t<div class=\"entry-meta entry-meta-divider-dot\">\n\t\t\t\t<span class=\"posted-on\">\n\t\t\t\t<time class=\"entry-date published\" datetime=\"2024-09-10T12:25:09+02:00\">10 de setembre de 2024<\/time><time class=\"updated\" datetime=\"2024-09-10T12:26:04+02:00\">10 de setembre de 2024<\/time>\t\t\t<\/span>\n\t\t\t\t<\/div><!-- .entry-meta -->\n\t<\/header><!-- .entry-header -->\n\t<div class=\"entry-summary\">\n\t\t<p>Comprar un piso en Sabadell: te ayudamos a hacer el camino m\u00e1s sencillo El proceso de comprar un piso en Sabadell puede ser complejo, especialmente para quienes no est\u00e1n familiarizados&#8230;<\/p>\n\t<\/div><!-- .entry-summary -->\n\t<footer class=\"entry-footer\">\n\t\t\t<div class=\"entry-actions\">\n\t\t\t<p class=\"more-link-wrap\">\n\t\t\t\t<a href=\"https:\/\/www.fingracen.com\/ca\/paso-a-paso-conoce-el-proceso-de-comprar-un-piso\/\" class=\"post-more-link\">\n\t\t\t\t\tRead More<span class=\"screen-reader-text\"> Paso a paso: conoce el proceso de comprar un piso<\/span><span class=\"kadence-svg-iconset svg-baseline\"><svg aria-hidden=\"true\" class=\"kadence-svg-icon kadence-arrow-right-alt-svg\" fill=\"currentColor\" version=\"1.1\" xmlns=\"http:\/\/www.w3.org\/2000\/svg\" width=\"27\" height=\"28\" viewbox=\"0 0 27 28\"><title>Continue<\/title><path d=\"M27 13.953c0 0.141-0.063 0.281-0.156 0.375l-6 5.531c-0.156 0.141-0.359 0.172-0.547 0.094-0.172-0.078-0.297-0.25-0.297-0.453v-3.5h-19.5c-0.281 0-0.5-0.219-0.5-0.5v-3c0-0.281 0.219-0.5 0.5-0.5h19.5v-3.5c0-0.203 0.109-0.375 0.297-0.453s0.391-0.047 0.547 0.078l6 5.469c0.094 0.094 0.156 0.219 0.156 0.359v0z\"><\/path>\n\t\t\t<\/svg><\/span>\t\t\t\t<\/a>\n\t\t\t<\/p>\n\t\t<\/div><!-- .entry-actions -->\n\t\t<\/footer><!-- .entry-footer -->\t\t<\/div>\n\t<\/article>\n<\/li>\n<li class=\"kb-post-list-item\">\n\t<article class=\"entry content-bg loop-entry post-2522 post type-post status-publish format-standard has-post-thumbnail hentry category-alquiler-piso-sabadell tag-alquiler-de-piso-en-sabadell\">\n\t\t\t\t<a aria-hidden=\"true\" tabindex=\"-1\" role=\"presentation\" class=\"post-thumbnail kadence-thumbnail-ratio-2-3\" href=\"https:\/\/www.fingracen.com\/ca\/alquiler-de-piso-tres-elementos-poco-conocidos-en-los-que-te-podemos-ayudar\/\" aria-label=\"Alquiler de piso: Tres elementos poco conocidos en los que te podemos ayudar\">\n\t\t\t<div class=\"post-thumbnail-inner\">\n\t\t\t\t<img loading=\"lazy\" decoding=\"async\" width=\"768\" height=\"543\" src=\"https:\/\/www.fingracen.com\/wp-content\/uploads\/2024\/09\/Alquiler-de-piso-en-Sabadell-768x543.jpg\" class=\"attachment-medium_large size-medium_large wp-post-image\" alt=\"Alquiler de piso: Tres elementos poco conocidos en los que te podemos ayudar\" srcset=\"https:\/\/www.fingracen.com\/wp-content\/uploads\/2024\/09\/Alquiler-de-piso-en-Sabadell-768x543.jpg 768w, https:\/\/www.fingracen.com\/wp-content\/uploads\/2024\/09\/Alquiler-de-piso-en-Sabadell-300x212.jpg 300w, https:\/\/www.fingracen.com\/wp-content\/uploads\/2024\/09\/Alquiler-de-piso-en-Sabadell-1024x724.jpg 1024w, https:\/\/www.fingracen.com\/wp-content\/uploads\/2024\/09\/Alquiler-de-piso-en-Sabadell-1536x1086.jpg 1536w, https:\/\/www.fingracen.com\/wp-content\/uploads\/2024\/09\/Alquiler-de-piso-en-Sabadell-18x12.jpg 18w, https:\/\/www.fingracen.com\/wp-content\/uploads\/2024\/09\/Alquiler-de-piso-en-Sabadell.jpg 2000w\" sizes=\"auto, (max-width: 768px) 100vw, 768px\" \/>\t\t\t<\/div>\n\t\t<\/a><!-- .post-thumbnail -->\n\t\t\t\t<div class=\"entry-content-wrap\">\n\t\t\t<header class=\"entry-header\">\n\t\t<div class=\"entry-taxonomies\">\n\t\t<span class=\"category-links term-links category-style-normal\">\n\t\t\t<a href=\"https:\/\/www.fingracen.com\/ca\/category\/alquiler-piso-sabadell\/\" class=\"category-link-alquiler-piso-sabadell\" rel=\"tag\">lloguer pis Sabadell<\/a>\t\t<\/span>\n\t<\/div><!-- .entry-taxonomies -->\n\t<h3 class=\"entry-title\"><a href=\"https:\/\/www.fingracen.com\/ca\/alquiler-de-piso-tres-elementos-poco-conocidos-en-los-que-te-podemos-ayudar\/\" rel=\"bookmark\">Alquiler de piso: Tres elementos poco conocidos en los que te podemos ayudar<\/a><\/h3>\t<div class=\"entry-meta entry-meta-divider-dot\">\n\t\t\t\t<span class=\"posted-on\">\n\t\t\t\t<time class=\"entry-date published\" datetime=\"2024-09-09T10:15:05+02:00\">9 de setembre de 2024<\/time><time class=\"updated\" datetime=\"2024-09-09T10:15:06+02:00\">9 de setembre de 2024<\/time>\t\t\t<\/span>\n\t\t\t\t<\/div><!-- .entry-meta -->\n\t<\/header><!-- .entry-header -->\n\t<div class=\"entry-summary\">\n\t\t<p>Alquiler de piso en Sabadell: conocimientos y asistencia El alquiler de piso en Sabadell puede parecer una tarea sencilla, pero a menudo surgen situaciones en las que se necesitan conocimientos&#8230;<\/p>\n\t<\/div><!-- .entry-summary -->\n\t<footer class=\"entry-footer\">\n\t\t\t<div class=\"entry-actions\">\n\t\t\t<p class=\"more-link-wrap\">\n\t\t\t\t<a href=\"https:\/\/www.fingracen.com\/ca\/alquiler-de-piso-tres-elementos-poco-conocidos-en-los-que-te-podemos-ayudar\/\" class=\"post-more-link\">\n\t\t\t\t\tRead More<span class=\"screen-reader-text\"> Alquiler de piso: Tres elementos poco conocidos en los que te podemos ayudar<\/span><span class=\"kadence-svg-iconset svg-baseline\"><svg aria-hidden=\"true\" class=\"kadence-svg-icon kadence-arrow-right-alt-svg\" fill=\"currentColor\" version=\"1.1\" xmlns=\"http:\/\/www.w3.org\/2000\/svg\" width=\"27\" height=\"28\" viewbox=\"0 0 27 28\"><title>Continue<\/title><path d=\"M27 13.953c0 0.141-0.063 0.281-0.156 0.375l-6 5.531c-0.156 0.141-0.359 0.172-0.547 0.094-0.172-0.078-0.297-0.25-0.297-0.453v-3.5h-19.5c-0.281 0-0.5-0.219-0.5-0.5v-3c0-0.281 0.219-0.5 0.5-0.5h19.5v-3.5c0-0.203 0.109-0.375 0.297-0.453s0.391-0.047 0.547 0.078l6 5.469c0.094 0.094 0.156 0.219 0.156 0.359v0z\"><\/path>\n\t\t\t<\/svg><\/span>\t\t\t\t<\/a>\n\t\t\t<\/p>\n\t\t<\/div><!-- .entry-actions -->\n\t\t<\/footer><!-- .entry-footer -->\t\t<\/div>\n\t<\/article>\n<\/li>\n<li class=\"kb-post-list-item\">\n\t<article class=\"entry content-bg loop-entry post-2515 post type-post status-publish format-standard has-post-thumbnail hentry category-alquiler-piso-sabadell tag-piso-en-alquiler-en-sabadell\">\n\t\t\t\t<a aria-hidden=\"true\" tabindex=\"-1\" role=\"presentation\" class=\"post-thumbnail kadence-thumbnail-ratio-2-3\" href=\"https:\/\/www.fingracen.com\/ca\/los-tres-elementos-esenciales-que-debe-tener-un-buen-piso-en-alquiler\/\" aria-label=\"Los tres elementos esenciales que debe tener un buen piso en alquiler\">\n\t\t\t<div class=\"post-thumbnail-inner\">\n\t\t\t\t<img loading=\"lazy\" decoding=\"async\" width=\"768\" height=\"543\" src=\"https:\/\/www.fingracen.com\/wp-content\/uploads\/2024\/09\/piso-en-alquiler-en-Sabadell-768x543.jpg\" class=\"attachment-medium_large size-medium_large wp-post-image\" alt=\"Los tres elementos esenciales que debe tener un buen piso en alquiler\" srcset=\"https:\/\/www.fingracen.com\/wp-content\/uploads\/2024\/09\/piso-en-alquiler-en-Sabadell-768x543.jpg 768w, https:\/\/www.fingracen.com\/wp-content\/uploads\/2024\/09\/piso-en-alquiler-en-Sabadell-300x212.jpg 300w, https:\/\/www.fingracen.com\/wp-content\/uploads\/2024\/09\/piso-en-alquiler-en-Sabadell-1024x724.jpg 1024w, https:\/\/www.fingracen.com\/wp-content\/uploads\/2024\/09\/piso-en-alquiler-en-Sabadell-1536x1086.jpg 1536w, https:\/\/www.fingracen.com\/wp-content\/uploads\/2024\/09\/piso-en-alquiler-en-Sabadell-18x12.jpg 18w, https:\/\/www.fingracen.com\/wp-content\/uploads\/2024\/09\/piso-en-alquiler-en-Sabadell.jpg 2000w\" sizes=\"auto, (max-width: 768px) 100vw, 768px\" \/>\t\t\t<\/div>\n\t\t<\/a><!-- .post-thumbnail -->\n\t\t\t\t<div class=\"entry-content-wrap\">\n\t\t\t<header class=\"entry-header\">\n\t\t<div class=\"entry-taxonomies\">\n\t\t<span class=\"category-links term-links category-style-normal\">\n\t\t\t<a href=\"https:\/\/www.fingracen.com\/ca\/category\/alquiler-piso-sabadell\/\" class=\"category-link-alquiler-piso-sabadell\" rel=\"tag\">lloguer pis Sabadell<\/a>\t\t<\/span>\n\t<\/div><!-- .entry-taxonomies -->\n\t<h3 class=\"entry-title\"><a href=\"https:\/\/www.fingracen.com\/ca\/los-tres-elementos-esenciales-que-debe-tener-un-buen-piso-en-alquiler\/\" rel=\"bookmark\">Los tres elementos esenciales que debe tener un buen piso en alquiler<\/a><\/h3>\t<div class=\"entry-meta entry-meta-divider-dot\">\n\t\t\t\t<span class=\"posted-on\">\n\t\t\t\t<time class=\"entry-date published\" datetime=\"2024-08-30T23:49:21+02:00\">30 d&#039;agost de 2024<\/time><time class=\"updated\" datetime=\"2024-09-02T00:03:13+02:00\">2 de setembre de 2024<\/time>\t\t\t<\/span>\n\t\t\t\t<\/div><!-- .entry-meta -->\n\t<\/header><!-- .entry-header -->\n\t<div class=\"entry-summary\">\n\t\t<p>Piso en alquiler en Sabadell: lo que debes saber Encontrar un piso en alquiler en Sabadell que cumpla con todas tus expectativas puede ser un desaf\u00edo, especialmente si buscas un&#8230;<\/p>\n\t<\/div><!-- .entry-summary -->\n\t<footer class=\"entry-footer\">\n\t\t\t<div class=\"entry-actions\">\n\t\t\t<p class=\"more-link-wrap\">\n\t\t\t\t<a href=\"https:\/\/www.fingracen.com\/ca\/los-tres-elementos-esenciales-que-debe-tener-un-buen-piso-en-alquiler\/\" class=\"post-more-link\">\n\t\t\t\t\tRead More<span class=\"screen-reader-text\"> Los tres elementos esenciales que debe tener un buen piso en alquiler<\/span><span class=\"kadence-svg-iconset svg-baseline\"><svg aria-hidden=\"true\" class=\"kadence-svg-icon kadence-arrow-right-alt-svg\" fill=\"currentColor\" version=\"1.1\" xmlns=\"http:\/\/www.w3.org\/2000\/svg\" width=\"27\" height=\"28\" viewbox=\"0 0 27 28\"><title>Continue<\/title><path d=\"M27 13.953c0 0.141-0.063 0.281-0.156 0.375l-6 5.531c-0.156 0.141-0.359 0.172-0.547 0.094-0.172-0.078-0.297-0.25-0.297-0.453v-3.5h-19.5c-0.281 0-0.5-0.219-0.5-0.5v-3c0-0.281 0.219-0.5 0.5-0.5h19.5v-3.5c0-0.203 0.109-0.375 0.297-0.453s0.391-0.047 0.547 0.078l6 5.469c0.094 0.094 0.156 0.219 0.156 0.359v0z\"><\/path>\n\t\t\t<\/svg><\/span>\t\t\t\t<\/a>\n\t\t\t<\/p>\n\t\t<\/div><!-- .entry-actions -->\n\t\t<\/footer><!-- .entry-footer -->\t\t<\/div>\n\t<\/article>\n<\/li>\n<li class=\"kb-post-list-item\">\n\t<article class=\"entry content-bg loop-entry post-2509 post type-post status-publish format-standard has-post-thumbnail hentry category-alquiler-casa-sabadell tag-casa-en-alquiler-en-sabadell\">\n\t\t\t\t<a aria-hidden=\"true\" tabindex=\"-1\" role=\"presentation\" class=\"post-thumbnail kadence-thumbnail-ratio-2-3\" href=\"https:\/\/www.fingracen.com\/ca\/como-encontrar-la-casa-en-alquiler-perfecta-para-ti-y-tu-familia\/\" aria-label=\"C\u00f3mo encontrar la casa en alquiler perfecta para ti y tu familia\">\n\t\t\t<div class=\"post-thumbnail-inner\">\n\t\t\t\t<img loading=\"lazy\" decoding=\"async\" width=\"768\" height=\"543\" src=\"https:\/\/www.fingracen.com\/wp-content\/uploads\/2024\/08\/Casa-en-alquiler-en-Sabadell-768x543.jpg\" class=\"attachment-medium_large size-medium_large wp-post-image\" alt=\"C\u00f3mo encontrar la casa en alquiler perfecta para ti y tu familia\" srcset=\"https:\/\/www.fingracen.com\/wp-content\/uploads\/2024\/08\/Casa-en-alquiler-en-Sabadell-768x543.jpg 768w, https:\/\/www.fingracen.com\/wp-content\/uploads\/2024\/08\/Casa-en-alquiler-en-Sabadell-300x212.jpg 300w, https:\/\/www.fingracen.com\/wp-content\/uploads\/2024\/08\/Casa-en-alquiler-en-Sabadell-1024x724.jpg 1024w, https:\/\/www.fingracen.com\/wp-content\/uploads\/2024\/08\/Casa-en-alquiler-en-Sabadell-1536x1086.jpg 1536w, https:\/\/www.fingracen.com\/wp-content\/uploads\/2024\/08\/Casa-en-alquiler-en-Sabadell-18x12.jpg 18w, https:\/\/www.fingracen.com\/wp-content\/uploads\/2024\/08\/Casa-en-alquiler-en-Sabadell.jpg 2000w\" sizes=\"auto, (max-width: 768px) 100vw, 768px\" \/>\t\t\t<\/div>\n\t\t<\/a><!-- .post-thumbnail -->\n\t\t\t\t<div class=\"entry-content-wrap\">\n\t\t\t<header class=\"entry-header\">\n\t\t<div class=\"entry-taxonomies\">\n\t\t<span class=\"category-links term-links category-style-normal\">\n\t\t\t<a href=\"https:\/\/www.fingracen.com\/ca\/category\/alquiler-casa-sabadell\/\" class=\"category-link-alquiler-casa-sabadell\" rel=\"tag\">alquiler casa Sabadell<\/a>\t\t<\/span>\n\t<\/div><!-- .entry-taxonomies -->\n\t<h3 class=\"entry-title\"><a href=\"https:\/\/www.fingracen.com\/ca\/como-encontrar-la-casa-en-alquiler-perfecta-para-ti-y-tu-familia\/\" rel=\"bookmark\">C\u00f3mo encontrar la casa en alquiler perfecta para ti y tu familia<\/a><\/h3>\t<div class=\"entry-meta entry-meta-divider-dot\">\n\t\t\t\t<span class=\"posted-on\">\n\t\t\t\t<time class=\"entry-date published\" datetime=\"2024-08-27T15:21:29+02:00\">27 d&#039;agost de 2024<\/time><time class=\"updated\" datetime=\"2024-08-27T15:21:30+02:00\">27 d&#039;agost de 2024<\/time>\t\t\t<\/span>\n\t\t\t\t<\/div><!-- .entry-meta -->\n\t<\/header><!-- .entry-header -->\n\t<div class=\"entry-summary\">\n\t\t<p>Casa en alquiler en Sabadell: encuentra tu hogar Encontrar la casa en alquiler en Sabadell ideal para ti y tu familia puede parecer un desaf\u00edo, pero con la estrategia adecuada&#8230;<\/p>\n\t<\/div><!-- .entry-summary -->\n\t<footer class=\"entry-footer\">\n\t\t\t<div class=\"entry-actions\">\n\t\t\t<p class=\"more-link-wrap\">\n\t\t\t\t<a href=\"https:\/\/www.fingracen.com\/ca\/como-encontrar-la-casa-en-alquiler-perfecta-para-ti-y-tu-familia\/\" class=\"post-more-link\">\n\t\t\t\t\tRead More<span class=\"screen-reader-text\"> C\u00f3mo encontrar la casa en alquiler perfecta para ti y tu familia<\/span><span class=\"kadence-svg-iconset svg-baseline\"><svg aria-hidden=\"true\" class=\"kadence-svg-icon kadence-arrow-right-alt-svg\" fill=\"currentColor\" version=\"1.1\" xmlns=\"http:\/\/www.w3.org\/2000\/svg\" width=\"27\" height=\"28\" viewbox=\"0 0 27 28\"><title>Continue<\/title><path d=\"M27 13.953c0 0.141-0.063 0.281-0.156 0.375l-6 5.531c-0.156 0.141-0.359 0.172-0.547 0.094-0.172-0.078-0.297-0.25-0.297-0.453v-3.5h-19.5c-0.281 0-0.5-0.219-0.5-0.5v-3c0-0.281 0.219-0.5 0.5-0.5h19.5v-3.5c0-0.203 0.109-0.375 0.297-0.453s0.391-0.047 0.547 0.078l6 5.469c0.094 0.094 0.156 0.219 0.156 0.359v0z\"><\/path>\n\t\t\t<\/svg><\/span>\t\t\t\t<\/a>\n\t\t\t<\/p>\n\t\t<\/div><!-- .entry-actions -->\n\t\t<\/footer><!-- .entry-footer -->\t\t<\/div>\n\t<\/article>\n<\/li>\n<li class=\"kb-post-list-item\">\n\t<article class=\"entry content-bg loop-entry post-2501 post type-post status-publish format-standard has-post-thumbnail hentry category-comprar-piso-sabadell tag-comprar-piso-en-sabadell\">\n\t\t\t\t<a aria-hidden=\"true\" tabindex=\"-1\" role=\"presentation\" class=\"post-thumbnail kadence-thumbnail-ratio-2-3\" href=\"https:\/\/www.fingracen.com\/ca\/asi-puedes-obtener-la-mejor-oferta-al-comprar-un-piso\/\" aria-label=\"As\u00ed puedes obtener la mejor oferta al comprar un piso\">\n\t\t\t<div class=\"post-thumbnail-inner\">\n\t\t\t\t<img loading=\"lazy\" decoding=\"async\" width=\"768\" height=\"543\" src=\"https:\/\/www.fingracen.com\/wp-content\/uploads\/2024\/08\/Comprar-un-piso-en-Sabadell-768x543.jpg\" class=\"attachment-medium_large size-medium_large wp-post-image\" alt=\"As\u00ed puedes obtener la mejor oferta al comprar un piso\" srcset=\"https:\/\/www.fingracen.com\/wp-content\/uploads\/2024\/08\/Comprar-un-piso-en-Sabadell-768x543.jpg 768w, https:\/\/www.fingracen.com\/wp-content\/uploads\/2024\/08\/Comprar-un-piso-en-Sabadell-300x212.jpg 300w, https:\/\/www.fingracen.com\/wp-content\/uploads\/2024\/08\/Comprar-un-piso-en-Sabadell-1024x724.jpg 1024w, https:\/\/www.fingracen.com\/wp-content\/uploads\/2024\/08\/Comprar-un-piso-en-Sabadell-1536x1086.jpg 1536w, https:\/\/www.fingracen.com\/wp-content\/uploads\/2024\/08\/Comprar-un-piso-en-Sabadell-18x12.jpg 18w, https:\/\/www.fingracen.com\/wp-content\/uploads\/2024\/08\/Comprar-un-piso-en-Sabadell.jpg 2000w\" sizes=\"auto, (max-width: 768px) 100vw, 768px\" \/>\t\t\t<\/div>\n\t\t<\/a><!-- .post-thumbnail -->\n\t\t\t\t<div class=\"entry-content-wrap\">\n\t\t\t<header class=\"entry-header\">\n\t\t<div class=\"entry-taxonomies\">\n\t\t<span class=\"category-links term-links category-style-normal\">\n\t\t\t<a href=\"https:\/\/www.fingracen.com\/ca\/category\/comprar-piso-sabadell\/\" class=\"category-link-comprar-piso-sabadell\" rel=\"tag\">comprar pis Sabadell<\/a>\t\t<\/span>\n\t<\/div><!-- .entry-taxonomies -->\n\t<h3 class=\"entry-title\"><a href=\"https:\/\/www.fingracen.com\/ca\/asi-puedes-obtener-la-mejor-oferta-al-comprar-un-piso\/\" rel=\"bookmark\">As\u00ed puedes obtener la mejor oferta al comprar un piso<\/a><\/h3>\t<div class=\"entry-meta entry-meta-divider-dot\">\n\t\t\t\t<span class=\"posted-on\">\n\t\t\t\t<time class=\"entry-date published\" datetime=\"2024-08-26T17:42:01+02:00\">26 d&#039;agost de 2024<\/time><time class=\"updated\" datetime=\"2024-08-26T17:42:02+02:00\">26 d&#039;agost de 2024<\/time>\t\t\t<\/span>\n\t\t\t\t<\/div><!-- .entry-meta -->\n\t<\/header><!-- .entry-header -->\n\t<div class=\"entry-summary\">\n\t\t<p>Consejos poco conocidos para comprar un piso en Sabadell Comprar un piso en Sabadell es una decisi\u00f3n importante que requiere una planificaci\u00f3n cuidadosa y una estrategia bien pensada. Aunque muchos&#8230;<\/p>\n\t<\/div><!-- .entry-summary -->\n\t<footer class=\"entry-footer\">\n\t\t\t<div class=\"entry-actions\">\n\t\t\t<p class=\"more-link-wrap\">\n\t\t\t\t<a href=\"https:\/\/www.fingracen.com\/ca\/asi-puedes-obtener-la-mejor-oferta-al-comprar-un-piso\/\" class=\"post-more-link\">\n\t\t\t\t\tRead More<span class=\"screen-reader-text\"> As\u00ed puedes obtener la mejor oferta al comprar un piso<\/span><span class=\"kadence-svg-iconset svg-baseline\"><svg aria-hidden=\"true\" class=\"kadence-svg-icon kadence-arrow-right-alt-svg\" fill=\"currentColor\" version=\"1.1\" xmlns=\"http:\/\/www.w3.org\/2000\/svg\" width=\"27\" height=\"28\" viewbox=\"0 0 27 28\"><title>Continue<\/title><path d=\"M27 13.953c0 0.141-0.063 0.281-0.156 0.375l-6 5.531c-0.156 0.141-0.359 0.172-0.547 0.094-0.172-0.078-0.297-0.25-0.297-0.453v-3.5h-19.5c-0.281 0-0.5-0.219-0.5-0.5v-3c0-0.281 0.219-0.5 0.5-0.5h19.5v-3.5c0-0.203 0.109-0.375 0.297-0.453s0.391-0.047 0.547 0.078l6 5.469c0.094 0.094 0.156 0.219 0.156 0.359v0z\"><\/path>\n\t\t\t<\/svg><\/span>\t\t\t\t<\/a>\n\t\t\t<\/p>\n\t\t<\/div><!-- .entry-actions -->\n\t\t<\/footer><!-- .entry-footer -->\t\t<\/div>\n\t<\/article>\n<\/li>\n<li class=\"kb-post-list-item\">\n\t<article class=\"entry content-bg loop-entry post-2495 post type-post status-publish format-standard has-post-thumbnail hentry category-comprar-casa-sabadell tag-comprar-casa-en-sabadell\">\n\t\t\t\t<a aria-hidden=\"true\" tabindex=\"-1\" role=\"presentation\" class=\"post-thumbnail kadence-thumbnail-ratio-2-3\" href=\"https:\/\/www.fingracen.com\/ca\/guia-esencial-para-comprar-una-casa-consejos-y-consideraciones\/\" aria-label=\"Gu\u00eda esencial para comprar una casa: consejos y consideraciones\">\n\t\t\t<div class=\"post-thumbnail-inner\">\n\t\t\t\t<img loading=\"lazy\" decoding=\"async\" width=\"768\" height=\"543\" src=\"https:\/\/www.fingracen.com\/wp-content\/uploads\/2024\/08\/comprar-casa-sabadell-768x543.jpg\" class=\"attachment-medium_large size-medium_large wp-post-image\" alt=\"Gu\u00eda esencial para comprar una casa: consejos y consideraciones\" srcset=\"https:\/\/www.fingracen.com\/wp-content\/uploads\/2024\/08\/comprar-casa-sabadell-768x543.jpg 768w, https:\/\/www.fingracen.com\/wp-content\/uploads\/2024\/08\/comprar-casa-sabadell-300x212.jpg 300w, https:\/\/www.fingracen.com\/wp-content\/uploads\/2024\/08\/comprar-casa-sabadell-1024x724.jpg 1024w, https:\/\/www.fingracen.com\/wp-content\/uploads\/2024\/08\/comprar-casa-sabadell-1536x1086.jpg 1536w, https:\/\/www.fingracen.com\/wp-content\/uploads\/2024\/08\/comprar-casa-sabadell-18x12.jpg 18w, https:\/\/www.fingracen.com\/wp-content\/uploads\/2024\/08\/comprar-casa-sabadell.jpg 2000w\" sizes=\"auto, (max-width: 768px) 100vw, 768px\" \/>\t\t\t<\/div>\n\t\t<\/a><!-- .post-thumbnail -->\n\t\t\t\t<div class=\"entry-content-wrap\">\n\t\t\t<header class=\"entry-header\">\n\t\t<div class=\"entry-taxonomies\">\n\t\t<span class=\"category-links term-links category-style-normal\">\n\t\t\t<a href=\"https:\/\/www.fingracen.com\/ca\/category\/comprar-casa-sabadell\/\" class=\"category-link-comprar-casa-sabadell\" rel=\"tag\">comprar casa sabadell<\/a>\t\t<\/span>\n\t<\/div><!-- .entry-taxonomies -->\n\t<h3 class=\"entry-title\"><a href=\"https:\/\/www.fingracen.com\/ca\/guia-esencial-para-comprar-una-casa-consejos-y-consideraciones\/\" rel=\"bookmark\">Gu\u00eda esencial para comprar una casa: consejos y consideraciones<\/a><\/h3>\t<div class=\"entry-meta entry-meta-divider-dot\">\n\t\t\t\t<span class=\"posted-on\">\n\t\t\t\t<time class=\"entry-date published\" datetime=\"2024-08-23T17:15:08+02:00\">23 d&#039;agost de 2024<\/time><time class=\"updated\" datetime=\"2024-08-26T17:33:23+02:00\">26 d&#039;agost de 2024<\/time>\t\t\t<\/span>\n\t\t\t\t<\/div><!-- .entry-meta -->\n\t<\/header><!-- .entry-header -->\n\t<div class=\"entry-summary\">\n\t\t<p>La importancia de la planificaci\u00f3n al comprar una casa en Sabadell Comprar casa en Sabadell es una decisi\u00f3n importante que requiere una planificaci\u00f3n cuidadosa y una comprensi\u00f3n profunda del mercado&#8230;<\/p>\n\t<\/div><!-- .entry-summary -->\n\t<footer class=\"entry-footer\">\n\t\t\t<div class=\"entry-actions\">\n\t\t\t<p class=\"more-link-wrap\">\n\t\t\t\t<a href=\"https:\/\/www.fingracen.com\/ca\/guia-esencial-para-comprar-una-casa-consejos-y-consideraciones\/\" class=\"post-more-link\">\n\t\t\t\t\tRead More<span class=\"screen-reader-text\"> Gu\u00eda esencial para comprar una casa: consejos y consideraciones<\/span><span class=\"kadence-svg-iconset svg-baseline\"><svg aria-hidden=\"true\" class=\"kadence-svg-icon kadence-arrow-right-alt-svg\" fill=\"currentColor\" version=\"1.1\" xmlns=\"http:\/\/www.w3.org\/2000\/svg\" width=\"27\" height=\"28\" viewbox=\"0 0 27 28\"><title>Continue<\/title><path d=\"M27 13.953c0 0.141-0.063 0.281-0.156 0.375l-6 5.531c-0.156 0.141-0.359 0.172-0.547 0.094-0.172-0.078-0.297-0.25-0.297-0.453v-3.5h-19.5c-0.281 0-0.5-0.219-0.5-0.5v-3c0-0.281 0.219-0.5 0.5-0.5h19.5v-3.5c0-0.203 0.109-0.375 0.297-0.453s0.391-0.047 0.547 0.078l6 5.469c0.094 0.094 0.156 0.219 0.156 0.359v0z\"><\/path>\n\t\t\t<\/svg><\/span>\t\t\t\t<\/a>\n\t\t\t<\/p>\n\t\t<\/div><!-- .entry-actions -->\n\t\t<\/footer><!-- .entry-footer -->\t\t<\/div>\n\t<\/article>\n<\/li>\n<li class=\"kb-post-list-item\">\n\t<article class=\"entry content-bg loop-entry post-2471 post type-post status-publish format-standard has-post-thumbnail hentry category-alquiler-casa-sabadell category-alquiler-piso-sabadell tag-alquiler-casa-sabadell\">\n\t\t\t\t<a aria-hidden=\"true\" tabindex=\"-1\" role=\"presentation\" class=\"post-thumbnail kadence-thumbnail-ratio-2-3\" href=\"https:\/\/www.fingracen.com\/ca\/rentabiliza-tu-segunda-residencia-y-pon-tu-propiedad-en-alquiler\/\" aria-label=\"Rentabiliza tu segunda residencia y pon tu propiedad en alquiler\">\n\t\t\t<div class=\"post-thumbnail-inner\">\n\t\t\t\t<img loading=\"lazy\" decoding=\"async\" width=\"768\" height=\"512\" src=\"https:\/\/www.fingracen.com\/wp-content\/uploads\/2024\/07\/alquiler-casas-Sabadell-768x512.jpg\" class=\"attachment-medium_large size-medium_large wp-post-image\" alt=\"padre e hija sentados en el jard\u00edn de una casa\" srcset=\"https:\/\/www.fingracen.com\/wp-content\/uploads\/2024\/07\/alquiler-casas-Sabadell-768x512.jpg 768w, https:\/\/www.fingracen.com\/wp-content\/uploads\/2024\/07\/alquiler-casas-Sabadell-300x200.jpg 300w, https:\/\/www.fingracen.com\/wp-content\/uploads\/2024\/07\/alquiler-casas-Sabadell-18x12.jpg 18w, https:\/\/www.fingracen.com\/wp-content\/uploads\/2024\/07\/alquiler-casas-Sabadell.jpg 900w\" sizes=\"auto, (max-width: 768px) 100vw, 768px\" \/>\t\t\t<\/div>\n\t\t<\/a><!-- .post-thumbnail -->\n\t\t\t\t<div class=\"entry-content-wrap\">\n\t\t\t<header class=\"entry-header\">\n\t\t<div class=\"entry-taxonomies\">\n\t\t<span class=\"category-links term-links category-style-normal\">\n\t\t\t<a href=\"https:\/\/www.fingracen.com\/ca\/category\/alquiler-casa-sabadell\/\" class=\"category-link-alquiler-casa-sabadell\" rel=\"tag\">alquiler casa Sabadell<\/a> | <a href=\"https:\/\/www.fingracen.com\/ca\/category\/alquiler-piso-sabadell\/\" class=\"category-link-alquiler-piso-sabadell\" rel=\"tag\">lloguer pis Sabadell<\/a>\t\t<\/span>\n\t<\/div><!-- .entry-taxonomies -->\n\t<h3 class=\"entry-title\"><a href=\"https:\/\/www.fingracen.com\/ca\/rentabiliza-tu-segunda-residencia-y-pon-tu-propiedad-en-alquiler\/\" rel=\"bookmark\">Rentabiliza tu segunda residencia y pon tu propiedad en alquiler<\/a><\/h3>\t<div class=\"entry-meta entry-meta-divider-dot\">\n\t\t\t\t<span class=\"posted-on\">\n\t\t\t\t<time class=\"entry-date published\" datetime=\"2024-07-23T11:41:03+02:00\">23 de juliol de 2024<\/time><time class=\"updated\" datetime=\"2024-07-17T12:07:29+02:00\">17 de juliol de 2024<\/time>\t\t\t<\/span>\n\t\t\t\t<\/div><!-- .entry-meta -->\n\t<\/header><!-- .entry-header -->\n\t<div class=\"entry-summary\">\n\t\t<p>Fingracen; especialistas en gesti\u00f3n de alquileres Poner en alquiler tu casa de segunda residencia en Sabadell no solo te permite generar ingresos pasivos, sino que tambi\u00e9n amortiza los costos de&#8230;<\/p>\n\t<\/div><!-- .entry-summary -->\n\t<footer class=\"entry-footer\">\n\t\t\t<div class=\"entry-actions\">\n\t\t\t<p class=\"more-link-wrap\">\n\t\t\t\t<a href=\"https:\/\/www.fingracen.com\/ca\/rentabiliza-tu-segunda-residencia-y-pon-tu-propiedad-en-alquiler\/\" class=\"post-more-link\">\n\t\t\t\t\tRead More<span class=\"screen-reader-text\"> Rentabiliza tu segunda residencia y pon tu propiedad en alquiler<\/span><span class=\"kadence-svg-iconset svg-baseline\"><svg aria-hidden=\"true\" class=\"kadence-svg-icon kadence-arrow-right-alt-svg\" fill=\"currentColor\" version=\"1.1\" xmlns=\"http:\/\/www.w3.org\/2000\/svg\" width=\"27\" height=\"28\" viewbox=\"0 0 27 28\"><title>Continue<\/title><path d=\"M27 13.953c0 0.141-0.063 0.281-0.156 0.375l-6 5.531c-0.156 0.141-0.359 0.172-0.547 0.094-0.172-0.078-0.297-0.25-0.297-0.453v-3.5h-19.5c-0.281 0-0.5-0.219-0.5-0.5v-3c0-0.281 0.219-0.5 0.5-0.5h19.5v-3.5c0-0.203 0.109-0.375 0.297-0.453s0.391-0.047 0.547 0.078l6 5.469c0.094 0.094 0.156 0.219 0.156 0.359v0z\"><\/path>\n\t\t\t<\/svg><\/span>\t\t\t\t<\/a>\n\t\t\t<\/p>\n\t\t<\/div><!-- .entry-actions -->\n\t\t<\/footer><!-- .entry-footer -->\t\t<\/div>\n\t<\/article>\n<\/li>\n<li class=\"kb-post-list-item\">\n\t<article class=\"entry content-bg loop-entry post-2441 post type-post status-publish format-standard has-post-thumbnail hentry category-inmobiliaria-sabadell tag-inmobiliaria-sabadell\">\n\t\t\t\t<a aria-hidden=\"true\" tabindex=\"-1\" role=\"presentation\" class=\"post-thumbnail kadence-thumbnail-ratio-2-3\" href=\"https:\/\/www.fingracen.com\/ca\/que-son-los-seguros-de-impago-y-como-te-ayudamos-desde-nuestra-inmobiliaria-en-sabadell\/\" aria-label=\"\u00bfQu\u00e9 son los seguros de impago y c\u00f3mo te ayudamos desde nuestra inmobiliaria en Sabadell?\">\n\t\t\t<div class=\"post-thumbnail-inner\">\n\t\t\t\t<img loading=\"lazy\" decoding=\"async\" width=\"768\" height=\"512\" src=\"https:\/\/www.fingracen.com\/wp-content\/uploads\/2024\/07\/pexels-shkrabaanthony-5816286-768x512.jpg\" class=\"attachment-medium_large size-medium_large wp-post-image\" alt=\"pareja reunida con un hombre trajeado\" srcset=\"https:\/\/www.fingracen.com\/wp-content\/uploads\/2024\/07\/pexels-shkrabaanthony-5816286-768x512.jpg 768w, https:\/\/www.fingracen.com\/wp-content\/uploads\/2024\/07\/pexels-shkrabaanthony-5816286-300x200.jpg 300w, https:\/\/www.fingracen.com\/wp-content\/uploads\/2024\/07\/pexels-shkrabaanthony-5816286-1024x683.jpg 1024w, https:\/\/www.fingracen.com\/wp-content\/uploads\/2024\/07\/pexels-shkrabaanthony-5816286-1536x1024.jpg 1536w, https:\/\/www.fingracen.com\/wp-content\/uploads\/2024\/07\/pexels-shkrabaanthony-5816286-2048x1366.jpg 2048w, https:\/\/www.fingracen.com\/wp-content\/uploads\/2024\/07\/pexels-shkrabaanthony-5816286-18x12.jpg 18w\" sizes=\"auto, (max-width: 768px) 100vw, 768px\" \/>\t\t\t<\/div>\n\t\t<\/a><!-- .post-thumbnail -->\n\t\t\t\t<div class=\"entry-content-wrap\">\n\t\t\t<header class=\"entry-header\">\n\t\t<div class=\"entry-taxonomies\">\n\t\t<span class=\"category-links term-links category-style-normal\">\n\t\t\t<a href=\"https:\/\/www.fingracen.com\/ca\/category\/inmobiliaria-sabadell\/\" class=\"category-link-inmobiliaria-sabadell\" rel=\"tag\">immobili\u00e0ria Sabadell<\/a>\t\t<\/span>\n\t<\/div><!-- .entry-taxonomies -->\n\t<h3 class=\"entry-title\"><a href=\"https:\/\/www.fingracen.com\/ca\/que-son-los-seguros-de-impago-y-como-te-ayudamos-desde-nuestra-inmobiliaria-en-sabadell\/\" rel=\"bookmark\">\u00bfQu\u00e9 son los seguros de impago y c\u00f3mo te ayudamos desde nuestra inmobiliaria en Sabadell?<\/a><\/h3>\t<div class=\"entry-meta entry-meta-divider-dot\">\n\t\t\t\t<span class=\"posted-on\">\n\t\t\t\t<time class=\"entry-date published\" datetime=\"2024-07-17T08:57:02+02:00\">17 de juliol de 2024<\/time><time class=\"updated\" datetime=\"2024-07-17T09:54:46+02:00\">17 de juliol de 2024<\/time>\t\t\t<\/span>\n\t\t\t\t<\/div><!-- .entry-meta -->\n\t<\/header><!-- .entry-header -->\n\t<div class=\"entry-summary\">\n\t\t<p>Protege tu patrimonio con Fingracen En nuestra inmobiliaria en Sabadell entendemos que uno de los mayores riesgos que enfrentan los propietarios es el impago de alquileres. Por eso, ofrecemos seguros&#8230;<\/p>\n\t<\/div><!-- .entry-summary -->\n\t<footer class=\"entry-footer\">\n\t\t\t<div class=\"entry-actions\">\n\t\t\t<p class=\"more-link-wrap\">\n\t\t\t\t<a href=\"https:\/\/www.fingracen.com\/ca\/que-son-los-seguros-de-impago-y-como-te-ayudamos-desde-nuestra-inmobiliaria-en-sabadell\/\" class=\"post-more-link\">\n\t\t\t\t\tRead More<span class=\"screen-reader-text\"> \u00bfQu\u00e9 son los seguros de impago y c\u00f3mo te ayudamos desde nuestra inmobiliaria en Sabadell?<\/span><span class=\"kadence-svg-iconset svg-baseline\"><svg aria-hidden=\"true\" class=\"kadence-svg-icon kadence-arrow-right-alt-svg\" fill=\"currentColor\" version=\"1.1\" xmlns=\"http:\/\/www.w3.org\/2000\/svg\" width=\"27\" height=\"28\" viewbox=\"0 0 27 28\"><title>Continue<\/title><path d=\"M27 13.953c0 0.141-0.063 0.281-0.156 0.375l-6 5.531c-0.156 0.141-0.359 0.172-0.547 0.094-0.172-0.078-0.297-0.25-0.297-0.453v-3.5h-19.5c-0.281 0-0.5-0.219-0.5-0.5v-3c0-0.281 0.219-0.5 0.5-0.5h19.5v-3.5c0-0.203 0.109-0.375 0.297-0.453s0.391-0.047 0.547 0.078l6 5.469c0.094 0.094 0.156 0.219 0.156 0.359v0z\"><\/path>\n\t\t\t<\/svg><\/span>\t\t\t\t<\/a>\n\t\t\t<\/p>\n\t\t<\/div><!-- .entry-actions -->\n\t\t<\/footer><!-- .entry-footer -->\t\t<\/div>\n\t<\/article>\n<\/li>\n<li class=\"kb-post-list-item\">\n\t<article class=\"entry content-bg loop-entry post-2462 post type-post status-publish format-standard has-post-thumbnail hentry category-comprar-casa-sabadell tag-comprar-casa-sabadell\">\n\t\t\t\t<a aria-hidden=\"true\" tabindex=\"-1\" role=\"presentation\" class=\"post-thumbnail kadence-thumbnail-ratio-2-3\" href=\"https:\/\/www.fingracen.com\/ca\/disfruta-de-la-vida-urbana-sin-perder-la-conexion-con-la-naturaleza-comprando-una-casa-con-jardin\/\" aria-label=\"Disfruta de la vida urbana sin perder la conexi\u00f3n con la naturaleza comprando una casa con jard\u00edn\">\n\t\t\t<div class=\"post-thumbnail-inner\">\n\t\t\t\t<img loading=\"lazy\" decoding=\"async\" width=\"768\" height=\"512\" src=\"https:\/\/www.fingracen.com\/wp-content\/uploads\/2024\/07\/comprar-casas-Sabadell-768x512.jpg\" class=\"attachment-medium_large size-medium_large wp-post-image\" alt=\"mujeres tocando guitarra en el jard\u00edn de una casa\" srcset=\"https:\/\/www.fingracen.com\/wp-content\/uploads\/2024\/07\/comprar-casas-Sabadell-768x512.jpg 768w, https:\/\/www.fingracen.com\/wp-content\/uploads\/2024\/07\/comprar-casas-Sabadell-300x200.jpg 300w, https:\/\/www.fingracen.com\/wp-content\/uploads\/2024\/07\/comprar-casas-Sabadell-18x12.jpg 18w, https:\/\/www.fingracen.com\/wp-content\/uploads\/2024\/07\/comprar-casas-Sabadell.jpg 900w\" sizes=\"auto, (max-width: 768px) 100vw, 768px\" \/>\t\t\t<\/div>\n\t\t<\/a><!-- .post-thumbnail -->\n\t\t\t\t<div class=\"entry-content-wrap\">\n\t\t\t<header class=\"entry-header\">\n\t\t<div class=\"entry-taxonomies\">\n\t\t<span class=\"category-links term-links category-style-normal\">\n\t\t\t<a href=\"https:\/\/www.fingracen.com\/ca\/category\/comprar-casa-sabadell\/\" class=\"category-link-comprar-casa-sabadell\" rel=\"tag\">comprar casa sabadell<\/a>\t\t<\/span>\n\t<\/div><!-- .entry-taxonomies -->\n\t<h3 class=\"entry-title\"><a href=\"https:\/\/www.fingracen.com\/ca\/disfruta-de-la-vida-urbana-sin-perder-la-conexion-con-la-naturaleza-comprando-una-casa-con-jardin\/\" rel=\"bookmark\">Disfruta de la vida urbana sin perder la conexi\u00f3n con la naturaleza comprando una casa con jard\u00edn<\/a><\/h3>\t<div class=\"entry-meta entry-meta-divider-dot\">\n\t\t\t\t<span class=\"posted-on\">\n\t\t\t\t<time class=\"entry-date published\" datetime=\"2024-07-09T11:05:02+02:00\">9 de juliol de 2024<\/time><time class=\"updated\" datetime=\"2024-07-17T11:40:37+02:00\">17 de juliol de 2024<\/time>\t\t\t<\/span>\n\t\t\t\t<\/div><!-- .entry-meta -->\n\t<\/header><!-- .entry-header -->\n\t<div class=\"entry-summary\">\n\t\t<p>\u00bfPor qu\u00e9 es importante tener en cuenta el espacio exterior al comprar una vivienda? A veces nos cuesta decidir entre vivir en la ciudad o alejarnos de ella, ya que&#8230;<\/p>\n\t<\/div><!-- .entry-summary -->\n\t<footer class=\"entry-footer\">\n\t\t\t<div class=\"entry-actions\">\n\t\t\t<p class=\"more-link-wrap\">\n\t\t\t\t<a href=\"https:\/\/www.fingracen.com\/ca\/disfruta-de-la-vida-urbana-sin-perder-la-conexion-con-la-naturaleza-comprando-una-casa-con-jardin\/\" class=\"post-more-link\">\n\t\t\t\t\tRead More<span class=\"screen-reader-text\"> Disfruta de la vida urbana sin perder la conexi\u00f3n con la naturaleza comprando una casa con jard\u00edn<\/span><span class=\"kadence-svg-iconset svg-baseline\"><svg aria-hidden=\"true\" class=\"kadence-svg-icon kadence-arrow-right-alt-svg\" fill=\"currentColor\" version=\"1.1\" xmlns=\"http:\/\/www.w3.org\/2000\/svg\" width=\"27\" height=\"28\" viewbox=\"0 0 27 28\"><title>Continue<\/title><path d=\"M27 13.953c0 0.141-0.063 0.281-0.156 0.375l-6 5.531c-0.156 0.141-0.359 0.172-0.547 0.094-0.172-0.078-0.297-0.25-0.297-0.453v-3.5h-19.5c-0.281 0-0.5-0.219-0.5-0.5v-3c0-0.281 0.219-0.5 0.5-0.5h19.5v-3.5c0-0.203 0.109-0.375 0.297-0.453s0.391-0.047 0.547 0.078l6 5.469c0.094 0.094 0.156 0.219 0.156 0.359v0z\"><\/path>\n\t\t\t<\/svg><\/span>\t\t\t\t<\/a>\n\t\t\t<\/p>\n\t\t<\/div><!-- .entry-actions -->\n\t\t<\/footer><!-- .entry-footer -->\t\t<\/div>\n\t<\/article>\n<\/li>\n<li class=\"kb-post-list-item\">\n\t<article class=\"entry content-bg loop-entry post-2453 post type-post status-publish format-standard has-post-thumbnail hentry category-comprar-piso-sabadell category-uncategorized tag-comprar-piso-sabadell\">\n\t\t\t\t<a aria-hidden=\"true\" tabindex=\"-1\" role=\"presentation\" class=\"post-thumbnail kadence-thumbnail-ratio-2-3\" href=\"https:\/\/www.fingracen.com\/ca\/compra-tu-piso-con-la-tranquilidad-de-tener-un-seguro-de-comunidades\/\" aria-label=\"Compra tu piso con la tranquilidad de tener un seguro de comunidades\">\n\t\t\t<div class=\"post-thumbnail-inner\">\n\t\t\t\t<img loading=\"lazy\" decoding=\"async\" width=\"768\" height=\"432\" src=\"https:\/\/www.fingracen.com\/wp-content\/uploads\/2024\/03\/7-768x432.jpg\" class=\"attachment-medium_large size-medium_large wp-post-image\" alt=\"entrega de llaves\" srcset=\"https:\/\/www.fingracen.com\/wp-content\/uploads\/2024\/03\/7-768x432.jpg 768w, https:\/\/www.fingracen.com\/wp-content\/uploads\/2024\/03\/7-300x169.jpg 300w, https:\/\/www.fingracen.com\/wp-content\/uploads\/2024\/03\/7-1024x576.jpg 1024w, https:\/\/www.fingracen.com\/wp-content\/uploads\/2024\/03\/7-1536x864.jpg 1536w, https:\/\/www.fingracen.com\/wp-content\/uploads\/2024\/03\/7.jpg 1920w\" sizes=\"auto, (max-width: 768px) 100vw, 768px\" \/>\t\t\t<\/div>\n\t\t<\/a><!-- .post-thumbnail -->\n\t\t\t\t<div class=\"entry-content-wrap\">\n\t\t\t<header class=\"entry-header\">\n\t\t<div class=\"entry-taxonomies\">\n\t\t<span class=\"category-links term-links category-style-normal\">\n\t\t\t<a href=\"https:\/\/www.fingracen.com\/ca\/category\/comprar-piso-sabadell\/\" class=\"category-link-comprar-piso-sabadell\" rel=\"tag\">comprar pis Sabadell<\/a> | <a href=\"https:\/\/www.fingracen.com\/ca\/category\/uncategorized\/\" class=\"category-link-uncategorized\" rel=\"tag\">Uncategorized<\/a>\t\t<\/span>\n\t<\/div><!-- .entry-taxonomies -->\n\t<h3 class=\"entry-title\"><a href=\"https:\/\/www.fingracen.com\/ca\/compra-tu-piso-con-la-tranquilidad-de-tener-un-seguro-de-comunidades\/\" rel=\"bookmark\">Compra tu piso con la tranquilidad de tener un seguro de comunidades<\/a><\/h3>\t<div class=\"entry-meta entry-meta-divider-dot\">\n\t\t\t\t<span class=\"posted-on\">\n\t\t\t\t<time class=\"entry-date published\" datetime=\"2024-07-03T09:55:28+02:00\">3 de juliol de 2024<\/time><time class=\"updated\" datetime=\"2024-07-17T10:29:57+02:00\">17 de juliol de 2024<\/time>\t\t\t<\/span>\n\t\t\t\t<\/div><!-- .entry-meta -->\n\t<\/header><!-- .entry-header -->\n\t<div class=\"entry-summary\">\n\t\t<p>Cobertura integral Cuando decides comprar piso en Sabadell, uno de los aspectos m\u00e1s importantes a considerar es la seguridad y el bienestar de la comunidad en la que vas a&#8230;<\/p>\n\t<\/div><!-- .entry-summary -->\n\t<footer class=\"entry-footer\">\n\t\t\t<div class=\"entry-actions\">\n\t\t\t<p class=\"more-link-wrap\">\n\t\t\t\t<a href=\"https:\/\/www.fingracen.com\/ca\/compra-tu-piso-con-la-tranquilidad-de-tener-un-seguro-de-comunidades\/\" class=\"post-more-link\">\n\t\t\t\t\tRead More<span class=\"screen-reader-text\"> Compra tu piso con la tranquilidad de tener un seguro de comunidades<\/span><span class=\"kadence-svg-iconset svg-baseline\"><svg aria-hidden=\"true\" class=\"kadence-svg-icon kadence-arrow-right-alt-svg\" fill=\"currentColor\" version=\"1.1\" xmlns=\"http:\/\/www.w3.org\/2000\/svg\" width=\"27\" height=\"28\" viewbox=\"0 0 27 28\"><title>Continue<\/title><path d=\"M27 13.953c0 0.141-0.063 0.281-0.156 0.375l-6 5.531c-0.156 0.141-0.359 0.172-0.547 0.094-0.172-0.078-0.297-0.25-0.297-0.453v-3.5h-19.5c-0.281 0-0.5-0.219-0.5-0.5v-3c0-0.281 0.219-0.5 0.5-0.5h19.5v-3.5c0-0.203 0.109-0.375 0.297-0.453s0.391-0.047 0.547 0.078l6 5.469c0.094 0.094 0.156 0.219 0.156 0.359v0z\"><\/path>\n\t\t\t<\/svg><\/span>\t\t\t\t<\/a>\n\t\t\t<\/p>\n\t\t<\/div><!-- .entry-actions -->\n\t\t<\/footer><!-- .entry-footer -->\t\t<\/div>\n\t<\/article>\n<\/li>\n<li class=\"kb-post-list-item\">\n\t<article class=\"entry content-bg loop-entry post-2402 post type-post status-publish format-standard has-post-thumbnail hentry category-comprar-casa-sabadell tag-comprar-casa-sabadell\">\n\t\t\t\t<a aria-hidden=\"true\" tabindex=\"-1\" role=\"presentation\" class=\"post-thumbnail kadence-thumbnail-ratio-2-3\" href=\"https:\/\/www.fingracen.com\/ca\/consejos-para-negociar-el-precio-de-un-piso\/\" aria-label=\"Consejos para negociar el precio de un piso\">\n\t\t\t<div class=\"post-thumbnail-inner\">\n\t\t\t\t<img loading=\"lazy\" decoding=\"async\" width=\"768\" height=\"543\" src=\"https:\/\/www.fingracen.com\/wp-content\/uploads\/2024\/07\/comprar-casa-sabadell-2-768x543.jpg\" class=\"attachment-medium_large size-medium_large wp-post-image\" alt=\"Consejos para negociar el precio de un piso\" srcset=\"https:\/\/www.fingracen.com\/wp-content\/uploads\/2024\/07\/comprar-casa-sabadell-2-768x543.jpg 768w, https:\/\/www.fingracen.com\/wp-content\/uploads\/2024\/07\/comprar-casa-sabadell-2-300x212.jpg 300w, https:\/\/www.fingracen.com\/wp-content\/uploads\/2024\/07\/comprar-casa-sabadell-2-1024x724.jpg 1024w, https:\/\/www.fingracen.com\/wp-content\/uploads\/2024\/07\/comprar-casa-sabadell-2-1536x1086.jpg 1536w, https:\/\/www.fingracen.com\/wp-content\/uploads\/2024\/07\/comprar-casa-sabadell-2-18x12.jpg 18w, https:\/\/www.fingracen.com\/wp-content\/uploads\/2024\/07\/comprar-casa-sabadell-2.jpg 2000w\" sizes=\"auto, (max-width: 768px) 100vw, 768px\" \/>\t\t\t<\/div>\n\t\t<\/a><!-- .post-thumbnail -->\n\t\t\t\t<div class=\"entry-content-wrap\">\n\t\t\t<header class=\"entry-header\">\n\t\t<div class=\"entry-taxonomies\">\n\t\t<span class=\"category-links term-links category-style-normal\">\n\t\t\t<a href=\"https:\/\/www.fingracen.com\/ca\/category\/comprar-casa-sabadell\/\" class=\"category-link-comprar-casa-sabadell\" rel=\"tag\">comprar casa sabadell<\/a>\t\t<\/span>\n\t<\/div><!-- .entry-taxonomies -->\n\t<h3 class=\"entry-title\"><a href=\"https:\/\/www.fingracen.com\/ca\/consejos-para-negociar-el-precio-de-un-piso\/\" rel=\"bookmark\">Consejos para negociar el precio de un piso<\/a><\/h3>\t<div class=\"entry-meta entry-meta-divider-dot\">\n\t\t\t\t<span class=\"posted-on\">\n\t\t\t\t<time class=\"entry-date published\" datetime=\"2024-06-28T09:42:00+02:00\">28 de juny de 2024<\/time><time class=\"updated\" datetime=\"2024-07-02T09:48:34+02:00\">2 de juliol de 2024<\/time>\t\t\t<\/span>\n\t\t\t\t<\/div><!-- .entry-meta -->\n\t<\/header><!-- .entry-header -->\n\t<div class=\"entry-summary\">\n\t\t<p>Claves para Conseguir el Mejor Precio al Comprar una Casa Negociar el precio de una propiedad puede ser una de las etapas m\u00e1s intimidantes en el proceso de compra de&#8230;<\/p>\n\t<\/div><!-- .entry-summary -->\n\t<footer class=\"entry-footer\">\n\t\t\t<div class=\"entry-actions\">\n\t\t\t<p class=\"more-link-wrap\">\n\t\t\t\t<a href=\"https:\/\/www.fingracen.com\/ca\/consejos-para-negociar-el-precio-de-un-piso\/\" class=\"post-more-link\">\n\t\t\t\t\tRead More<span class=\"screen-reader-text\"> Consejos para negociar el precio de un piso<\/span><span class=\"kadence-svg-iconset svg-baseline\"><svg aria-hidden=\"true\" class=\"kadence-svg-icon kadence-arrow-right-alt-svg\" fill=\"currentColor\" version=\"1.1\" xmlns=\"http:\/\/www.w3.org\/2000\/svg\" width=\"27\" height=\"28\" viewbox=\"0 0 27 28\"><title>Continue<\/title><path d=\"M27 13.953c0 0.141-0.063 0.281-0.156 0.375l-6 5.531c-0.156 0.141-0.359 0.172-0.547 0.094-0.172-0.078-0.297-0.25-0.297-0.453v-3.5h-19.5c-0.281 0-0.5-0.219-0.5-0.5v-3c0-0.281 0.219-0.5 0.5-0.5h19.5v-3.5c0-0.203 0.109-0.375 0.297-0.453s0.391-0.047 0.547 0.078l6 5.469c0.094 0.094 0.156 0.219 0.156 0.359v0z\"><\/path>\n\t\t\t<\/svg><\/span>\t\t\t\t<\/a>\n\t\t\t<\/p>\n\t\t<\/div><!-- .entry-actions -->\n\t\t<\/footer><!-- .entry-footer -->\t\t<\/div>\n\t<\/article>\n<\/li>\n<li class=\"kb-post-list-item\">\n\t<article class=\"entry content-bg loop-entry post-2395 post type-post status-publish format-standard has-post-thumbnail hentry category-vender-casa tag-vender-casa-sabadell\">\n\t\t\t\t<a aria-hidden=\"true\" tabindex=\"-1\" role=\"presentation\" class=\"post-thumbnail kadence-thumbnail-ratio-2-3\" href=\"https:\/\/www.fingracen.com\/ca\/preparacion-de-una-casa-para-la-venta\/\" aria-label=\"Preparaci\u00f3n de una casa para la venta\">\n\t\t\t<div class=\"post-thumbnail-inner\">\n\t\t\t\t<img loading=\"lazy\" decoding=\"async\" width=\"768\" height=\"543\" src=\"https:\/\/www.fingracen.com\/wp-content\/uploads\/2024\/07\/vender-casa-sabadell-768x543.jpg\" class=\"attachment-medium_large size-medium_large wp-post-image\" alt=\"Preparaci\u00f3n de una casa para la venta\" srcset=\"https:\/\/www.fingracen.com\/wp-content\/uploads\/2024\/07\/vender-casa-sabadell-768x543.jpg 768w, https:\/\/www.fingracen.com\/wp-content\/uploads\/2024\/07\/vender-casa-sabadell-300x212.jpg 300w, https:\/\/www.fingracen.com\/wp-content\/uploads\/2024\/07\/vender-casa-sabadell-1024x724.jpg 1024w, https:\/\/www.fingracen.com\/wp-content\/uploads\/2024\/07\/vender-casa-sabadell-1536x1086.jpg 1536w, https:\/\/www.fingracen.com\/wp-content\/uploads\/2024\/07\/vender-casa-sabadell-18x12.jpg 18w, https:\/\/www.fingracen.com\/wp-content\/uploads\/2024\/07\/vender-casa-sabadell.jpg 2000w\" sizes=\"auto, (max-width: 768px) 100vw, 768px\" \/>\t\t\t<\/div>\n\t\t<\/a><!-- .post-thumbnail -->\n\t\t\t\t<div class=\"entry-content-wrap\">\n\t\t\t<header class=\"entry-header\">\n\t\t<div class=\"entry-taxonomies\">\n\t\t<span class=\"category-links term-links category-style-normal\">\n\t\t\t<a href=\"https:\/\/www.fingracen.com\/ca\/category\/vender-casa\/\" class=\"category-link-vender-casa\" rel=\"tag\">vender casa<\/a>\t\t<\/span>\n\t<\/div><!-- .entry-taxonomies -->\n\t<h3 class=\"entry-title\"><a href=\"https:\/\/www.fingracen.com\/ca\/preparacion-de-una-casa-para-la-venta\/\" rel=\"bookmark\">Preparaci\u00f3n de una casa para la venta<\/a><\/h3>\t<div class=\"entry-meta entry-meta-divider-dot\">\n\t\t\t\t<span class=\"posted-on\">\n\t\t\t\t<time class=\"entry-date published\" datetime=\"2024-06-20T09:33:00+02:00\">20 de juny de 2024<\/time><time class=\"updated\" datetime=\"2024-07-02T09:42:10+02:00\">2 de juliol de 2024<\/time>\t\t\t<\/span>\n\t\t\t\t<\/div><!-- .entry-meta -->\n\t<\/header><!-- .entry-header -->\n\t<div class=\"entry-summary\">\n\t\t<p>Estrategias efectivas para destacar tu propiedad en el mercado inmobiliario Vender una casa puede ser una tarea compleja y desafiante, especialmente en un mercado competitivo. La preparaci\u00f3n y presentaci\u00f3n adecuadas&#8230;<\/p>\n\t<\/div><!-- .entry-summary -->\n\t<footer class=\"entry-footer\">\n\t\t\t<div class=\"entry-actions\">\n\t\t\t<p class=\"more-link-wrap\">\n\t\t\t\t<a href=\"https:\/\/www.fingracen.com\/ca\/preparacion-de-una-casa-para-la-venta\/\" class=\"post-more-link\">\n\t\t\t\t\tRead More<span class=\"screen-reader-text\"> Preparaci\u00f3n de una casa para la venta<\/span><span class=\"kadence-svg-iconset svg-baseline\"><svg aria-hidden=\"true\" class=\"kadence-svg-icon kadence-arrow-right-alt-svg\" fill=\"currentColor\" version=\"1.1\" xmlns=\"http:\/\/www.w3.org\/2000\/svg\" width=\"27\" height=\"28\" viewbox=\"0 0 27 28\"><title>Continue<\/title><path d=\"M27 13.953c0 0.141-0.063 0.281-0.156 0.375l-6 5.531c-0.156 0.141-0.359 0.172-0.547 0.094-0.172-0.078-0.297-0.25-0.297-0.453v-3.5h-19.5c-0.281 0-0.5-0.219-0.5-0.5v-3c0-0.281 0.219-0.5 0.5-0.5h19.5v-3.5c0-0.203 0.109-0.375 0.297-0.453s0.391-0.047 0.547 0.078l6 5.469c0.094 0.094 0.156 0.219 0.156 0.359v0z\"><\/path>\n\t\t\t<\/svg><\/span>\t\t\t\t<\/a>\n\t\t\t<\/p>\n\t\t<\/div><!-- .entry-actions -->\n\t\t<\/footer><!-- .entry-footer -->\t\t<\/div>\n\t<\/article>\n<\/li>\n<li class=\"kb-post-list-item\">\n\t<article class=\"entry content-bg loop-entry post-2388 post type-post status-publish format-standard has-post-thumbnail hentry category-vender-piso-sabadell tag-vender-piso-sabadell\">\n\t\t\t\t<a aria-hidden=\"true\" tabindex=\"-1\" role=\"presentation\" class=\"post-thumbnail kadence-thumbnail-ratio-2-3\" href=\"https:\/\/www.fingracen.com\/ca\/marketing-inmobiliario-efectivo-para-vender-tu-piso-rapidamente\/\" aria-label=\"Marketing inmobiliario efectivo para vender tu piso r\u00e1pidamente\">\n\t\t\t<div class=\"post-thumbnail-inner\">\n\t\t\t\t<img loading=\"lazy\" decoding=\"async\" width=\"768\" height=\"543\" src=\"https:\/\/www.fingracen.com\/wp-content\/uploads\/2024\/07\/vender-piso-sabadell-768x543.jpg\" class=\"attachment-medium_large size-medium_large wp-post-image\" alt=\"Marketing inmobiliario efectivo para vender tu piso r\u00e1pidamente\" srcset=\"https:\/\/www.fingracen.com\/wp-content\/uploads\/2024\/07\/vender-piso-sabadell-768x543.jpg 768w, https:\/\/www.fingracen.com\/wp-content\/uploads\/2024\/07\/vender-piso-sabadell-300x212.jpg 300w, https:\/\/www.fingracen.com\/wp-content\/uploads\/2024\/07\/vender-piso-sabadell-1024x724.jpg 1024w, https:\/\/www.fingracen.com\/wp-content\/uploads\/2024\/07\/vender-piso-sabadell-1536x1086.jpg 1536w, https:\/\/www.fingracen.com\/wp-content\/uploads\/2024\/07\/vender-piso-sabadell-18x12.jpg 18w, https:\/\/www.fingracen.com\/wp-content\/uploads\/2024\/07\/vender-piso-sabadell.jpg 2000w\" sizes=\"auto, (max-width: 768px) 100vw, 768px\" \/>\t\t\t<\/div>\n\t\t<\/a><!-- .post-thumbnail -->\n\t\t\t\t<div class=\"entry-content-wrap\">\n\t\t\t<header class=\"entry-header\">\n\t\t<div class=\"entry-taxonomies\">\n\t\t<span class=\"category-links term-links category-style-normal\">\n\t\t\t<a href=\"https:\/\/www.fingracen.com\/ca\/category\/vender-piso-sabadell\/\" class=\"category-link-vender-piso-sabadell\" rel=\"tag\">vendre pis Sabadell<\/a>\t\t<\/span>\n\t<\/div><!-- .entry-taxonomies -->\n\t<h3 class=\"entry-title\"><a href=\"https:\/\/www.fingracen.com\/ca\/marketing-inmobiliario-efectivo-para-vender-tu-piso-rapidamente\/\" rel=\"bookmark\">Marketing inmobiliario efectivo para vender tu piso r\u00e1pidamente<\/a><\/h3>\t<div class=\"entry-meta entry-meta-divider-dot\">\n\t\t\t\t<span class=\"posted-on\">\n\t\t\t\t<time class=\"entry-date published\" datetime=\"2024-06-14T09:25:00+02:00\">14 de juny de 2024<\/time><time class=\"updated\" datetime=\"2024-07-02T09:31:47+02:00\">2 de juliol de 2024<\/time>\t\t\t<\/span>\n\t\t\t\t<\/div><!-- .entry-meta -->\n\t<\/header><!-- .entry-header -->\n\t<div class=\"entry-summary\">\n\t\t<p>T\u00e9cnicas de marketing digital para promocionar tu propiedad Vender un piso puede ser un desaf\u00edo, especialmente en un mercado competitivo. Sin embargo, con las estrategias adecuadas de marketing inmobiliario, puedes&#8230;<\/p>\n\t<\/div><!-- .entry-summary -->\n\t<footer class=\"entry-footer\">\n\t\t\t<div class=\"entry-actions\">\n\t\t\t<p class=\"more-link-wrap\">\n\t\t\t\t<a href=\"https:\/\/www.fingracen.com\/ca\/marketing-inmobiliario-efectivo-para-vender-tu-piso-rapidamente\/\" class=\"post-more-link\">\n\t\t\t\t\tRead More<span class=\"screen-reader-text\"> Marketing inmobiliario efectivo para vender tu piso r\u00e1pidamente<\/span><span class=\"kadence-svg-iconset svg-baseline\"><svg aria-hidden=\"true\" class=\"kadence-svg-icon kadence-arrow-right-alt-svg\" fill=\"currentColor\" version=\"1.1\" xmlns=\"http:\/\/www.w3.org\/2000\/svg\" width=\"27\" height=\"28\" viewbox=\"0 0 27 28\"><title>Continue<\/title><path d=\"M27 13.953c0 0.141-0.063 0.281-0.156 0.375l-6 5.531c-0.156 0.141-0.359 0.172-0.547 0.094-0.172-0.078-0.297-0.25-0.297-0.453v-3.5h-19.5c-0.281 0-0.5-0.219-0.5-0.5v-3c0-0.281 0.219-0.5 0.5-0.5h19.5v-3.5c0-0.203 0.109-0.375 0.297-0.453s0.391-0.047 0.547 0.078l6 5.469c0.094 0.094 0.156 0.219 0.156 0.359v0z\"><\/path>\n\t\t\t<\/svg><\/span>\t\t\t\t<\/a>\n\t\t\t<\/p>\n\t\t<\/div><!-- .entry-actions -->\n\t\t<\/footer><!-- .entry-footer -->\t\t<\/div>\n\t<\/article>\n<\/li>\n<li class=\"kb-post-list-item\">\n\t<article class=\"entry content-bg loop-entry post-2382 post type-post status-publish format-standard has-post-thumbnail hentry category-inmobiliaria-sabadell tag-inmobiliaria-sabadell\">\n\t\t\t\t<a aria-hidden=\"true\" tabindex=\"-1\" role=\"presentation\" class=\"post-thumbnail kadence-thumbnail-ratio-2-3\" href=\"https:\/\/www.fingracen.com\/ca\/consejos-para-inversores-inmobiliarios\/\" aria-label=\"Consejos para inversores inmobiliarios\">\n\t\t\t<div class=\"post-thumbnail-inner\">\n\t\t\t\t<img loading=\"lazy\" decoding=\"async\" width=\"768\" height=\"543\" src=\"https:\/\/www.fingracen.com\/wp-content\/uploads\/2024\/07\/inmobiliaria-sabadell-768x543.jpg\" class=\"attachment-medium_large size-medium_large wp-post-image\" alt=\"Consejos para inversores inmobiliarios\" srcset=\"https:\/\/www.fingracen.com\/wp-content\/uploads\/2024\/07\/inmobiliaria-sabadell-768x543.jpg 768w, https:\/\/www.fingracen.com\/wp-content\/uploads\/2024\/07\/inmobiliaria-sabadell-300x212.jpg 300w, https:\/\/www.fingracen.com\/wp-content\/uploads\/2024\/07\/inmobiliaria-sabadell-1024x724.jpg 1024w, https:\/\/www.fingracen.com\/wp-content\/uploads\/2024\/07\/inmobiliaria-sabadell-1536x1086.jpg 1536w, https:\/\/www.fingracen.com\/wp-content\/uploads\/2024\/07\/inmobiliaria-sabadell-18x12.jpg 18w, https:\/\/www.fingracen.com\/wp-content\/uploads\/2024\/07\/inmobiliaria-sabadell.jpg 2000w\" sizes=\"auto, (max-width: 768px) 100vw, 768px\" \/>\t\t\t<\/div>\n\t\t<\/a><!-- .post-thumbnail -->\n\t\t\t\t<div class=\"entry-content-wrap\">\n\t\t\t<header class=\"entry-header\">\n\t\t<div class=\"entry-taxonomies\">\n\t\t<span class=\"category-links term-links category-style-normal\">\n\t\t\t<a href=\"https:\/\/www.fingracen.com\/ca\/category\/inmobiliaria-sabadell\/\" class=\"category-link-inmobiliaria-sabadell\" rel=\"tag\">immobili\u00e0ria Sabadell<\/a>\t\t<\/span>\n\t<\/div><!-- .entry-taxonomies -->\n\t<h3 class=\"entry-title\"><a href=\"https:\/\/www.fingracen.com\/ca\/consejos-para-inversores-inmobiliarios\/\" rel=\"bookmark\">Consejos para inversores inmobiliarios<\/a><\/h3>\t<div class=\"entry-meta entry-meta-divider-dot\">\n\t\t\t\t<span class=\"posted-on\">\n\t\t\t\t<time class=\"entry-date published\" datetime=\"2024-06-04T09:13:00+02:00\">4 de juny de 2024<\/time><time class=\"updated\" datetime=\"2024-07-02T09:24:30+02:00\">2 de juliol de 2024<\/time>\t\t\t<\/span>\n\t\t\t\t<\/div><!-- .entry-meta -->\n\t<\/header><!-- .entry-header -->\n\t<div class=\"entry-summary\">\n\t\t<p>Estrategias de financiamiento y gesti\u00f3n de propiedades Invertir en bienes ra\u00edces puede ser una de las decisiones financieras m\u00e1s inteligentes que se pueden tomar. Sin embargo, el \u00e9xito en el&#8230;<\/p>\n\t<\/div><!-- .entry-summary -->\n\t<footer class=\"entry-footer\">\n\t\t\t<div class=\"entry-actions\">\n\t\t\t<p class=\"more-link-wrap\">\n\t\t\t\t<a href=\"https:\/\/www.fingracen.com\/ca\/consejos-para-inversores-inmobiliarios\/\" class=\"post-more-link\">\n\t\t\t\t\tRead More<span class=\"screen-reader-text\"> Consejos para inversores inmobiliarios<\/span><span class=\"kadence-svg-iconset svg-baseline\"><svg aria-hidden=\"true\" class=\"kadence-svg-icon kadence-arrow-right-alt-svg\" fill=\"currentColor\" version=\"1.1\" xmlns=\"http:\/\/www.w3.org\/2000\/svg\" width=\"27\" height=\"28\" viewbox=\"0 0 27 28\"><title>Continue<\/title><path d=\"M27 13.953c0 0.141-0.063 0.281-0.156 0.375l-6 5.531c-0.156 0.141-0.359 0.172-0.547 0.094-0.172-0.078-0.297-0.25-0.297-0.453v-3.5h-19.5c-0.281 0-0.5-0.219-0.5-0.5v-3c0-0.281 0.219-0.5 0.5-0.5h19.5v-3.5c0-0.203 0.109-0.375 0.297-0.453s0.391-0.047 0.547 0.078l6 5.469c0.094 0.094 0.156 0.219 0.156 0.359v0z\"><\/path>\n\t\t\t<\/svg><\/span>\t\t\t\t<\/a>\n\t\t\t<\/p>\n\t\t<\/div><!-- .entry-actions -->\n\t\t<\/footer><!-- .entry-footer -->\t\t<\/div>\n\t<\/article>\n<\/li>\n<li class=\"kb-post-list-item\">\n\t<article class=\"entry content-bg loop-entry post-2237 post type-post status-publish format-standard has-post-thumbnail hentry category-comprar-piso-sabadell\">\n\t\t\t\t<a aria-hidden=\"true\" tabindex=\"-1\" role=\"presentation\" class=\"post-thumbnail kadence-thumbnail-ratio-2-3\" href=\"https:\/\/www.fingracen.com\/ca\/protege-tu-vivienda-al-comprarte-un-piso-seguros-del-hogar-de-finques-gracia-centre\/\" aria-label=\"Protegeix el teu habitatge en comprar-te un pis: assegurances de la llar de Finques Gr\u00e0cia Centre\">\n\t\t\t<div class=\"post-thumbnail-inner\">\n\t\t\t\t<img loading=\"lazy\" decoding=\"async\" width=\"768\" height=\"512\" src=\"https:\/\/www.fingracen.com\/wp-content\/uploads\/2024\/05\/comprar-piso-Sabadell-1-768x512.jpg\" class=\"attachment-medium_large size-medium_large wp-post-image\" alt=\"estampa familiar de madre e hijos\" srcset=\"https:\/\/www.fingracen.com\/wp-content\/uploads\/2024\/05\/comprar-piso-Sabadell-1-768x512.jpg 768w, https:\/\/www.fingracen.com\/wp-content\/uploads\/2024\/05\/comprar-piso-Sabadell-1-300x200.jpg 300w, https:\/\/www.fingracen.com\/wp-content\/uploads\/2024\/05\/comprar-piso-Sabadell-1-18x12.jpg 18w, https:\/\/www.fingracen.com\/wp-content\/uploads\/2024\/05\/comprar-piso-Sabadell-1.jpg 900w\" sizes=\"auto, (max-width: 768px) 100vw, 768px\" \/>\t\t\t<\/div>\n\t\t<\/a><!-- .post-thumbnail -->\n\t\t\t\t<div class=\"entry-content-wrap\">\n\t\t\t<header class=\"entry-header\">\n\t\t<div class=\"entry-taxonomies\">\n\t\t<span class=\"category-links term-links category-style-normal\">\n\t\t\t<a href=\"https:\/\/www.fingracen.com\/ca\/category\/comprar-piso-sabadell\/\" class=\"category-link-comprar-piso-sabadell\" rel=\"tag\">comprar pis Sabadell<\/a>\t\t<\/span>\n\t<\/div><!-- .entry-taxonomies -->\n\t<h3 class=\"entry-title\"><a href=\"https:\/\/www.fingracen.com\/ca\/protege-tu-vivienda-al-comprarte-un-piso-seguros-del-hogar-de-finques-gracia-centre\/\" rel=\"bookmark\">Protegeix el teu habitatge en comprar-te un pis: assegurances de la llar de Finques Gr\u00e0cia Centre<\/a><\/h3>\t<div class=\"entry-meta entry-meta-divider-dot\">\n\t\t\t\t<span class=\"posted-on\">\n\t\t\t\t<time class=\"entry-date published\" datetime=\"2024-05-21T14:07:35+02:00\">21 de maig de 2024<\/time><time class=\"updated\" datetime=\"2024-05-27T10:22:58+02:00\">27 de maig de 2024<\/time>\t\t\t<\/span>\n\t\t\t\t<\/div><!-- .entry-meta -->\n\t<\/header><!-- .entry-header -->\n\t<div class=\"entry-summary\">\n\t\t<p>Cobertura integral sempre que ho necessitis Comprar pis a Sabadell \u00e9s una de les inversions m\u00e9s importants que far\u00e0s a tota la teva vida. Aix\u00f2 vol dir que a m\u00e9s\u2026<\/p>\n\t<\/div><!-- .entry-summary -->\n\t<footer class=\"entry-footer\">\n\t\t\t<div class=\"entry-actions\">\n\t\t\t<p class=\"more-link-wrap\">\n\t\t\t\t<a href=\"https:\/\/www.fingracen.com\/ca\/protege-tu-vivienda-al-comprarte-un-piso-seguros-del-hogar-de-finques-gracia-centre\/\" class=\"post-more-link\">\n\t\t\t\t\tRead More<span class=\"screen-reader-text\"> Protegeix el teu habitatge en comprar-te un pis: assegurances de la llar de Finques Gr\u00e0cia Centre<\/span><span class=\"kadence-svg-iconset svg-baseline\"><svg aria-hidden=\"true\" class=\"kadence-svg-icon kadence-arrow-right-alt-svg\" fill=\"currentColor\" version=\"1.1\" xmlns=\"http:\/\/www.w3.org\/2000\/svg\" width=\"27\" height=\"28\" viewbox=\"0 0 27 28\"><title>Continue<\/title><path d=\"M27 13.953c0 0.141-0.063 0.281-0.156 0.375l-6 5.531c-0.156 0.141-0.359 0.172-0.547 0.094-0.172-0.078-0.297-0.25-0.297-0.453v-3.5h-19.5c-0.281 0-0.5-0.219-0.5-0.5v-3c0-0.281 0.219-0.5 0.5-0.5h19.5v-3.5c0-0.203 0.109-0.375 0.297-0.453s0.391-0.047 0.547 0.078l6 5.469c0.094 0.094 0.156 0.219 0.156 0.359v0z\"><\/path>\n\t\t\t<\/svg><\/span>\t\t\t\t<\/a>\n\t\t\t<\/p>\n\t\t<\/div><!-- .entry-actions -->\n\t\t<\/footer><!-- .entry-footer -->\t\t<\/div>\n\t<\/article>\n<\/li>\n<li class=\"kb-post-list-item\">\n\t<article class=\"entry content-bg loop-entry post-2245 post type-post status-publish format-standard has-post-thumbnail hentry category-vender-piso-sabadell tag-vender-piso-sabadell\">\n\t\t\t\t<a aria-hidden=\"true\" tabindex=\"-1\" role=\"presentation\" class=\"post-thumbnail kadence-thumbnail-ratio-2-3\" href=\"https:\/\/www.fingracen.com\/ca\/gestion-de-patrimonios-como-finques-gracia-centre-puede-ayudarte-con-tus-inversiones\/\" aria-label=\"Gesti\u00f3 de Patrimonis; Com Finques Gr\u00e0cia Centre et pot ajudar amb les teves inversions?\">\n\t\t\t<div class=\"post-thumbnail-inner\">\n\t\t\t\t<img loading=\"lazy\" decoding=\"async\" width=\"768\" height=\"512\" src=\"https:\/\/www.fingracen.com\/wp-content\/uploads\/2024\/05\/vender-piso-Sabadell-3-768x512.jpg\" class=\"attachment-medium_large size-medium_large wp-post-image\" alt=\"interior de un piso\" srcset=\"https:\/\/www.fingracen.com\/wp-content\/uploads\/2024\/05\/vender-piso-Sabadell-3-768x512.jpg 768w, https:\/\/www.fingracen.com\/wp-content\/uploads\/2024\/05\/vender-piso-Sabadell-3-300x200.jpg 300w, https:\/\/www.fingracen.com\/wp-content\/uploads\/2024\/05\/vender-piso-Sabadell-3-18x12.jpg 18w, https:\/\/www.fingracen.com\/wp-content\/uploads\/2024\/05\/vender-piso-Sabadell-3.jpg 900w\" sizes=\"auto, (max-width: 768px) 100vw, 768px\" \/>\t\t\t<\/div>\n\t\t<\/a><!-- .post-thumbnail -->\n\t\t\t\t<div class=\"entry-content-wrap\">\n\t\t\t<header class=\"entry-header\">\n\t\t<div class=\"entry-taxonomies\">\n\t\t<span class=\"category-links term-links category-style-normal\">\n\t\t\t<a href=\"https:\/\/www.fingracen.com\/ca\/category\/vender-piso-sabadell\/\" class=\"category-link-vender-piso-sabadell\" rel=\"tag\">vendre pis Sabadell<\/a>\t\t<\/span>\n\t<\/div><!-- .entry-taxonomies -->\n\t<h3 class=\"entry-title\"><a href=\"https:\/\/www.fingracen.com\/ca\/gestion-de-patrimonios-como-finques-gracia-centre-puede-ayudarte-con-tus-inversiones\/\" rel=\"bookmark\">Gesti\u00f3 de Patrimonis; Com Finques Gr\u00e0cia Centre et pot ajudar amb les teves inversions?<\/a><\/h3>\t<div class=\"entry-meta entry-meta-divider-dot\">\n\t\t\t\t<span class=\"posted-on\">\n\t\t\t\t<time class=\"entry-date published\" datetime=\"2024-05-17T14:16:58+02:00\">17 de maig de 2024<\/time><time class=\"updated\" datetime=\"2024-05-27T10:13:54+02:00\">27 de maig de 2024<\/time>\t\t\t<\/span>\n\t\t\t\t<\/div><!-- .entry-meta -->\n\t<\/header><!-- .entry-header -->\n\t<div class=\"entry-summary\">\n\t\t<p>Optimitza el teu patrimoni amb els nostres serveis especialitzats Vendre el teu pis a Sabadell \u00e9s una part essencial de la gesti\u00f3 de patrimonis, especialment quan es busca maximitzar el rendiment dels\u2026<\/p>\n\t<\/div><!-- .entry-summary -->\n\t<footer class=\"entry-footer\">\n\t\t\t<div class=\"entry-actions\">\n\t\t\t<p class=\"more-link-wrap\">\n\t\t\t\t<a href=\"https:\/\/www.fingracen.com\/ca\/gestion-de-patrimonios-como-finques-gracia-centre-puede-ayudarte-con-tus-inversiones\/\" class=\"post-more-link\">\n\t\t\t\t\tRead More<span class=\"screen-reader-text\"> Gesti\u00f3 de Patrimonis; Com Finques Gr\u00e0cia Centre et pot ajudar amb les teves inversions?<\/span><span class=\"kadence-svg-iconset svg-baseline\"><svg aria-hidden=\"true\" class=\"kadence-svg-icon kadence-arrow-right-alt-svg\" fill=\"currentColor\" version=\"1.1\" xmlns=\"http:\/\/www.w3.org\/2000\/svg\" width=\"27\" height=\"28\" viewbox=\"0 0 27 28\"><title>Continue<\/title><path d=\"M27 13.953c0 0.141-0.063 0.281-0.156 0.375l-6 5.531c-0.156 0.141-0.359 0.172-0.547 0.094-0.172-0.078-0.297-0.25-0.297-0.453v-3.5h-19.5c-0.281 0-0.5-0.219-0.5-0.5v-3c0-0.281 0.219-0.5 0.5-0.5h19.5v-3.5c0-0.203 0.109-0.375 0.297-0.453s0.391-0.047 0.547 0.078l6 5.469c0.094 0.094 0.156 0.219 0.156 0.359v0z\"><\/path>\n\t\t\t<\/svg><\/span>\t\t\t\t<\/a>\n\t\t\t<\/p>\n\t\t<\/div><!-- .entry-actions -->\n\t\t<\/footer><!-- .entry-footer -->\t\t<\/div>\n\t<\/article>\n<\/li>\n<li class=\"kb-post-list-item\">\n\t<article class=\"entry content-bg loop-entry post-2243 post type-post status-publish format-standard has-post-thumbnail hentry category-uncategorized\">\n\t\t\t\t<a aria-hidden=\"true\" tabindex=\"-1\" role=\"presentation\" class=\"post-thumbnail kadence-thumbnail-ratio-2-3\" href=\"https:\/\/www.fingracen.com\/ca\/necesitas-cambiar-de-lugar-de-residencia-preparacion-para-una-mudanza-exitosa\/\" aria-label=\"Necessites canviar de lloc de resid\u00e8ncia? Preparaci\u00f3 per a una mudan\u00e7a amb \u00e8xit\">\n\t\t\t<div class=\"post-thumbnail-inner\">\n\t\t\t\t<img loading=\"lazy\" decoding=\"async\" width=\"768\" height=\"512\" src=\"https:\/\/www.fingracen.com\/wp-content\/uploads\/2024\/04\/agencia-inmobiliaria-Sabadell-1-768x512.jpg\" class=\"attachment-medium_large size-medium_large wp-post-image\" alt=\"pareja feliz en su nueva casa\" srcset=\"https:\/\/www.fingracen.com\/wp-content\/uploads\/2024\/04\/agencia-inmobiliaria-Sabadell-1-768x512.jpg 768w, https:\/\/www.fingracen.com\/wp-content\/uploads\/2024\/04\/agencia-inmobiliaria-Sabadell-1-300x200.jpg 300w, https:\/\/www.fingracen.com\/wp-content\/uploads\/2024\/04\/agencia-inmobiliaria-Sabadell-1.jpg 900w\" sizes=\"auto, (max-width: 768px) 100vw, 768px\" \/>\t\t\t<\/div>\n\t\t<\/a><!-- .post-thumbnail -->\n\t\t\t\t<div class=\"entry-content-wrap\">\n\t\t\t<header class=\"entry-header\">\n\t\t<div class=\"entry-taxonomies\">\n\t\t<span class=\"category-links term-links category-style-normal\">\n\t\t\t<a href=\"https:\/\/www.fingracen.com\/ca\/category\/uncategorized\/\" class=\"category-link-uncategorized\" rel=\"tag\">Uncategorized<\/a>\t\t<\/span>\n\t<\/div><!-- .entry-taxonomies -->\n\t<h3 class=\"entry-title\"><a href=\"https:\/\/www.fingracen.com\/ca\/necesitas-cambiar-de-lugar-de-residencia-preparacion-para-una-mudanza-exitosa\/\" rel=\"bookmark\">Necessites canviar de lloc de resid\u00e8ncia? Preparaci\u00f3 per a una mudan\u00e7a amb \u00e8xit<\/a><\/h3>\t<div class=\"entry-meta entry-meta-divider-dot\">\n\t\t\t\t<span class=\"posted-on\">\n\t\t\t\t<time class=\"entry-date published\" datetime=\"2024-05-15T14:12:14+02:00\">15 de maig de 2024<\/time><time class=\"updated\" datetime=\"2024-05-27T10:24:39+02:00\">27 de maig de 2024<\/time>\t\t\t<\/span>\n\t\t\t\t<\/div><!-- .entry-meta -->\n\t<\/header><!-- .entry-header -->\n\t<div class=\"entry-summary\">\n\t\t<p>Consells de Finques Gracia Centre; la teva immobili\u00e0ria de confian\u00e7a al centre de Sabadell El moment de mudar-se a un nou habitatge pot ser emocionant per\u00f2 tamb\u00e9 desafiant. Des de la nostra\u2026<\/p>\n\t<\/div><!-- .entry-summary -->\n\t<footer class=\"entry-footer\">\n\t\t\t<div class=\"entry-actions\">\n\t\t\t<p class=\"more-link-wrap\">\n\t\t\t\t<a href=\"https:\/\/www.fingracen.com\/ca\/necesitas-cambiar-de-lugar-de-residencia-preparacion-para-una-mudanza-exitosa\/\" class=\"post-more-link\">\n\t\t\t\t\tRead More<span class=\"screen-reader-text\"> Necessites canviar de lloc de resid\u00e8ncia? Preparaci\u00f3 per a una mudan\u00e7a amb \u00e8xit<\/span><span class=\"kadence-svg-iconset svg-baseline\"><svg aria-hidden=\"true\" class=\"kadence-svg-icon kadence-arrow-right-alt-svg\" fill=\"currentColor\" version=\"1.1\" xmlns=\"http:\/\/www.w3.org\/2000\/svg\" width=\"27\" height=\"28\" viewbox=\"0 0 27 28\"><title>Continue<\/title><path d=\"M27 13.953c0 0.141-0.063 0.281-0.156 0.375l-6 5.531c-0.156 0.141-0.359 0.172-0.547 0.094-0.172-0.078-0.297-0.25-0.297-0.453v-3.5h-19.5c-0.281 0-0.5-0.219-0.5-0.5v-3c0-0.281 0.219-0.5 0.5-0.5h19.5v-3.5c0-0.203 0.109-0.375 0.297-0.453s0.391-0.047 0.547 0.078l6 5.469c0.094 0.094 0.156 0.219 0.156 0.359v0z\"><\/path>\n\t\t\t<\/svg><\/span>\t\t\t\t<\/a>\n\t\t\t<\/p>\n\t\t<\/div><!-- .entry-actions -->\n\t\t<\/footer><!-- .entry-footer -->\t\t<\/div>\n\t<\/article>\n<\/li>\n<li class=\"kb-post-list-item\">\n\t<article class=\"entry content-bg loop-entry post-2240 post type-post status-publish format-standard has-post-thumbnail hentry category-alquiler-piso-sabadell tag-alquiler-piso-sabadell\">\n\t\t\t\t<a aria-hidden=\"true\" tabindex=\"-1\" role=\"presentation\" class=\"post-thumbnail kadence-thumbnail-ratio-2-3\" href=\"https:\/\/www.fingracen.com\/ca\/como-preparar-y-limpiar-un-piso-de-alquiler-para-atraer-a-los-interesados-durante-la-visita\/\" aria-label=\"Com preparar i netejar un pis de lloguer per atraure els interessats durant la visita?\">\n\t\t\t<div class=\"post-thumbnail-inner\">\n\t\t\t\t<img loading=\"lazy\" decoding=\"async\" width=\"768\" height=\"512\" src=\"https:\/\/www.fingracen.com\/wp-content\/uploads\/2024\/05\/alquiler-piso-Sabadell-1-768x512.jpg\" class=\"attachment-medium_large size-medium_large wp-post-image\" alt=\"estancia acogedora\" srcset=\"https:\/\/www.fingracen.com\/wp-content\/uploads\/2024\/05\/alquiler-piso-Sabadell-1-768x512.jpg 768w, https:\/\/www.fingracen.com\/wp-content\/uploads\/2024\/05\/alquiler-piso-Sabadell-1-300x200.jpg 300w, https:\/\/www.fingracen.com\/wp-content\/uploads\/2024\/05\/alquiler-piso-Sabadell-1-18x12.jpg 18w, https:\/\/www.fingracen.com\/wp-content\/uploads\/2024\/05\/alquiler-piso-Sabadell-1.jpg 900w\" sizes=\"auto, (max-width: 768px) 100vw, 768px\" \/>\t\t\t<\/div>\n\t\t<\/a><!-- .post-thumbnail -->\n\t\t\t\t<div class=\"entry-content-wrap\">\n\t\t\t<header class=\"entry-header\">\n\t\t<div class=\"entry-taxonomies\">\n\t\t<span class=\"category-links term-links category-style-normal\">\n\t\t\t<a href=\"https:\/\/www.fingracen.com\/ca\/category\/alquiler-piso-sabadell\/\" class=\"category-link-alquiler-piso-sabadell\" rel=\"tag\">lloguer pis Sabadell<\/a>\t\t<\/span>\n\t<\/div><!-- .entry-taxonomies -->\n\t<h3 class=\"entry-title\"><a href=\"https:\/\/www.fingracen.com\/ca\/como-preparar-y-limpiar-un-piso-de-alquiler-para-atraer-a-los-interesados-durante-la-visita\/\" rel=\"bookmark\">Com preparar i netejar un pis de lloguer per atraure els interessats durant la visita?<\/a><\/h3>\t<div class=\"entry-meta entry-meta-divider-dot\">\n\t\t\t\t<span class=\"posted-on\">\n\t\t\t\t<time class=\"entry-date published\" datetime=\"2024-05-08T14:09:08+02:00\">8 de maig de 2024<\/time><time class=\"updated\" datetime=\"2024-05-27T10:06:06+02:00\">27 de maig de 2024<\/time>\t\t\t<\/span>\n\t\t\t\t<\/div><!-- .entry-meta -->\n\t<\/header><!-- .entry-header -->\n\t<div class=\"entry-summary\">\n\t\t<p>Finques Gr\u00e0cia Centre; experts en la gesti\u00f3 de lloguer de pisos A Finques Gracia Centre, no nom\u00e9s t&#039;ajudem a trobar i llogar el teu pis ideal, sin\u00f3 que tamb\u00e9 et\u2026<\/p>\n\t<\/div><!-- .entry-summary -->\n\t<footer class=\"entry-footer\">\n\t\t\t<div class=\"entry-actions\">\n\t\t\t<p class=\"more-link-wrap\">\n\t\t\t\t<a href=\"https:\/\/www.fingracen.com\/ca\/como-preparar-y-limpiar-un-piso-de-alquiler-para-atraer-a-los-interesados-durante-la-visita\/\" class=\"post-more-link\">\n\t\t\t\t\tRead More<span class=\"screen-reader-text\"> Com preparar i netejar un pis de lloguer per atraure els interessats durant la visita?<\/span><span class=\"kadence-svg-iconset svg-baseline\"><svg aria-hidden=\"true\" class=\"kadence-svg-icon kadence-arrow-right-alt-svg\" fill=\"currentColor\" version=\"1.1\" xmlns=\"http:\/\/www.w3.org\/2000\/svg\" width=\"27\" height=\"28\" viewbox=\"0 0 27 28\"><title>Continue<\/title><path d=\"M27 13.953c0 0.141-0.063 0.281-0.156 0.375l-6 5.531c-0.156 0.141-0.359 0.172-0.547 0.094-0.172-0.078-0.297-0.25-0.297-0.453v-3.5h-19.5c-0.281 0-0.5-0.219-0.5-0.5v-3c0-0.281 0.219-0.5 0.5-0.5h19.5v-3.5c0-0.203 0.109-0.375 0.297-0.453s0.391-0.047 0.547 0.078l6 5.469c0.094 0.094 0.156 0.219 0.156 0.359v0z\"><\/path>\n\t\t\t<\/svg><\/span>\t\t\t\t<\/a>\n\t\t\t<\/p>\n\t\t<\/div><!-- .entry-actions -->\n\t\t<\/footer><!-- .entry-footer -->\t\t<\/div>\n\t<\/article>\n<\/li>\n<li class=\"kb-post-list-item\">\n\t<article class=\"entry content-bg loop-entry post-2167 post type-post status-publish format-standard has-post-thumbnail hentry category-inmobiliaria-sabadell category-agencia-inmobiliaria-sabadell tag-inmobiliaria-sabadell\">\n\t\t\t\t<a aria-hidden=\"true\" tabindex=\"-1\" role=\"presentation\" class=\"post-thumbnail kadence-thumbnail-ratio-2-3\" href=\"https:\/\/www.fingracen.com\/ca\/gestion-integral-de-comunidades-en-sabadell-con-finques-gracia-centre\/\" aria-label=\"Gesti\u00f3 integral de comunitats a Sabadell amb Finques Gr\u00e0cia Centre\">\n\t\t\t<div class=\"post-thumbnail-inner\">\n\t\t\t\t<img loading=\"lazy\" decoding=\"async\" width=\"768\" height=\"512\" src=\"https:\/\/www.fingracen.com\/wp-content\/uploads\/2024\/04\/inmobiliaria-Sabadell-1-768x512.jpg\" class=\"attachment-medium_large size-medium_large wp-post-image\" alt=\"mujer sonriente\" srcset=\"https:\/\/www.fingracen.com\/wp-content\/uploads\/2024\/04\/inmobiliaria-Sabadell-1-768x512.jpg 768w, https:\/\/www.fingracen.com\/wp-content\/uploads\/2024\/04\/inmobiliaria-Sabadell-1-300x200.jpg 300w, https:\/\/www.fingracen.com\/wp-content\/uploads\/2024\/04\/inmobiliaria-Sabadell-1.jpg 900w\" sizes=\"auto, (max-width: 768px) 100vw, 768px\" \/>\t\t\t<\/div>\n\t\t<\/a><!-- .post-thumbnail -->\n\t\t\t\t<div class=\"entry-content-wrap\">\n\t\t\t<header class=\"entry-header\">\n\t\t<div class=\"entry-taxonomies\">\n\t\t<span class=\"category-links term-links category-style-normal\">\n\t\t\t<a href=\"https:\/\/www.fingracen.com\/ca\/category\/inmobiliaria-sabadell\/\" class=\"category-link-inmobiliaria-sabadell\" rel=\"tag\">immobili\u00e0ria Sabadell<\/a> | <a href=\"https:\/\/www.fingracen.com\/ca\/category\/agencia-inmobiliaria-sabadell\/\" class=\"category-link-agencia-inmobiliaria-sabadell\" rel=\"tag\">ag\u00e8ncia immobili\u00e0ria Sabadell<\/a>\t\t<\/span>\n\t<\/div><!-- .entry-taxonomies -->\n\t<h3 class=\"entry-title\"><a href=\"https:\/\/www.fingracen.com\/ca\/gestion-integral-de-comunidades-en-sabadell-con-finques-gracia-centre\/\" rel=\"bookmark\">Gesti\u00f3 integral de comunitats a Sabadell amb Finques Gr\u00e0cia Centre<\/a><\/h3>\t<div class=\"entry-meta entry-meta-divider-dot\">\n\t\t\t\t<span class=\"posted-on\">\n\t\t\t\t<time class=\"entry-date published\" datetime=\"2024-04-17T22:00:00+02:00\">17 d&#039;abril del 2024<\/time><time class=\"updated\" datetime=\"2024-05-27T10:17:27+02:00\">27 de maig de 2024<\/time>\t\t\t<\/span>\n\t\t\t\t<\/div><!-- .entry-meta -->\n\t<\/header><!-- .entry-header -->\n\t<div class=\"entry-summary\">\n\t\t<p>Solucions Professionals per a la vostra Comunitat Des de la nostra immobili\u00e0ria a Sabadell, realitzem des de la gesti\u00f3 de cobraments i pagaments fins a l&#039;organitzaci\u00f3 de juntes i la resoluci\u00f3 d&#039;incid\u00e8ncies. Podem ajudar-te\u2026<\/p>\n\t<\/div><!-- .entry-summary -->\n\t<footer class=\"entry-footer\">\n\t\t\t<div class=\"entry-actions\">\n\t\t\t<p class=\"more-link-wrap\">\n\t\t\t\t<a href=\"https:\/\/www.fingracen.com\/ca\/gestion-integral-de-comunidades-en-sabadell-con-finques-gracia-centre\/\" class=\"post-more-link\">\n\t\t\t\t\tRead More<span class=\"screen-reader-text\"> Gesti\u00f3 integral de comunitats a Sabadell amb Finques Gr\u00e0cia Centre<\/span><span class=\"kadence-svg-iconset svg-baseline\"><svg aria-hidden=\"true\" class=\"kadence-svg-icon kadence-arrow-right-alt-svg\" fill=\"currentColor\" version=\"1.1\" xmlns=\"http:\/\/www.w3.org\/2000\/svg\" width=\"27\" height=\"28\" viewbox=\"0 0 27 28\"><title>Continue<\/title><path d=\"M27 13.953c0 0.141-0.063 0.281-0.156 0.375l-6 5.531c-0.156 0.141-0.359 0.172-0.547 0.094-0.172-0.078-0.297-0.25-0.297-0.453v-3.5h-19.5c-0.281 0-0.5-0.219-0.5-0.5v-3c0-0.281 0.219-0.5 0.5-0.5h19.5v-3.5c0-0.203 0.109-0.375 0.297-0.453s0.391-0.047 0.547 0.078l6 5.469c0.094 0.094 0.156 0.219 0.156 0.359v0z\"><\/path>\n\t\t\t<\/svg><\/span>\t\t\t\t<\/a>\n\t\t\t<\/p>\n\t\t<\/div><!-- .entry-actions -->\n\t\t<\/footer><!-- .entry-footer -->\t\t<\/div>\n\t<\/article>\n<\/li>\n<li class=\"kb-post-list-item\">\n\t<article class=\"entry content-bg loop-entry post-2159 post type-post status-publish format-standard has-post-thumbnail hentry category-agencia-inmobiliaria-sabadell tag-agencia-inmobiliaria-sabadell\">\n\t\t\t\t<a aria-hidden=\"true\" tabindex=\"-1\" role=\"presentation\" class=\"post-thumbnail kadence-thumbnail-ratio-2-3\" href=\"https:\/\/www.fingracen.com\/ca\/estas-buscando-piso-en-sabadell-elige-una-agencia-inmobiliaria-especializada\/\" aria-label=\"Est\u00e0s buscant pis a Sabadell? Tria una ag\u00e8ncia immobili\u00e0ria especialitzada\">\n\t\t\t<div class=\"post-thumbnail-inner\">\n\t\t\t\t<img loading=\"lazy\" decoding=\"async\" width=\"768\" height=\"512\" src=\"https:\/\/www.fingracen.com\/wp-content\/uploads\/2024\/04\/agencia-inmobiliaria-Sabadell-4-768x512.jpg\" class=\"attachment-medium_large size-medium_large wp-post-image\" alt=\"pareja mirando planos de una casa\" srcset=\"https:\/\/www.fingracen.com\/wp-content\/uploads\/2024\/04\/agencia-inmobiliaria-Sabadell-4-768x512.jpg 768w, https:\/\/www.fingracen.com\/wp-content\/uploads\/2024\/04\/agencia-inmobiliaria-Sabadell-4-300x200.jpg 300w, https:\/\/www.fingracen.com\/wp-content\/uploads\/2024\/04\/agencia-inmobiliaria-Sabadell-4.jpg 900w\" sizes=\"auto, (max-width: 768px) 100vw, 768px\" \/>\t\t\t<\/div>\n\t\t<\/a><!-- .post-thumbnail -->\n\t\t\t\t<div class=\"entry-content-wrap\">\n\t\t\t<header class=\"entry-header\">\n\t\t<div class=\"entry-taxonomies\">\n\t\t<span class=\"category-links term-links category-style-normal\">\n\t\t\t<a href=\"https:\/\/www.fingracen.com\/ca\/category\/agencia-inmobiliaria-sabadell\/\" class=\"category-link-agencia-inmobiliaria-sabadell\" rel=\"tag\">ag\u00e8ncia immobili\u00e0ria Sabadell<\/a>\t\t<\/span>\n\t<\/div><!-- .entry-taxonomies -->\n\t<h3 class=\"entry-title\"><a href=\"https:\/\/www.fingracen.com\/ca\/estas-buscando-piso-en-sabadell-elige-una-agencia-inmobiliaria-especializada\/\" rel=\"bookmark\">Est\u00e0s buscant pis a Sabadell? Tria una ag\u00e8ncia immobili\u00e0ria especialitzada<\/a><\/h3>\t<div class=\"entry-meta entry-meta-divider-dot\">\n\t\t\t\t<span class=\"posted-on\">\n\t\t\t\t<time class=\"entry-date published\" datetime=\"2024-04-05T13:45:25+02:00\">5 d&#039;abril del 2024<\/time><time class=\"updated\" datetime=\"2024-05-27T10:20:36+02:00\">27 de maig de 2024<\/time>\t\t\t<\/span>\n\t\t\t\t<\/div><!-- .entry-meta -->\n\t<\/header><!-- .entry-header -->\n\t<div class=\"entry-summary\">\n\t\t<p>Enfocament local: Sabadell com a epicentre Immobiliari Sabadell \u00e9s una ciutat en constant creixement que emergeix com un centre vibrant al mercat immobiliari de la regi\u00f3. En aquest context, la nostra\u2026<\/p>\n\t<\/div><!-- .entry-summary -->\n\t<footer class=\"entry-footer\">\n\t\t\t<div class=\"entry-actions\">\n\t\t\t<p class=\"more-link-wrap\">\n\t\t\t\t<a href=\"https:\/\/www.fingracen.com\/ca\/estas-buscando-piso-en-sabadell-elige-una-agencia-inmobiliaria-especializada\/\" class=\"post-more-link\">\n\t\t\t\t\tRead More<span class=\"screen-reader-text\"> Est\u00e0s buscant pis a Sabadell? Tria una ag\u00e8ncia immobili\u00e0ria especialitzada<\/span><span class=\"kadence-svg-iconset svg-baseline\"><svg aria-hidden=\"true\" class=\"kadence-svg-icon kadence-arrow-right-alt-svg\" fill=\"currentColor\" version=\"1.1\" xmlns=\"http:\/\/www.w3.org\/2000\/svg\" width=\"27\" height=\"28\" viewbox=\"0 0 27 28\"><title>Continue<\/title><path d=\"M27 13.953c0 0.141-0.063 0.281-0.156 0.375l-6 5.531c-0.156 0.141-0.359 0.172-0.547 0.094-0.172-0.078-0.297-0.25-0.297-0.453v-3.5h-19.5c-0.281 0-0.5-0.219-0.5-0.5v-3c0-0.281 0.219-0.5 0.5-0.5h19.5v-3.5c0-0.203 0.109-0.375 0.297-0.453s0.391-0.047 0.547 0.078l6 5.469c0.094 0.094 0.156 0.219 0.156 0.359v0z\"><\/path>\n\t\t\t<\/svg><\/span>\t\t\t\t<\/a>\n\t\t\t<\/p>\n\t\t<\/div><!-- .entry-actions -->\n\t\t<\/footer><!-- .entry-footer -->\t\t<\/div>\n\t<\/article>\n<\/li>\n<li class=\"kb-post-list-item\">\n\t<article class=\"entry content-bg loop-entry post-2151 post type-post status-publish format-standard has-post-thumbnail hentry category-uncategorized\">\n\t\t\t\t<a aria-hidden=\"true\" tabindex=\"-1\" role=\"presentation\" class=\"post-thumbnail kadence-thumbnail-ratio-2-3\" href=\"https:\/\/www.fingracen.com\/ca\/ventajas-de-comprar-un-piso-en-sabadell\/\" aria-label=\"Avantatges de comprar un pis a Sabadell\">\n\t\t\t<div class=\"post-thumbnail-inner\">\n\t\t\t\t<img loading=\"lazy\" decoding=\"async\" width=\"768\" height=\"512\" src=\"https:\/\/www.fingracen.com\/wp-content\/uploads\/2024\/04\/comprar-piso-Sabadell-3-768x512.jpg\" class=\"attachment-medium_large size-medium_large wp-post-image\" alt=\"familia mira por la ventana des de su nueva casa\" srcset=\"https:\/\/www.fingracen.com\/wp-content\/uploads\/2024\/04\/comprar-piso-Sabadell-3-768x512.jpg 768w, https:\/\/www.fingracen.com\/wp-content\/uploads\/2024\/04\/comprar-piso-Sabadell-3-300x200.jpg 300w, https:\/\/www.fingracen.com\/wp-content\/uploads\/2024\/04\/comprar-piso-Sabadell-3.jpg 900w\" sizes=\"auto, (max-width: 768px) 100vw, 768px\" \/>\t\t\t<\/div>\n\t\t<\/a><!-- .post-thumbnail -->\n\t\t\t\t<div class=\"entry-content-wrap\">\n\t\t\t<header class=\"entry-header\">\n\t\t<div class=\"entry-taxonomies\">\n\t\t<span class=\"category-links term-links category-style-normal\">\n\t\t\t<a href=\"https:\/\/www.fingracen.com\/ca\/category\/uncategorized\/\" class=\"category-link-uncategorized\" rel=\"tag\">Uncategorized<\/a>\t\t<\/span>\n\t<\/div><!-- .entry-taxonomies -->\n\t<h3 class=\"entry-title\"><a href=\"https:\/\/www.fingracen.com\/ca\/ventajas-de-comprar-un-piso-en-sabadell\/\" rel=\"bookmark\">Avantatges de comprar un pis a Sabadell<\/a><\/h3>\t<div class=\"entry-meta entry-meta-divider-dot\">\n\t\t\t\t<span class=\"posted-on\">\n\t\t\t\t<time class=\"entry-date published\" datetime=\"2024-04-04T11:30:55+02:00\">4 d&#039;abril del 2024<\/time><time class=\"updated\" datetime=\"2024-05-27T10:22:15+02:00\">27 de maig de 2024<\/time>\t\t\t<\/span>\n\t\t\t\t<\/div><!-- .entry-meta -->\n\t<\/header><!-- .entry-header -->\n\t<div class=\"entry-summary\">\n\t\t<p>Gaudeix de zones residencials perfectes per a fam\u00edlies Si est\u00e0s pensant en comprar un pis a Sabadell i vols apostar per una zona residencial que et permeti tenir un acc\u00e9s f\u00e0cil\u2026<\/p>\n\t<\/div><!-- .entry-summary -->\n\t<footer class=\"entry-footer\">\n\t\t\t<div class=\"entry-actions\">\n\t\t\t<p class=\"more-link-wrap\">\n\t\t\t\t<a href=\"https:\/\/www.fingracen.com\/ca\/ventajas-de-comprar-un-piso-en-sabadell\/\" class=\"post-more-link\">\n\t\t\t\t\tRead More<span class=\"screen-reader-text\"> Avantatges de comprar un pis a Sabadell<\/span><span class=\"kadence-svg-iconset svg-baseline\"><svg aria-hidden=\"true\" class=\"kadence-svg-icon kadence-arrow-right-alt-svg\" fill=\"currentColor\" version=\"1.1\" xmlns=\"http:\/\/www.w3.org\/2000\/svg\" width=\"27\" height=\"28\" viewbox=\"0 0 27 28\"><title>Continue<\/title><path d=\"M27 13.953c0 0.141-0.063 0.281-0.156 0.375l-6 5.531c-0.156 0.141-0.359 0.172-0.547 0.094-0.172-0.078-0.297-0.25-0.297-0.453v-3.5h-19.5c-0.281 0-0.5-0.219-0.5-0.5v-3c0-0.281 0.219-0.5 0.5-0.5h19.5v-3.5c0-0.203 0.109-0.375 0.297-0.453s0.391-0.047 0.547 0.078l6 5.469c0.094 0.094 0.156 0.219 0.156 0.359v0z\"><\/path>\n\t\t\t<\/svg><\/span>\t\t\t\t<\/a>\n\t\t\t<\/p>\n\t\t<\/div><!-- .entry-actions -->\n\t\t<\/footer><!-- .entry-footer -->\t\t<\/div>\n\t<\/article>\n<\/li>\n<\/ul>","protected":false},"excerpt":{"rendered":"","protected":false},"author":2,"featured_media":0,"parent":0,"menu_order":30,"comment_status":"closed","ping_status":"closed","template":"","meta":{"_kad_blocks_custom_css":"","_kad_blocks_head_custom_js":"","_kad_blocks_body_custom_js":"","_kad_blocks_footer_custom_js":"","_kadence_starter_templates_imported_post":false,"_kad_post_transparent":"","_kad_post_title":"","_kad_post_layout":"","_kad_post_sidebar_id":"","_kad_post_content_style":"","_kad_post_vertical_padding":"","_kad_post_feature":"","_kad_post_feature_position":"","_kad_post_header":false,"_kad_post_footer":false,"_kad_post_classname":"","footnotes":""},"class_list":["post-45","page","type-page","status-publish","hentry"],"yoast_head":"<!-- This site is optimized with the Yoast SEO plugin v27.5 - https:\/\/yoast.com\/product\/yoast-seo-wordpress\/ -->\n<title>Blog - FINGRACEN<\/title>\n<meta name=\"robots\" content=\"index, follow, max-snippet:-1, max-image-preview:large, max-video-preview:-1\" \/>\n<link rel=\"canonical\" href=\"https:\/\/www.fingracen.com\/ca\/blog\/\" \/>\n<meta property=\"og:locale\" content=\"ca_ES\" \/>\n<meta property=\"og:type\" content=\"article\" \/>\n<meta property=\"og:title\" content=\"Blog - FINGRACEN\" \/>\n<meta property=\"og:url\" content=\"https:\/\/www.fingracen.com\/ca\/blog\/\" \/>\n<meta property=\"og:site_name\" content=\"FINGRACEN\" \/>\n<meta property=\"article:modified_time\" content=\"2024-05-27T07:30:08+00:00\" \/>\n<meta name=\"twitter:card\" content=\"summary_large_image\" \/>\n<script type=\"application\/ld+json\" class=\"yoast-schema-graph\">{\"@context\":\"https:\\\/\\\/schema.org\",\"@graph\":[{\"@type\":\"WebPage\",\"@id\":\"https:\\\/\\\/www.fingracen.com\\\/blog\\\/\",\"url\":\"https:\\\/\\\/www.fingracen.com\\\/blog\\\/\",\"name\":\"Blog - FINGRACEN\",\"isPartOf\":{\"@id\":\"https:\\\/\\\/www.fingracen.com\\\/#website\"},\"datePublished\":\"2023-12-22T09:21:41+00:00\",\"dateModified\":\"2024-05-27T07:30:08+00:00\",\"breadcrumb\":{\"@id\":\"https:\\\/\\\/www.fingracen.com\\\/blog\\\/#breadcrumb\"},\"inLanguage\":\"ca\",\"potentialAction\":[{\"@type\":\"ReadAction\",\"target\":[\"https:\\\/\\\/www.fingracen.com\\\/blog\\\/\"]}]},{\"@type\":\"BreadcrumbList\",\"@id\":\"https:\\\/\\\/www.fingracen.com\\\/blog\\\/#breadcrumb\",\"itemListElement\":[{\"@type\":\"ListItem\",\"position\":1,\"name\":\"Portada\",\"item\":\"https:\\\/\\\/www.fingracen.com\\\/\"},{\"@type\":\"ListItem\",\"position\":2,\"name\":\"Blog\"}]},{\"@type\":\"WebSite\",\"@id\":\"https:\\\/\\\/www.fingracen.com\\\/#website\",\"url\":\"https:\\\/\\\/www.fingracen.com\\\/\",\"name\":\"FINGRACEN\",\"description\":\"Pisos en Sabadell | Inmobiliarias Sabadell\",\"publisher\":{\"@id\":\"https:\\\/\\\/www.fingracen.com\\\/#organization\"},\"potentialAction\":[{\"@type\":\"SearchAction\",\"target\":{\"@type\":\"EntryPoint\",\"urlTemplate\":\"https:\\\/\\\/www.fingracen.com\\\/?s={search_term_string}\"},\"query-input\":{\"@type\":\"PropertyValueSpecification\",\"valueRequired\":true,\"valueName\":\"search_term_string\"}}],\"inLanguage\":\"ca\"},{\"@type\":\"Organization\",\"@id\":\"https:\\\/\\\/www.fingracen.com\\\/#organization\",\"name\":\"FINGRACEN\",\"url\":\"https:\\\/\\\/www.fingracen.com\\\/\",\"logo\":{\"@type\":\"ImageObject\",\"inLanguage\":\"ca\",\"@id\":\"https:\\\/\\\/www.fingracen.com\\\/#\\\/schema\\\/logo\\\/image\\\/\",\"url\":\"https:\\\/\\\/www.fingracen.com\\\/wp-content\\\/uploads\\\/2024\\\/03\\\/LOGO-en-Blanco-1-1.png\",\"contentUrl\":\"https:\\\/\\\/www.fingracen.com\\\/wp-content\\\/uploads\\\/2024\\\/03\\\/LOGO-en-Blanco-1-1.png\",\"width\":6000,\"height\":3375,\"caption\":\"FINGRACEN\"},\"image\":{\"@id\":\"https:\\\/\\\/www.fingracen.com\\\/#\\\/schema\\\/logo\\\/image\\\/\"}}]}<\/script>\n<!-- \/ Yoast SEO plugin. -->","yoast_head_json":{"title":"Blog - FINGRACEN","robots":{"index":"index","follow":"follow","max-snippet":"max-snippet:-1","max-image-preview":"max-image-preview:large","max-video-preview":"max-video-preview:-1"},"canonical":"https:\/\/www.fingracen.com\/ca\/blog\/","og_locale":"ca_ES","og_type":"article","og_title":"Blog - FINGRACEN","og_url":"https:\/\/www.fingracen.com\/ca\/blog\/","og_site_name":"FINGRACEN","article_modified_time":"2024-05-27T07:30:08+00:00","twitter_card":"summary_large_image","schema":{"@context":"https:\/\/schema.org","@graph":[{"@type":"WebPage","@id":"https:\/\/www.fingracen.com\/blog\/","url":"https:\/\/www.fingracen.com\/blog\/","name":"Blog - FINGRACEN","isPartOf":{"@id":"https:\/\/www.fingracen.com\/#website"},"datePublished":"2023-12-22T09:21:41+00:00","dateModified":"2024-05-27T07:30:08+00:00","breadcrumb":{"@id":"https:\/\/www.fingracen.com\/blog\/#breadcrumb"},"inLanguage":"ca","potentialAction":[{"@type":"ReadAction","target":["https:\/\/www.fingracen.com\/blog\/"]}]},{"@type":"BreadcrumbList","@id":"https:\/\/www.fingracen.com\/blog\/#breadcrumb","itemListElement":[{"@type":"ListItem","position":1,"name":"Portada","item":"https:\/\/www.fingracen.com\/"},{"@type":"ListItem","position":2,"name":"Blog"}]},{"@type":"WebSite","@id":"https:\/\/www.fingracen.com\/#website","url":"https:\/\/www.fingracen.com\/","name":"FINGRACEN","description":"Pisos en Sabadell | Inmobiliarias Sabadell","publisher":{"@id":"https:\/\/www.fingracen.com\/#organization"},"potentialAction":[{"@type":"SearchAction","target":{"@type":"EntryPoint","urlTemplate":"https:\/\/www.fingracen.com\/?s={search_term_string}"},"query-input":{"@type":"PropertyValueSpecification","valueRequired":true,"valueName":"search_term_string"}}],"inLanguage":"ca"},{"@type":"Organization","@id":"https:\/\/www.fingracen.com\/#organization","name":"FINGRACEN","url":"https:\/\/www.fingracen.com\/","logo":{"@type":"ImageObject","inLanguage":"ca","@id":"https:\/\/www.fingracen.com\/#\/schema\/logo\/image\/","url":"https:\/\/www.fingracen.com\/wp-content\/uploads\/2024\/03\/LOGO-en-Blanco-1-1.png","contentUrl":"https:\/\/www.fingracen.com\/wp-content\/uploads\/2024\/03\/LOGO-en-Blanco-1-1.png","width":6000,"height":3375,"caption":"FINGRACEN"},"image":{"@id":"https:\/\/www.fingracen.com\/#\/schema\/logo\/image\/"}}]}},"taxonomy_info":[],"featured_image_src_large":false,"author_info":{"display_name":"soporte","author_link":"https:\/\/www.fingracen.com\/ca\/author\/soporte\/"},"comment_info":0,"_links":{"self":[{"href":"https:\/\/www.fingracen.com\/ca\/wp-json\/wp\/v2\/pages\/45","targetHints":{"allow":["GET"]}}],"collection":[{"href":"https:\/\/www.fingracen.com\/ca\/wp-json\/wp\/v2\/pages"}],"about":[{"href":"https:\/\/www.fingracen.com\/ca\/wp-json\/wp\/v2\/types\/page"}],"author":[{"embeddable":true,"href":"https:\/\/www.fingracen.com\/ca\/wp-json\/wp\/v2\/users\/2"}],"replies":[{"embeddable":true,"href":"https:\/\/www.fingracen.com\/ca\/wp-json\/wp\/v2\/comments?post=45"}],"version-history":[{"count":2,"href":"https:\/\/www.fingracen.com\/ca\/wp-json\/wp\/v2\/pages\/45\/revisions"}],"predecessor-version":[{"id":2253,"href":"https:\/\/www.fingracen.com\/ca\/wp-json\/wp\/v2\/pages\/45\/revisions\/2253"}],"wp:attachment":[{"href":"https:\/\/www.fingracen.com\/ca\/wp-json\/wp\/v2\/media?parent=45"}],"curies":[{"name":"wp","href":"https:\/\/api.w.org\/{rel}","templated":true}]}}